{"id":2,"date":"2020-12-15T21:52:52","date_gmt":"2020-12-15T21:52:52","guid":{"rendered":"https:\/\/hello.uniurb.it\/?page_id=2"},"modified":"2024-04-22T12:42:54","modified_gmt":"2024-04-22T12:42:54","slug":"universita-aperta-universita-di-urbino-carlo-bo","status":"publish","type":"page","link":"https:\/\/hello.uniurb.it\/openday\/universita-aperta-universita-di-urbino-carlo-bo\/","title":{"rendered":"Benvenuti"},"content":{"rendered":"<p>[et_pb_section fb_built=&#8221;1&#8243; fullwidth=&#8221;on&#8221; _builder_version=&#8221;4.17.2&#8243; _module_preset=&#8221;default&#8221; background_enable_color=&#8221;off&#8221; background_image=&#8221;https:\/\/hello.uniurb.it\/openday\/wp-content\/uploads\/2022\/04\/woman-with-digital-tablet-at-home-2021-09-01-21-15-03-utc-3.jpg&#8221; height=&#8221;600px&#8221; height_tablet=&#8221;400px&#8221; height_phone=&#8221;240px&#8221; height_last_edited=&#8221;on|phone&#8221; max_height_tablet=&#8221;&#8221; max_height_phone=&#8221;&#8221; max_height_last_edited=&#8221;on|desktop&#8221; global_colors_info=&#8221;{}&#8221;][et_pb_fullwidth_image src=&#8221;https:\/\/hello.uniurb.it\/openday\/wp-content\/uploads\/2022\/04\/openday-uniurb.png&#8221; alt=&#8221;Open Day Uniurb &#8211; Universit\u00e0 degli Studi di Urbino Carlo Bo&#8221; title_text=&#8221;Open Day Uniurb &#8211; Universit\u00e0 degli Studi di Urbino Carlo Bo&#8221; _builder_version=&#8221;4.16&#8243; _module_preset=&#8221;default&#8221; width=&#8221;65%&#8221; width_tablet=&#8221;60%&#8221; width_phone=&#8221;80%&#8221; width_last_edited=&#8221;on|phone&#8221; max_width_tablet=&#8221;&#8221; max_width_phone=&#8221;90%&#8221; max_width_last_edited=&#8221;on|tablet&#8221; module_alignment=&#8221;center&#8221; custom_padding=&#8221;270px||270px||true|false&#8221; custom_padding_tablet=&#8221;180px||180px||true|false&#8221; custom_padding_phone=&#8221;120px||||false|false&#8221; custom_padding_last_edited=&#8221;on|phone&#8221; global_colors_info=&#8221;{}&#8221;][\/et_pb_fullwidth_image][\/et_pb_section][et_pb_section fb_built=&#8221;1&#8243; _builder_version=&#8221;4.16&#8243; _module_preset=&#8221;default&#8221; global_colors_info=&#8221;{}&#8221;][et_pb_row _builder_version=&#8221;4.16&#8243; _module_preset=&#8221;default&#8221; global_colors_info=&#8221;{}&#8221;][et_pb_column type=&#8221;4_4&#8243; _builder_version=&#8221;4.16&#8243; _module_preset=&#8221;default&#8221; global_colors_info=&#8221;{}&#8221;][et_pb_text _builder_version=&#8221;4.16&#8243; _module_preset=&#8221;default&#8221; text_font_size=&#8221;1.3em&#8221; text_line_height=&#8221;1.2em&#8221; custom_margin=&#8221;||3px|||&#8221; text_font_size_tablet=&#8221;1.2em&#8221; text_font_size_phone=&#8221;1.1em&#8221; text_font_size_last_edited=&#8221;on|phone&#8221; global_colors_info=&#8221;{}&#8221;]<\/p>\n<h1>Benvenuti in Uniurb!<\/h1>\n<p>&nbsp;<\/p>\n<p>[\/et_pb_text][et_pb_text _builder_version=&#8221;4.17.2&#8243; _module_preset=&#8221;default&#8221; text_font_size=&#8221;1.3em&#8221; text_line_height=&#8221;1.2em&#8221; text_font_size_tablet=&#8221;1.2em&#8221; text_font_size_phone=&#8221;1.1em&#8221; text_font_size_last_edited=&#8221;on|phone&#8221; global_colors_info=&#8221;{}&#8221;]<\/p>\n<p>L\u2019Universit\u00e0 degli Studi di Urbino Carlo Bo nasce nel 1506. Una tradizione che <strong>per i suoi 14.800 studenti<\/strong> oggi si esprime in <strong>15 corsi di laurea triennali<\/strong>, <strong>16 corsi magistrali<\/strong>, <strong>5 a ciclo unico<\/strong>, <strong>11 centri di ricerca<\/strong>, <strong>22 corsi di specializzazione e alta formazione<\/strong>, <strong>8 master universitari<\/strong> di primo livello e <strong>5 di secondo livello<\/strong>, <strong>10 summer e winter school<\/strong>.<\/p>\n<p>Sono <strong>6 i dipartimenti<\/strong> e <strong>13 le scuole<\/strong>. I numeri pongono poi l\u2019accento sulla qualit\u00e0 dei servizi.<\/p>\n<p>Urbino dispone infatti di <strong>oltre<\/strong> <strong>3.300 posti letto inseriti nei collegi universitari<\/strong> e quasi <strong>duemila borse di studio erogate<\/strong>. Sono 592 le iniziative di public engagement, 7 gli spin off attivi, 38 gli accordi e i progetti di cooperazione con Universit\u00e0 internazionali.<\/p>\n<p>Il centro storico della citt\u00e0, dove prendono vita le attivit\u00e0 accademiche, riserva all\u2019Ateneo quasi 90.000 metri quadrati di patrimonio immobiliare, spazi che consentiranno il rientro in sicurezza di studenti e studentesse in una citt\u00e0 che dal 1998 \u00e8 Patrimonio Mondiale dell\u2019Unesco.<\/p>\n<p>[\/et_pb_text][\/et_pb_column][\/et_pb_row][\/et_pb_section][et_pb_section fb_built=&#8221;1&#8243; _builder_version=&#8221;4.16&#8243; _module_preset=&#8221;default&#8221; background_color=&#8221;#005092&#8243; global_colors_info=&#8221;{}&#8221;][et_pb_row _builder_version=&#8221;4.16&#8243; _module_preset=&#8221;default&#8221; global_colors_info=&#8221;{}&#8221;][et_pb_column type=&#8221;4_4&#8243; _builder_version=&#8221;4.16&#8243; _module_preset=&#8221;default&#8221; global_colors_info=&#8221;{}&#8221;][et_pb_text _builder_version=&#8221;4.16&#8243; _module_preset=&#8221;default&#8221; text_font_size=&#8221;1.3em&#8221; text_line_height=&#8221;1.2em&#8221; background_layout=&#8221;dark&#8221; custom_margin=&#8221;||1px||false|false&#8221; text_font_size_tablet=&#8221;1.2em&#8221; text_font_size_phone=&#8221;1em&#8221; text_font_size_last_edited=&#8221;on|phone&#8221; global_colors_info=&#8221;{}&#8221;]<\/p>\n<h1>Open day 2023<\/h1>\n<p>&nbsp;<\/p>\n<p>[\/et_pb_text][et_pb_text _builder_version=&#8221;4.17.2&#8243; _module_preset=&#8221;default&#8221; text_font_size=&#8221;1.3em&#8221; text_line_height=&#8221;1.2em&#8221; background_layout=&#8221;dark&#8221; custom_margin=&#8221;||3px||false|false&#8221; text_font_size_tablet=&#8221;1.2em&#8221; text_font_size_phone=&#8221;1em&#8221; text_font_size_last_edited=&#8221;on|phone&#8221; global_colors_info=&#8221;{}&#8221;]<\/p>\n<p>L&#8217;Open Day dell&#8217;Universit\u00e0 di Urbino <strong>rappresenta un&#8217;opportunit\u00e0 imperdibile per conoscere da vicino l&#8217;offerta formativa dell&#8217;ateneo<\/strong> e per incontrare i docenti e i tutor dei vari corsi di laurea. Durante l&#8217;evento, avrai la possibilit\u00e0 di <strong>approfondire le informazioni sui programmi accademici, i servizi offerti dall&#8217;universit\u00e0<\/strong> e di esplorare le strutture e i laboratori dell&#8217;ateneo.<\/p>\n<p>Scegliere un corso di laurea \u00e8 una decisione di grande importanza che implica <strong>un impegno significativo per il futuro lavorativo e sociale<\/strong>. Partecipare all&#8217;Open Day ti aiuter\u00e0 a <strong>valutare attentamente le tue scelte<\/strong> e a fare una scelta consapevole.<\/p>\n<p>Non perdere l&#8217;opportunit\u00e0 di partecipare all&#8217;Open Day dell&#8217;Universit\u00e0 di Urbino e di <strong>incontrare i docenti e i tutor dei corsi<\/strong>. Ti aspettiamo per fornirti tutte le informazioni necessarie per il tuo futuro accademico e professionale.<\/p>\n<p>[\/et_pb_text][\/et_pb_column][\/et_pb_row][\/et_pb_section][et_pb_section fb_built=&#8221;1&#8243; specialty=&#8221;on&#8221; admin_label=&#8221;Timeline&#8221; _builder_version=&#8221;4.16&#8243; background_color=&#8221;#efefef&#8221; global_colors_info=&#8221;{}&#8221;][et_pb_column type=&#8221;1_3&#8243; _builder_version=&#8221;4.16&#8243; custom_padding=&#8221;|||&#8221; global_colors_info=&#8221;{}&#8221; custom_padding__hover=&#8221;|||&#8221;][et_pb_text _builder_version=&#8221;4.16&#8243; text_font=&#8221;Montserrat|600|||||||&#8221; text_line_height=&#8221;1.8em&#8221; header_font=&#8221;Montserrat|700||on|||||&#8221; header_2_font=&#8221;Montserrat|500||on|||||&#8221; header_2_font_size=&#8221;80px&#8221; header_4_font=&#8221;Montserrat|600|||||||&#8221; header_4_text_color=&#8221;#005092&#8243; header_4_line_height=&#8221;1.4em&#8221; header_2_font_size_tablet=&#8221;60px&#8221; header_2_font_size_phone=&#8221;35px&#8221; header_2_font_size_last_edited=&#8221;on|phone&#8221; header_4_font_size_tablet=&#8221;20px&#8221; header_4_font_size_phone=&#8221;14px&#8221; header_4_font_size_last_edited=&#8221;on|phone&#8221; locked=&#8221;off&#8221; global_colors_info=&#8221;{}&#8221;]<\/p>\n<h1><strong>Lauree<\/strong><\/1><\/p>\n<h3>Triennali<\/3>[\/et_pb_text][\/et_pb_column][et_pb_column type=&#8221;2_3&#8243; specialty_columns=&#8221;2&#8243; _builder_version=&#8221;4.16&#8243; custom_padding=&#8221;|||&#8221; global_colors_info=&#8221;{}&#8221; custom_padding__hover=&#8221;|||&#8221;][et_pb_row_inner column_structure=&#8221;1_2,1_2&#8243; _builder_version=&#8221;4.17.2&#8243; custom_padding=&#8221;|||30px|false|false&#8221; border_color_all=&#8221;#005092&#8243; border_width_left=&#8221;2px&#8221; global_colors_info=&#8221;{}&#8221;][et_pb_column_inner type=&#8221;1_2&#8243; saved_specialty_column_type=&#8221;2_3&#8243; _builder_version=&#8221;4.16&#8243; global_colors_info=&#8221;{}&#8221;][et_pb_blurb title=&#8221;20 aprile 2023 ore 15:00&#8243; use_icon=&#8221;on&#8221; font_icon=&#8221;&#x5e;||divi||400&#8243; icon_color=&#8221;#005092&#8243; icon_placement=&#8221;left&#8221; image_icon_width=&#8221;40px&#8221; content_max_width=&#8221;100%&#8221; _builder_version=&#8221;4.17.2&#8243; header_level=&#8221;h5&#8243; header_font=&#8221;Montserrat|800||on|||||&#8221; header_text_align=&#8221;left&#8221; header_text_color=&#8221;#005092&#8243; header_line_height=&#8221;1.4em&#8221; body_font=&#8221;Montserrat|700|||||||&#8221; body_text_align=&#8221;left&#8221; body_text_color=&#8221;#000000&#8243; body_font_size=&#8221;18px&#8221; body_line_height=&#8221;1.4em&#8221; custom_margin=&#8221;|||-51px|false|false&#8221; body_font_size_tablet=&#8221;18px&#8221; body_font_size_phone=&#8221;16px&#8221; body_font_size_last_edited=&#8221;on|desktop&#8221; icon_font_size=&#8221;40px&#8221; locked=&#8221;off&#8221; global_colors_info=&#8221;{}&#8221;]<\/p>\n<p><span data-sheets-value=\"{&quot;1&quot;:2,&quot;2&quot;:&quot;Informatica \u2013 Scienza e Tecnologia (L-31)&quot;}\" data-sheets-userformat=\"{&quot;2&quot;:513,&quot;3&quot;:{&quot;1&quot;:0},&quot;12&quot;:0}\">Informatica \u2013 Scienza e Tecnologia (L-31)<\/span><\/p>\n<p>[\/et_pb_blurb][et_pb_button button_url=&#8221;https:\/\/uniurb-it.zoom.us\/webinar\/register\/WN_EB71xJFxTZ25UX9TAIFV9g&#8221; url_new_window=&#8221;on&#8221; button_text=&#8221;ISCRIVITI AL WEBINAR&#8221; disabled_on=&#8221;on|on|on&#8221; _builder_version=&#8221;4.17.2&#8243; _module_preset=&#8221;default&#8221; custom_button=&#8221;on&#8221; button_text_size=&#8221;16px&#8221; button_text_color=&#8221;#005092&#8243; button_border_width=&#8221;2px&#8221; button_border_radius=&#8221;10px&#8221; disabled=&#8221;on&#8221; global_colors_info=&#8221;{}&#8221;][\/et_pb_button][et_pb_button button_url=&#8221;https:\/\/uniurb-it.zoom.us\/rec\/share\/PdtD2GSuyLmMXQ6_nmPX-ZBslKU00lw_rYdp079vkpb0rY_6GtMnvkFJPW-UwFYg.zFaWswdBX0GJq08n&#8221; url_new_window=&#8221;on&#8221; button_text=&#8221;GUARDA IL WEBINAR&#8221; _builder_version=&#8221;4.17.2&#8243; _module_preset=&#8221;default&#8221; custom_button=&#8221;on&#8221; button_text_size=&#8221;16px&#8221; button_text_color=&#8221;#005092&#8243; button_border_width=&#8221;2px&#8221; button_border_radius=&#8221;10px&#8221; global_colors_info=&#8221;{}&#8221;][\/et_pb_button][\/et_pb_column_inner][et_pb_column_inner type=&#8221;1_2&#8243; saved_specialty_column_type=&#8221;2_3&#8243; _builder_version=&#8221;4.16&#8243; global_colors_info=&#8221;{}&#8221;][et_pb_text _builder_version=&#8221;4.16&#8243; text_font=&#8221;Montserrat|600|||||||&#8221; text_line_height=&#8221;1.6em&#8221; locked=&#8221;off&#8221; global_colors_info=&#8221;{}&#8221;]<\/p>\n<p><span>All&#8217;Open Day dell&#8217;Universit\u00e0 di Urbino potrai partecipare a videochat con i docenti e tutor dei corsi per<strong> fare domande e ottenere risposte personalizzate sui programmi accademici<\/strong>. Non perdere questa opportunit\u00e0!<\/span><\/p>\n<p>[\/et_pb_text][\/et_pb_column_inner][\/et_pb_row_inner][et_pb_row_inner column_structure=&#8221;1_2,1_2&#8243; _builder_version=&#8221;4.17.2&#8243; custom_padding=&#8221;|||30px|false|false&#8221; border_color_all=&#8221;#005092&#8243; border_width_left=&#8221;2px&#8221; global_colors_info=&#8221;{}&#8221;][et_pb_column_inner type=&#8221;1_2&#8243; saved_specialty_column_type=&#8221;2_3&#8243; _builder_version=&#8221;4.16&#8243; global_colors_info=&#8221;{}&#8221;][et_pb_blurb title=&#8221;8 maggio 2023 ore 15:00&#8243; use_icon=&#8221;on&#8221; font_icon=&#8221;&#x5e;||divi||400&#8243; icon_color=&#8221;#005092&#8243; icon_placement=&#8221;left&#8221; image_icon_width=&#8221;40px&#8221; content_max_width=&#8221;100%&#8221; _builder_version=&#8221;4.17.2&#8243; header_level=&#8221;h5&#8243; header_font=&#8221;Montserrat|800||on|||||&#8221; header_text_align=&#8221;left&#8221; header_text_color=&#8221;#005092&#8243; header_line_height=&#8221;1.4em&#8221; body_font=&#8221;Montserrat|700|||||||&#8221; body_text_align=&#8221;left&#8221; body_text_color=&#8221;#000000&#8243; body_font_size=&#8221;18px&#8221; body_line_height=&#8221;1.4em&#8221; custom_margin=&#8221;|||-51px|false|false&#8221; body_font_size_tablet=&#8221;18px&#8221; body_font_size_phone=&#8221;16px&#8221; body_font_size_last_edited=&#8221;on|desktop&#8221; icon_font_size=&#8221;40px&#8221; locked=&#8221;off&#8221; global_colors_info=&#8221;{}&#8221;]<\/p>\n<p>Geologia per la Sostenibilit\u00e0 ambientale (L-34)<\/p>\n<p>[\/et_pb_blurb][et_pb_button button_url=&#8221;https:\/\/uniurb-it.zoom.us\/webinar\/register\/WN_I0Z7-djyQWO565s1O0E9LA&#8221; url_new_window=&#8221;on&#8221; button_text=&#8221;ISCRIVITI IL WEBINAR&#8221; disabled_on=&#8221;on|on|on&#8221; _builder_version=&#8221;4.17.2&#8243; _module_preset=&#8221;default&#8221; custom_button=&#8221;on&#8221; button_text_size=&#8221;16px&#8221; button_text_color=&#8221;#005092&#8243; button_border_width=&#8221;2px&#8221; button_border_radius=&#8221;10px&#8221; disabled=&#8221;on&#8221; global_colors_info=&#8221;{}&#8221;][\/et_pb_button][et_pb_button button_url=&#8221;https:\/\/uniurb-it.zoom.us\/rec\/share\/cF2E0bU-40JM9J2km1ViGoF7lDPVt4NNLbjqWivhBPFdUY1VKZjAp91-9w1ajQV1.yyvbM3arLF5YGLCZ&#8221; url_new_window=&#8221;on&#8221; button_text=&#8221;GUARDA IL WEBINAR&#8221; _builder_version=&#8221;4.17.2&#8243; _module_preset=&#8221;default&#8221; custom_button=&#8221;on&#8221; button_text_size=&#8221;16px&#8221; button_text_color=&#8221;#005092&#8243; button_border_width=&#8221;2px&#8221; button_border_radius=&#8221;10px&#8221; global_colors_info=&#8221;{}&#8221;][\/et_pb_button][\/et_pb_column_inner][et_pb_column_inner type=&#8221;1_2&#8243; saved_specialty_column_type=&#8221;2_3&#8243; _builder_version=&#8221;4.16&#8243; global_colors_info=&#8221;{}&#8221;][et_pb_text _builder_version=&#8221;4.17.2&#8243; text_font=&#8221;Montserrat|600|||||||&#8221; text_line_height=&#8221;1.6em&#8221; locked=&#8221;off&#8221; global_colors_info=&#8221;{}&#8221;]<\/p>\n<p><span>All&#8217;Open Day dell&#8217;Universit\u00e0 di Urbino potrai partecipare a videochat con i docenti e tutor dei corsi per<strong> fare domande e ottenere risposte personalizzate sui programmi accademici<\/strong>. Non perdere questa opportunit\u00e0!<\/span><\/p>\n<p>[\/et_pb_text][\/et_pb_column_inner][\/et_pb_row_inner][et_pb_row_inner column_structure=&#8221;1_2,1_2&#8243; _builder_version=&#8221;4.16&#8243; custom_padding=&#8221;|||30px|false|false&#8221; border_color_all=&#8221;#005092&#8243; border_width_left=&#8221;2px&#8221; global_colors_info=&#8221;{}&#8221;][et_pb_column_inner type=&#8221;1_2&#8243; saved_specialty_column_type=&#8221;2_3&#8243; _builder_version=&#8221;4.16&#8243; global_colors_info=&#8221;{}&#8221;][et_pb_blurb title=&#8221;10 maggio 2023 ore 15:00&#8243; use_icon=&#8221;on&#8221; font_icon=&#8221;&#x5e;||divi||400&#8243; icon_color=&#8221;#005092&#8243; icon_placement=&#8221;left&#8221; image_icon_width=&#8221;40px&#8221; content_max_width=&#8221;100%&#8221; _builder_version=&#8221;4.17.2&#8243; header_level=&#8221;h5&#8243; header_font=&#8221;Montserrat|800||on|||||&#8221; header_text_align=&#8221;left&#8221; header_text_color=&#8221;#005092&#8243; header_line_height=&#8221;1.4em&#8221; body_font=&#8221;Montserrat|700|||||||&#8221; body_text_align=&#8221;left&#8221; body_text_color=&#8221;#000000&#8243; body_font_size=&#8221;18px&#8221; body_line_height=&#8221;1.4em&#8221; custom_margin=&#8221;|||-51px|false|false&#8221; body_font_size_tablet=&#8221;18px&#8221; body_font_size_phone=&#8221;16px&#8221; body_font_size_last_edited=&#8221;on|desktop&#8221; icon_font_size=&#8221;40px&#8221; locked=&#8221;off&#8221; global_colors_info=&#8221;{}&#8221;]<\/p>\n<p><span data-sheets-value=\"{&quot;1&quot;:2,&quot;2&quot;:&quot;Biotecnologie (L-2)&quot;}\" data-sheets-userformat=\"{&quot;2&quot;:513,&quot;3&quot;:{&quot;1&quot;:0},&quot;12&quot;:0}\">Biotecnologie (L-2)<\/span><\/p>\n<p>[\/et_pb_blurb][et_pb_button button_url=&#8221;https:\/\/uniurb-it.zoom.us\/webinar\/register\/WN_pn8jxjZuTHe7QtaSMCt-uQ&#8221; url_new_window=&#8221;on&#8221; button_text=&#8221;ISCRIVITI IL WEBINAR&#8221; disabled_on=&#8221;on|on|on&#8221; _builder_version=&#8221;4.17.2&#8243; _module_preset=&#8221;default&#8221; custom_button=&#8221;on&#8221; button_text_size=&#8221;16px&#8221; button_text_color=&#8221;#005092&#8243; button_border_width=&#8221;2px&#8221; button_border_radius=&#8221;10px&#8221; disabled=&#8221;on&#8221; global_colors_info=&#8221;{}&#8221;][\/et_pb_button][et_pb_button button_url=&#8221;https:\/\/uniurb-it.zoom.us\/rec\/share\/6frZk59Q1Q9Ux1clT_sushkkVUT8NPknCzl3uM3nefwqNomBntcPoF8PplIWgNsJ.pweA0Hfk1vkEw3mQ&#8221; url_new_window=&#8221;on&#8221; button_text=&#8221;GUARDA IL WEBINAR&#8221; _builder_version=&#8221;4.17.2&#8243; _module_preset=&#8221;default&#8221; custom_button=&#8221;on&#8221; button_text_size=&#8221;16px&#8221; button_text_color=&#8221;#005092&#8243; button_border_width=&#8221;2px&#8221; button_border_radius=&#8221;10px&#8221; global_colors_info=&#8221;{}&#8221;][\/et_pb_button][\/et_pb_column_inner][et_pb_column_inner type=&#8221;1_2&#8243; saved_specialty_column_type=&#8221;2_3&#8243; _builder_version=&#8221;4.16&#8243; global_colors_info=&#8221;{}&#8221;][et_pb_text _builder_version=&#8221;4.17.2&#8243; text_font=&#8221;Montserrat|600|||||||&#8221; text_line_height=&#8221;1.6em&#8221; locked=&#8221;off&#8221; global_colors_info=&#8221;{}&#8221;]<\/p>\n<p><span>All&#8217;Open Day dell&#8217;Universit\u00e0 di Urbino potrai partecipare a videochat con i docenti e tutor dei corsi per<strong> fare domande e ottenere risposte personalizzate sui programmi accademici<\/strong>. Non perdere questa opportunit\u00e0!<\/span><\/p>\n<p>[\/et_pb_text][\/et_pb_column_inner][\/et_pb_row_inner][et_pb_row_inner column_structure=&#8221;1_2,1_2&#8243; _builder_version=&#8221;4.16&#8243; custom_padding=&#8221;|||30px|false|false&#8221; border_color_all=&#8221;#005092&#8243; border_width_left=&#8221;2px&#8221; global_colors_info=&#8221;{}&#8221;][et_pb_column_inner type=&#8221;1_2&#8243; saved_specialty_column_type=&#8221;2_3&#8243; _builder_version=&#8221;4.16&#8243; global_colors_info=&#8221;{}&#8221;][et_pb_blurb title=&#8221;16 maggio 2023 ore 15:00&#8243; use_icon=&#8221;on&#8221; font_icon=&#8221;&#x5e;||divi||400&#8243; icon_color=&#8221;#005092&#8243; icon_placement=&#8221;left&#8221; image_icon_width=&#8221;40px&#8221; content_max_width=&#8221;100%&#8221; _builder_version=&#8221;4.17.2&#8243; header_level=&#8221;h5&#8243; header_font=&#8221;Montserrat|800||on|||||&#8221; header_text_align=&#8221;left&#8221; header_text_color=&#8221;#005092&#8243; header_line_height=&#8221;1.4em&#8221; body_font=&#8221;Montserrat|700|||||||&#8221; body_text_align=&#8221;left&#8221; body_text_color=&#8221;#000000&#8243; body_font_size=&#8221;18px&#8221; body_line_height=&#8221;1.4em&#8221; custom_margin=&#8221;|||-51px|false|false&#8221; body_font_size_tablet=&#8221;18px&#8221; body_font_size_phone=&#8221;16px&#8221; body_font_size_last_edited=&#8221;on|desktop&#8221; icon_font_size=&#8221;40px&#8221; locked=&#8221;off&#8221; global_colors_info=&#8221;{}&#8221;]<\/p>\n<p><span data-sheets-value=\"{&quot;1&quot;:2,&quot;2&quot;:&quot;Scienze Biologiche (L-13)&quot;}\" data-sheets-userformat=\"{&quot;2&quot;:513,&quot;3&quot;:{&quot;1&quot;:0},&quot;12&quot;:0}\">Scienze Biologiche (L-13)<\/span><\/p>\n<p>[\/et_pb_blurb][et_pb_button button_url=&#8221;https:\/\/uniurb-it.zoom.us\/webinar\/register\/WN_BT5zzZz5QL6k87EmcUZc4w&#8221; url_new_window=&#8221;on&#8221; button_text=&#8221;ISCRIVITI IL WEBINAR&#8221; disabled_on=&#8221;on|on|on&#8221; _builder_version=&#8221;4.17.2&#8243; _module_preset=&#8221;default&#8221; custom_button=&#8221;on&#8221; button_text_size=&#8221;16px&#8221; button_text_color=&#8221;#005092&#8243; button_border_width=&#8221;2px&#8221; button_border_radius=&#8221;10px&#8221; disabled=&#8221;on&#8221; global_colors_info=&#8221;{}&#8221;][\/et_pb_button][et_pb_button button_url=&#8221;https:\/\/uniurb-it.zoom.us\/rec\/share\/eAI1-fewtdtD-keb8cwwZxS4lRrspinAl-npwyrTNtHxziLTBrPicfxSjAfk4e9Y.nPqBdCmSxg5R0Wx4&#8243; url_new_window=&#8221;on&#8221; button_text=&#8221;GUARDA IL WEBINAR&#8221; _builder_version=&#8221;4.17.2&#8243; _module_preset=&#8221;default&#8221; custom_button=&#8221;on&#8221; button_text_size=&#8221;16px&#8221; button_text_color=&#8221;#005092&#8243; button_border_width=&#8221;2px&#8221; button_border_radius=&#8221;10px&#8221; global_colors_info=&#8221;{}&#8221;][\/et_pb_button][\/et_pb_column_inner][et_pb_column_inner type=&#8221;1_2&#8243; saved_specialty_column_type=&#8221;2_3&#8243; _builder_version=&#8221;4.16&#8243; global_colors_info=&#8221;{}&#8221;][et_pb_text _builder_version=&#8221;4.17.2&#8243; text_font=&#8221;Montserrat|600|||||||&#8221; text_line_height=&#8221;1.6em&#8221; locked=&#8221;off&#8221; global_colors_info=&#8221;{}&#8221;]<\/p>\n<p><span>All&#8217;Open Day dell&#8217;Universit\u00e0 di Urbino potrai partecipare a videochat con i docenti e tutor dei corsi per<strong> fare domande e ottenere risposte personalizzate sui programmi accademici<\/strong>. Non perdere questa opportunit\u00e0!<\/span><\/p>\n<p>[\/et_pb_text][\/et_pb_column_inner][\/et_pb_row_inner][et_pb_row_inner column_structure=&#8221;1_2,1_2&#8243; _builder_version=&#8221;4.16&#8243; custom_padding=&#8221;|||30px|false|false&#8221; border_color_all=&#8221;#005092&#8243; border_width_left=&#8221;2px&#8221; global_colors_info=&#8221;{}&#8221;][et_pb_column_inner type=&#8221;1_2&#8243; saved_specialty_column_type=&#8221;2_3&#8243; _builder_version=&#8221;4.16&#8243; global_colors_info=&#8221;{}&#8221;][et_pb_blurb title=&#8221;17 maggio 2023 ore 15:00&#8243; use_icon=&#8221;on&#8221; font_icon=&#8221;&#x5e;||divi||400&#8243; icon_color=&#8221;#005092&#8243; icon_placement=&#8221;left&#8221; image_icon_width=&#8221;40px&#8221; content_max_width=&#8221;100%&#8221; _builder_version=&#8221;4.17.2&#8243; header_level=&#8221;h5&#8243; header_font=&#8221;Montserrat|800||on|||||&#8221; header_text_align=&#8221;left&#8221; header_text_color=&#8221;#005092&#8243; header_line_height=&#8221;1.4em&#8221; body_font=&#8221;Montserrat|700|||||||&#8221; body_text_align=&#8221;left&#8221; body_text_color=&#8221;#000000&#8243; body_font_size=&#8221;18px&#8221; body_line_height=&#8221;1.4em&#8221; custom_margin=&#8221;|||-51px|false|false&#8221; body_font_size_tablet=&#8221;18px&#8221; body_font_size_phone=&#8221;16px&#8221; body_font_size_last_edited=&#8221;on|desktop&#8221; icon_font_size=&#8221;40px&#8221; locked=&#8221;off&#8221; global_colors_info=&#8221;{}&#8221;]<\/p>\n<p><span data-sheets-value=\"{&quot;1&quot;:2,&quot;2&quot;:&quot;Scienze Politiche, Economiche e del Governo (L-36)&quot;}\" data-sheets-userformat=\"{&quot;2&quot;:513,&quot;3&quot;:{&quot;1&quot;:0},&quot;12&quot;:0}\">Scienze Politiche, Economiche e del Governo (L-36)<\/span><\/p>\n<p>[\/et_pb_blurb][et_pb_button button_url=&#8221;https:\/\/uniurb-it.zoom.us\/webinar\/register\/WN_FLwsm1URQBK6BRYrc2nAOQ&#8221; url_new_window=&#8221;on&#8221; button_text=&#8221;ISCRIVITI IL WEBINAR&#8221; disabled_on=&#8221;on|on|on&#8221; _builder_version=&#8221;4.17.2&#8243; _module_preset=&#8221;default&#8221; custom_button=&#8221;on&#8221; button_text_size=&#8221;16px&#8221; button_text_color=&#8221;#005092&#8243; button_border_width=&#8221;2px&#8221; button_border_radius=&#8221;10px&#8221; disabled=&#8221;on&#8221; global_colors_info=&#8221;{}&#8221;][\/et_pb_button][et_pb_button button_url=&#8221;https:\/\/uniurb-it.zoom.us\/rec\/share\/S3lieOo0n3F0PFABLGQGA0clPNZuMT0G1dwIuYEAQcfDZcTn8OW4f0uL65Xk-lUK.7fObxfh8srHCRkbb&#8221; url_new_window=&#8221;on&#8221; button_text=&#8221;GUARDA IL WEBINAR&#8221; _builder_version=&#8221;4.17.2&#8243; _module_preset=&#8221;default&#8221; custom_button=&#8221;on&#8221; button_text_size=&#8221;16px&#8221; button_text_color=&#8221;#005092&#8243; button_border_width=&#8221;2px&#8221; button_border_radius=&#8221;10px&#8221; global_colors_info=&#8221;{}&#8221;][\/et_pb_button][\/et_pb_column_inner][et_pb_column_inner type=&#8221;1_2&#8243; saved_specialty_column_type=&#8221;2_3&#8243; _builder_version=&#8221;4.16&#8243; global_colors_info=&#8221;{}&#8221;][et_pb_text _builder_version=&#8221;4.17.2&#8243; text_font=&#8221;Montserrat|600|||||||&#8221; text_line_height=&#8221;1.6em&#8221; locked=&#8221;off&#8221; global_colors_info=&#8221;{}&#8221;]<\/p>\n<p><span>All&#8217;Open Day dell&#8217;Universit\u00e0 di Urbino potrai partecipare a videochat con i docenti e tutor dei corsi per<strong> fare domande e ottenere risposte personalizzate sui programmi accademici<\/strong>. Non perdere questa opportunit\u00e0!<\/span><\/p>\n<p>[\/et_pb_text][\/et_pb_column_inner][\/et_pb_row_inner][et_pb_row_inner column_structure=&#8221;1_2,1_2&#8243; _builder_version=&#8221;4.17.2&#8243; custom_padding=&#8221;|||30px|false|false&#8221; border_color_all=&#8221;#005092&#8243; border_width_left=&#8221;2px&#8221; global_colors_info=&#8221;{}&#8221;][et_pb_column_inner type=&#8221;1_2&#8243; saved_specialty_column_type=&#8221;2_3&#8243; _builder_version=&#8221;4.16&#8243; global_colors_info=&#8221;{}&#8221;][et_pb_blurb title=&#8221;22 maggio 2023 ore 15:00&#8243; use_icon=&#8221;on&#8221; font_icon=&#8221;&#x5e;||divi||400&#8243; icon_color=&#8221;#005092&#8243; icon_placement=&#8221;left&#8221; image_icon_width=&#8221;40px&#8221; content_max_width=&#8221;100%&#8221; _builder_version=&#8221;4.17.2&#8243; header_level=&#8221;h5&#8243; header_font=&#8221;Montserrat|800||on|||||&#8221; header_text_align=&#8221;left&#8221; header_text_color=&#8221;#005092&#8243; header_line_height=&#8221;1.4em&#8221; body_font=&#8221;Montserrat|700|||||||&#8221; body_text_align=&#8221;left&#8221; body_text_color=&#8221;#000000&#8243; body_font_size=&#8221;18px&#8221; body_line_height=&#8221;1.4em&#8221; custom_margin=&#8221;|||-51px|false|false&#8221; body_font_size_tablet=&#8221;18px&#8221; body_font_size_phone=&#8221;16px&#8221; body_font_size_last_edited=&#8221;on|desktop&#8221; icon_font_size=&#8221;40px&#8221; locked=&#8221;off&#8221; global_colors_info=&#8221;{}&#8221;]<\/p>\n<p><span data-sheets-value=\"{&quot;1&quot;:2,&quot;2&quot;:&quot;Sociologia e Servizio Sociale (L-39 \/ L-40)&quot;}\" data-sheets-userformat=\"{&quot;2&quot;:513,&quot;3&quot;:{&quot;1&quot;:0},&quot;12&quot;:0}\">Sociologia e Servizio Sociale (L-39 \/ L-40)<\/span><\/p>\n<p>[\/et_pb_blurb][et_pb_button button_url=&#8221;https:\/\/uniurb-it.zoom.us\/webinar\/register\/WN_tdyQj5hYTfaaV2ttkjRN8w&#8221; url_new_window=&#8221;on&#8221; button_text=&#8221;ISCRIVITI IL WEBINAR&#8221; disabled_on=&#8221;on|on|on&#8221; _builder_version=&#8221;4.17.2&#8243; _module_preset=&#8221;default&#8221; custom_button=&#8221;on&#8221; button_text_size=&#8221;16px&#8221; button_text_color=&#8221;#005092&#8243; button_border_width=&#8221;2px&#8221; button_border_radius=&#8221;10px&#8221; disabled=&#8221;on&#8221; global_colors_info=&#8221;{}&#8221;][\/et_pb_button][et_pb_button button_url=&#8221;https:\/\/uniurb-it.zoom.us\/rec\/share\/e2qWNdLpox06t2R37K2d-yN_rlbnjXpO_OVc_wnLWfb13hFCXoT5OX2MQbKx09-n.VasQzXN2ujUwMP-k&#8221; url_new_window=&#8221;on&#8221; button_text=&#8221;GUARDA IL WEBINAR&#8221; _builder_version=&#8221;4.17.2&#8243; _module_preset=&#8221;default&#8221; custom_button=&#8221;on&#8221; button_text_size=&#8221;16px&#8221; button_text_color=&#8221;#005092&#8243; button_border_width=&#8221;2px&#8221; button_border_radius=&#8221;10px&#8221; global_colors_info=&#8221;{}&#8221;][\/et_pb_button][\/et_pb_column_inner][et_pb_column_inner type=&#8221;1_2&#8243; saved_specialty_column_type=&#8221;2_3&#8243; _builder_version=&#8221;4.16&#8243; global_colors_info=&#8221;{}&#8221;][et_pb_text _builder_version=&#8221;4.17.2&#8243; text_font=&#8221;Montserrat|600|||||||&#8221; text_line_height=&#8221;1.6em&#8221; locked=&#8221;off&#8221; global_colors_info=&#8221;{}&#8221;]<\/p>\n<p><span>All&#8217;Open Day dell&#8217;Universit\u00e0 di Urbino potrai partecipare a videochat con i docenti e tutor dei corsi per<strong> fare domande e ottenere risposte personalizzate sui programmi accademici<\/strong>. Non perdere questa opportunit\u00e0!<\/span><\/p>\n<p>[\/et_pb_text][\/et_pb_column_inner][\/et_pb_row_inner][et_pb_row_inner column_structure=&#8221;1_2,1_2&#8243; _builder_version=&#8221;4.17.2&#8243; custom_padding=&#8221;|||30px|false|false&#8221; border_color_all=&#8221;#005092&#8243; border_width_left=&#8221;2px&#8221; global_colors_info=&#8221;{}&#8221;][et_pb_column_inner type=&#8221;1_2&#8243; saved_specialty_column_type=&#8221;2_3&#8243; _builder_version=&#8221;4.16&#8243; global_colors_info=&#8221;{}&#8221;][et_pb_blurb title=&#8221;23 maggio 2023 ore 15:00&#8243; use_icon=&#8221;on&#8221; font_icon=&#8221;&#x5e;||divi||400&#8243; icon_color=&#8221;#005092&#8243; icon_placement=&#8221;left&#8221; image_icon_width=&#8221;40px&#8221; content_max_width=&#8221;100%&#8221; _builder_version=&#8221;4.17.2&#8243; header_level=&#8221;h5&#8243; header_font=&#8221;Montserrat|800||on|||||&#8221; header_text_align=&#8221;left&#8221; header_text_color=&#8221;#005092&#8243; header_line_height=&#8221;1.4em&#8221; body_font=&#8221;Montserrat|700|||||||&#8221; body_text_align=&#8221;left&#8221; body_text_color=&#8221;#000000&#8243; body_font_size=&#8221;18px&#8221; body_line_height=&#8221;1.4em&#8221; custom_margin=&#8221;|||-51px|false|false&#8221; body_font_size_tablet=&#8221;18px&#8221; body_font_size_phone=&#8221;16px&#8221; body_font_size_last_edited=&#8221;on|desktop&#8221; icon_font_size=&#8221;40px&#8221; locked=&#8221;off&#8221; global_colors_info=&#8221;{}&#8221;]<\/p>\n<p><span data-sheets-value=\"{&quot;1&quot;:2,&quot;2&quot;:&quot;Informazione, Media, Pubblicit\u00e0 (L-20)&quot;}\" data-sheets-userformat=\"{&quot;2&quot;:513,&quot;3&quot;:{&quot;1&quot;:0},&quot;12&quot;:0}\">Informazione, Media, Pubblicit\u00e0 (L-20)<\/span><\/p>\n<p>[\/et_pb_blurb][et_pb_button button_url=&#8221;https:\/\/uniurb-it.zoom.us\/webinar\/register\/WN_3EeKy-pIT9yYOGlIc_NdyQ&#8221; url_new_window=&#8221;on&#8221; button_text=&#8221;ISCRIVITI IL WEBINAR&#8221; disabled_on=&#8221;on|on|on&#8221; _builder_version=&#8221;4.17.2&#8243; _module_preset=&#8221;default&#8221; custom_button=&#8221;on&#8221; button_text_size=&#8221;16px&#8221; button_text_color=&#8221;#005092&#8243; button_border_width=&#8221;2px&#8221; button_border_radius=&#8221;10px&#8221; disabled=&#8221;on&#8221; global_colors_info=&#8221;{}&#8221;][\/et_pb_button][et_pb_button button_url=&#8221;https:\/\/uniurb-it.zoom.us\/rec\/share\/tfaAMHIZI0XSrRdL7jDOrjNIcOpitF2X68BkE86beDnU8gPXsKe7OwUYeulrHg3P.NfZMjY-xc5ZXWi1W&#8221; url_new_window=&#8221;on&#8221; button_text=&#8221;GUARDA IL WEBINAR&#8221; _builder_version=&#8221;4.17.2&#8243; _module_preset=&#8221;default&#8221; custom_button=&#8221;on&#8221; button_text_size=&#8221;16px&#8221; button_text_color=&#8221;#005092&#8243; button_border_width=&#8221;2px&#8221; button_border_radius=&#8221;10px&#8221; global_colors_info=&#8221;{}&#8221;][\/et_pb_button][\/et_pb_column_inner][et_pb_column_inner type=&#8221;1_2&#8243; saved_specialty_column_type=&#8221;2_3&#8243; _builder_version=&#8221;4.16&#8243; global_colors_info=&#8221;{}&#8221;][et_pb_text _builder_version=&#8221;4.17.2&#8243; text_font=&#8221;Montserrat|600|||||||&#8221; text_line_height=&#8221;1.6em&#8221; locked=&#8221;off&#8221; global_colors_info=&#8221;{}&#8221;]<\/p>\n<p><span>All&#8217;Open Day dell&#8217;Universit\u00e0 di Urbino potrai partecipare a videochat con i docenti e tutor dei corsi per<strong> fare domande e ottenere risposte personalizzate sui programmi accademici<\/strong>. Non perdere questa opportunit\u00e0!<\/span><\/p>\n<p>[\/et_pb_text][\/et_pb_column_inner][\/et_pb_row_inner][et_pb_row_inner column_structure=&#8221;1_2,1_2&#8243; _builder_version=&#8221;4.17.2&#8243; custom_padding=&#8221;|||30px|false|false&#8221; border_color_all=&#8221;#005092&#8243; border_width_left=&#8221;2px&#8221; global_colors_info=&#8221;{}&#8221;][et_pb_column_inner type=&#8221;1_2&#8243; saved_specialty_column_type=&#8221;2_3&#8243; _builder_version=&#8221;4.16&#8243; global_colors_info=&#8221;{}&#8221;][et_pb_blurb title=&#8221;24 maggio 2023 ore 15:00&#8243; use_icon=&#8221;on&#8221; font_icon=&#8221;&#x5e;||divi||400&#8243; icon_color=&#8221;#005092&#8243; icon_placement=&#8221;left&#8221; image_icon_width=&#8221;40px&#8221; content_max_width=&#8221;100%&#8221; _builder_version=&#8221;4.17.2&#8243; header_level=&#8221;h5&#8243; header_font=&#8221;Montserrat|800||on|||||&#8221; header_text_align=&#8221;left&#8221; header_text_color=&#8221;#005092&#8243; header_line_height=&#8221;1.4em&#8221; body_font=&#8221;Montserrat|700|||||||&#8221; body_text_align=&#8221;left&#8221; body_text_color=&#8221;#000000&#8243; body_font_size=&#8221;18px&#8221; body_line_height=&#8221;1.4em&#8221; custom_margin=&#8221;|||-51px|false|false&#8221; body_font_size_tablet=&#8221;18px&#8221; body_font_size_phone=&#8221;16px&#8221; body_font_size_last_edited=&#8221;on|desktop&#8221; icon_font_size=&#8221;40px&#8221; locked=&#8221;off&#8221; global_colors_info=&#8221;{}&#8221;]<\/p>\n<p><span data-sheets-value=\"{&quot;1&quot;:2,&quot;2&quot;:&quot;Lingue e Culture Moderne (L-11)&quot;}\" data-sheets-userformat=\"{&quot;2&quot;:513,&quot;3&quot;:{&quot;1&quot;:0},&quot;12&quot;:0}\">Lingue e Culture Moderne (L-11)<\/span><\/p>\n<p>[\/et_pb_blurb][et_pb_button button_url=&#8221;https:\/\/uniurb-it.zoom.us\/webinar\/register\/WN_oA51XhXTTMKq88zA4vMJSQ&#8221; url_new_window=&#8221;on&#8221; button_text=&#8221;ISCRIVITI IL WEBINAR&#8221; disabled_on=&#8221;on|on|on&#8221; _builder_version=&#8221;4.17.2&#8243; _module_preset=&#8221;default&#8221; custom_button=&#8221;on&#8221; button_text_size=&#8221;16px&#8221; button_text_color=&#8221;#005092&#8243; button_border_width=&#8221;2px&#8221; button_border_radius=&#8221;10px&#8221; disabled=&#8221;on&#8221; global_colors_info=&#8221;{}&#8221;][\/et_pb_button][et_pb_button button_url=&#8221;https:\/\/uniurb-it.zoom.us\/rec\/share\/ZJ8WhrHyXDW2mj7He3jHP5UiNLw2N-zxhPKanYzmv_zkGtlacvnM3p0rQlC1vHhd.xISODDoM8SxcwtGO&#8221; url_new_window=&#8221;on&#8221; button_text=&#8221;GUARDA IL WEBINAR&#8221; _builder_version=&#8221;4.17.2&#8243; _module_preset=&#8221;default&#8221; custom_button=&#8221;on&#8221; button_text_size=&#8221;16px&#8221; button_text_color=&#8221;#005092&#8243; button_border_width=&#8221;2px&#8221; button_border_radius=&#8221;10px&#8221; global_colors_info=&#8221;{}&#8221;][\/et_pb_button][\/et_pb_column_inner][et_pb_column_inner type=&#8221;1_2&#8243; saved_specialty_column_type=&#8221;2_3&#8243; _builder_version=&#8221;4.16&#8243; global_colors_info=&#8221;{}&#8221;][et_pb_text _builder_version=&#8221;4.17.2&#8243; text_font=&#8221;Montserrat|600|||||||&#8221; text_line_height=&#8221;1.6em&#8221; locked=&#8221;off&#8221; global_colors_info=&#8221;{}&#8221;]<\/p>\n<p><span>All&#8217;Open Day dell&#8217;Universit\u00e0 di Urbino potrai partecipare a videochat con i docenti e tutor dei corsi per<strong> fare domande e ottenere risposte personalizzate sui programmi accademici<\/strong>. Non perdere questa opportunit\u00e0!<\/span><\/p>\n<p>[\/et_pb_text][\/et_pb_column_inner][\/et_pb_row_inner][et_pb_row_inner column_structure=&#8221;1_2,1_2&#8243; _builder_version=&#8221;4.17.2&#8243; custom_padding=&#8221;|||30px|false|false&#8221; border_color_all=&#8221;#005092&#8243; border_width_left=&#8221;2px&#8221; global_colors_info=&#8221;{}&#8221;][et_pb_column_inner type=&#8221;1_2&#8243; saved_specialty_column_type=&#8221;2_3&#8243; _builder_version=&#8221;4.16&#8243; global_colors_info=&#8221;{}&#8221;][et_pb_blurb title=&#8221;24 maggio 2023 ore 16:30&#8243; use_icon=&#8221;on&#8221; font_icon=&#8221;&#x5e;||divi||400&#8243; icon_color=&#8221;#005092&#8243; icon_placement=&#8221;left&#8221; image_icon_width=&#8221;40px&#8221; content_max_width=&#8221;100%&#8221; _builder_version=&#8221;4.17.2&#8243; header_level=&#8221;h5&#8243; header_font=&#8221;Montserrat|800||on|||||&#8221; header_text_align=&#8221;left&#8221; header_text_color=&#8221;#005092&#8243; header_line_height=&#8221;1.4em&#8221; body_font=&#8221;Montserrat|700|||||||&#8221; body_text_align=&#8221;left&#8221; body_text_color=&#8221;#000000&#8243; body_font_size=&#8221;18px&#8221; body_line_height=&#8221;1.4em&#8221; custom_margin=&#8221;|||-51px|false|false&#8221; body_font_size_tablet=&#8221;18px&#8221; body_font_size_phone=&#8221;16px&#8221; body_font_size_last_edited=&#8221;on|desktop&#8221; icon_font_size=&#8221;40px&#8221; locked=&#8221;off&#8221; global_colors_info=&#8221;{}&#8221;]<\/p>\n<p><span data-sheets-value=\"{&quot;1&quot;:2,&quot;2&quot;:&quot;Scienze dell'Educazione (L-19)&quot;}\" data-sheets-userformat=\"{&quot;2&quot;:513,&quot;3&quot;:{&quot;1&quot;:0},&quot;12&quot;:0}\">Scienze dell&#8217;Educazione (L-19)<\/span><\/p>\n<p>[\/et_pb_blurb][et_pb_button button_url=&#8221;https:\/\/uniurb-it.zoom.us\/webinar\/register\/WN_qVzio8NlRtCodXvj42WQTQ&#8221; url_new_window=&#8221;on&#8221; button_text=&#8221;ISCRIVITI IL WEBINAR&#8221; disabled_on=&#8221;on|on|on&#8221; _builder_version=&#8221;4.17.2&#8243; _module_preset=&#8221;default&#8221; custom_button=&#8221;on&#8221; button_text_size=&#8221;16px&#8221; button_text_color=&#8221;#005092&#8243; button_border_width=&#8221;2px&#8221; button_border_radius=&#8221;10px&#8221; disabled=&#8221;on&#8221; global_colors_info=&#8221;{}&#8221;][\/et_pb_button][et_pb_button button_url=&#8221;https:\/\/uniurb-it.zoom.us\/rec\/share\/5XXbKtbEbYNchxpapVHn49qBG4WtFY13Zrf8-W6b9ZyaK3GQ3YZ-_qNVa_kwGk8.dOM0ppBmTeiC_o00&#8243; url_new_window=&#8221;on&#8221; button_text=&#8221;GUARDA IL WEBINAR&#8221; _builder_version=&#8221;4.17.2&#8243; _module_preset=&#8221;default&#8221; custom_button=&#8221;on&#8221; button_text_size=&#8221;16px&#8221; button_text_color=&#8221;#005092&#8243; button_border_width=&#8221;2px&#8221; button_border_radius=&#8221;10px&#8221; global_colors_info=&#8221;{}&#8221;][\/et_pb_button][\/et_pb_column_inner][et_pb_column_inner type=&#8221;1_2&#8243; saved_specialty_column_type=&#8221;2_3&#8243; _builder_version=&#8221;4.16&#8243; global_colors_info=&#8221;{}&#8221;][et_pb_text _builder_version=&#8221;4.17.2&#8243; text_font=&#8221;Montserrat|600|||||||&#8221; text_line_height=&#8221;1.6em&#8221; locked=&#8221;off&#8221; global_colors_info=&#8221;{}&#8221;]<\/p>\n<p><span>All&#8217;Open Day dell&#8217;Universit\u00e0 di Urbino potrai partecipare a videochat con i docenti e tutor dei corsi per<strong> fare domande e ottenere risposte personalizzate sui programmi accademici<\/strong>. Non perdere questa opportunit\u00e0!<\/span><\/p>\n<p>[\/et_pb_text][\/et_pb_column_inner][\/et_pb_row_inner][et_pb_row_inner column_structure=&#8221;1_2,1_2&#8243; _builder_version=&#8221;4.17.2&#8243; custom_padding=&#8221;|||30px|false|false&#8221; border_color_all=&#8221;#005092&#8243; border_width_left=&#8221;2px&#8221; global_colors_info=&#8221;{}&#8221;][et_pb_column_inner type=&#8221;1_2&#8243; saved_specialty_column_type=&#8221;2_3&#8243; _builder_version=&#8221;4.16&#8243; global_colors_info=&#8221;{}&#8221;][et_pb_blurb title=&#8221;25 maggio 2023 ore 15:00&#8243; use_icon=&#8221;on&#8221; font_icon=&#8221;&#x5e;||divi||400&#8243; icon_color=&#8221;#005092&#8243; icon_placement=&#8221;left&#8221; image_icon_width=&#8221;40px&#8221; content_max_width=&#8221;100%&#8221; _builder_version=&#8221;4.17.2&#8243; header_level=&#8221;h5&#8243; header_font=&#8221;Montserrat|800||on|||||&#8221; header_text_align=&#8221;left&#8221; header_text_color=&#8221;#005092&#8243; header_line_height=&#8221;1.4em&#8221; body_font=&#8221;Montserrat|700|||||||&#8221; body_text_align=&#8221;left&#8221; body_text_color=&#8221;#000000&#8243; body_font_size=&#8221;18px&#8221; body_line_height=&#8221;1.4em&#8221; custom_margin=&#8221;|||-51px|false|false&#8221; body_font_size_tablet=&#8221;18px&#8221; body_font_size_phone=&#8221;16px&#8221; body_font_size_last_edited=&#8221;on|desktop&#8221; icon_font_size=&#8221;40px&#8221; locked=&#8221;off&#8221; global_colors_info=&#8221;{}&#8221;]<\/p>\n<p><span data-sheets-value=\"{&quot;1&quot;:2,&quot;2&quot;:&quot;Scienze Umanistiche. Discipline Letterarie, Artistiche e Filosofiche (L-10)&quot;}\" data-sheets-userformat=\"{&quot;2&quot;:513,&quot;3&quot;:{&quot;1&quot;:0},&quot;12&quot;:0}\">Scienze Umanistiche. Discipline Letterarie, Artistiche e Filosofiche (L-10)<\/span><\/p>\n<p>[\/et_pb_blurb][et_pb_button button_url=&#8221;https:\/\/uniurb-it.zoom.us\/webinar\/register\/WN_rvE5ZRQCQBKmLt7ro1f3Gg&#8221; url_new_window=&#8221;on&#8221; button_text=&#8221;ISCRIVITI IL WEBINAR&#8221; disabled_on=&#8221;on|on|on&#8221; _builder_version=&#8221;4.17.2&#8243; _module_preset=&#8221;default&#8221; custom_button=&#8221;on&#8221; button_text_size=&#8221;16px&#8221; button_text_color=&#8221;#005092&#8243; button_border_width=&#8221;2px&#8221; button_border_radius=&#8221;10px&#8221; disabled=&#8221;on&#8221; global_colors_info=&#8221;{}&#8221;][\/et_pb_button][et_pb_button button_url=&#8221;https:\/\/uniurb-it.zoom.us\/rec\/share\/ZNp_8Vrgz8HZ2HWaYDp-c_BXkuUUUf9TwSOiYCc8ouPRxIH8ZnVRhlhfaLxhWUMc.NMcLk-f4mxpzNlAP&#8221; url_new_window=&#8221;on&#8221; button_text=&#8221;GUARDA IL WEBINAR&#8221; _builder_version=&#8221;4.17.2&#8243; _module_preset=&#8221;default&#8221; custom_button=&#8221;on&#8221; button_text_size=&#8221;16px&#8221; button_text_color=&#8221;#005092&#8243; button_border_width=&#8221;2px&#8221; button_border_radius=&#8221;10px&#8221; global_colors_info=&#8221;{}&#8221;][\/et_pb_button][\/et_pb_column_inner][et_pb_column_inner type=&#8221;1_2&#8243; saved_specialty_column_type=&#8221;2_3&#8243; _builder_version=&#8221;4.16&#8243; global_colors_info=&#8221;{}&#8221;][et_pb_text _builder_version=&#8221;4.17.2&#8243; text_font=&#8221;Montserrat|600|||||||&#8221; text_line_height=&#8221;1.6em&#8221; locked=&#8221;off&#8221; global_colors_info=&#8221;{}&#8221;]<\/p>\n<p><span>All&#8217;Open Day dell&#8217;Universit\u00e0 di Urbino potrai partecipare a videochat con i docenti e tutor dei corsi per<strong> fare domande e ottenere risposte personalizzate sui programmi accademici<\/strong>. Non perdere questa opportunit\u00e0!<\/span><\/p>\n<p>[\/et_pb_text][\/et_pb_column_inner][\/et_pb_row_inner][et_pb_row_inner column_structure=&#8221;1_2,1_2&#8243; _builder_version=&#8221;4.17.2&#8243; custom_padding=&#8221;|||30px|false|false&#8221; border_color_all=&#8221;#005092&#8243; border_width_left=&#8221;2px&#8221; global_colors_info=&#8221;{}&#8221;][et_pb_column_inner type=&#8221;1_2&#8243; saved_specialty_column_type=&#8221;2_3&#8243; _builder_version=&#8221;4.16&#8243; global_colors_info=&#8221;{}&#8221;][et_pb_blurb title=&#8221;29 maggio 2023 ore 16:30&#8243; use_icon=&#8221;on&#8221; font_icon=&#8221;&#x5e;||divi||400&#8243; icon_color=&#8221;#005092&#8243; icon_placement=&#8221;left&#8221; image_icon_width=&#8221;40px&#8221; content_max_width=&#8221;100%&#8221; _builder_version=&#8221;4.17.2&#8243; header_level=&#8221;h5&#8243; header_font=&#8221;Montserrat|800||on|||||&#8221; header_text_align=&#8221;left&#8221; header_text_color=&#8221;#005092&#8243; header_line_height=&#8221;1.4em&#8221; body_font=&#8221;Montserrat|700|||||||&#8221; body_text_align=&#8221;left&#8221; body_text_color=&#8221;#000000&#8243; body_font_size=&#8221;18px&#8221; body_line_height=&#8221;1.4em&#8221; custom_margin=&#8221;|||-51px|false|false&#8221; body_font_size_tablet=&#8221;18px&#8221; body_font_size_phone=&#8221;16px&#8221; body_font_size_last_edited=&#8221;on|desktop&#8221; icon_font_size=&#8221;40px&#8221; locked=&#8221;off&#8221; global_colors_info=&#8221;{}&#8221;]<\/p>\n<p><span data-sheets-value=\"{&quot;1&quot;:2,&quot;2&quot;:&quot;Scienze Giuridiche per la Consulenza del Lavoro e la Sicurezza Pubblica e Privata (L-14)&quot;}\" data-sheets-userformat=\"{&quot;2&quot;:513,&quot;3&quot;:{&quot;1&quot;:0},&quot;12&quot;:0}\">Scienze Giuridiche per la Consulenza del Lavoro e la Sicurezza Pubblica e Privata (L-14)<\/span><\/p>\n<p>[\/et_pb_blurb][et_pb_button button_url=&#8221;https:\/\/uniurb-it.zoom.us\/webinar\/register\/WN_3OhUJTfGQBeCZlK_9Uo8AA&#8221; url_new_window=&#8221;on&#8221; button_text=&#8221;ISCRIVITI IL WEBINAR&#8221; disabled_on=&#8221;on|on|on&#8221; _builder_version=&#8221;4.17.2&#8243; _module_preset=&#8221;default&#8221; custom_button=&#8221;on&#8221; button_text_size=&#8221;16px&#8221; button_text_color=&#8221;#005092&#8243; button_border_width=&#8221;2px&#8221; button_border_radius=&#8221;10px&#8221; disabled=&#8221;on&#8221; global_colors_info=&#8221;{}&#8221;][\/et_pb_button][et_pb_button button_url=&#8221;https:\/\/uniurb-it.zoom.us\/rec\/share\/vCrXUBolcGUSf8PfLB_9BJ4TT_FNYxN8daCNicFwLoK00mKKX_fWGywAvqghgWtw.kxvhjQj_FnS-mhFl&#8221; url_new_window=&#8221;on&#8221; button_text=&#8221;GUARDA IL WEBINAR&#8221; _builder_version=&#8221;4.17.2&#8243; _module_preset=&#8221;default&#8221; custom_button=&#8221;on&#8221; button_text_size=&#8221;16px&#8221; button_text_color=&#8221;#005092&#8243; button_border_width=&#8221;2px&#8221; button_border_radius=&#8221;10px&#8221; global_colors_info=&#8221;{}&#8221;][\/et_pb_button][\/et_pb_column_inner][et_pb_column_inner type=&#8221;1_2&#8243; saved_specialty_column_type=&#8221;2_3&#8243; _builder_version=&#8221;4.16&#8243; global_colors_info=&#8221;{}&#8221;][et_pb_text _builder_version=&#8221;4.17.2&#8243; text_font=&#8221;Montserrat|600|||||||&#8221; text_line_height=&#8221;1.6em&#8221; locked=&#8221;off&#8221; global_colors_info=&#8221;{}&#8221;]<\/p>\n<p><span>All&#8217;Open Day dell&#8217;Universit\u00e0 di Urbino potrai partecipare a videochat con i docenti e tutor dei corsi per<strong> fare domande e ottenere risposte personalizzate sui programmi accademici<\/strong>. Non perdere questa opportunit\u00e0!<\/span><\/p>\n<p>[\/et_pb_text][\/et_pb_column_inner][\/et_pb_row_inner][et_pb_row_inner column_structure=&#8221;1_2,1_2&#8243; _builder_version=&#8221;4.17.2&#8243; custom_padding=&#8221;|||30px|false|false&#8221; border_color_all=&#8221;#005092&#8243; border_width_left=&#8221;2px&#8221; global_colors_info=&#8221;{}&#8221;][et_pb_column_inner type=&#8221;1_2&#8243; saved_specialty_column_type=&#8221;2_3&#8243; _builder_version=&#8221;4.16&#8243; global_colors_info=&#8221;{}&#8221;][et_pb_blurb title=&#8221;30 maggio 2023 ore 15:00&#8243; use_icon=&#8221;on&#8221; font_icon=&#8221;&#x5e;||divi||400&#8243; icon_color=&#8221;#005092&#8243; icon_placement=&#8221;left&#8221; image_icon_width=&#8221;40px&#8221; content_max_width=&#8221;100%&#8221; _builder_version=&#8221;4.17.2&#8243; header_level=&#8221;h5&#8243; header_font=&#8221;Montserrat|800||on|||||&#8221; header_text_align=&#8221;left&#8221; header_text_color=&#8221;#005092&#8243; header_line_height=&#8221;1.4em&#8221; body_font=&#8221;Montserrat|700|||||||&#8221; body_text_align=&#8221;left&#8221; body_text_color=&#8221;#000000&#8243; body_font_size=&#8221;18px&#8221; body_line_height=&#8221;1.4em&#8221; custom_margin=&#8221;|||-51px|false|false&#8221; body_font_size_tablet=&#8221;18px&#8221; body_font_size_phone=&#8221;16px&#8221; body_font_size_last_edited=&#8221;on|desktop&#8221; icon_font_size=&#8221;40px&#8221; locked=&#8221;off&#8221; global_colors_info=&#8221;{}&#8221;]<\/p>\n<p>Scienze Motorie, Sportive e della Salute (L-22)<\/p>\n<p>[\/et_pb_blurb][et_pb_button button_url=&#8221;https:\/\/uniurb-it.zoom.us\/webinar\/register\/WN_FvTByleGR6-_ZBDW4brEUA&#8221; url_new_window=&#8221;on&#8221; button_text=&#8221;ISCRIVITI IL WEBINAR&#8221; disabled_on=&#8221;on|on|on&#8221; _builder_version=&#8221;4.17.2&#8243; _module_preset=&#8221;default&#8221; custom_button=&#8221;on&#8221; button_text_size=&#8221;16px&#8221; button_text_color=&#8221;#005092&#8243; button_border_width=&#8221;2px&#8221; button_border_radius=&#8221;10px&#8221; disabled=&#8221;on&#8221; global_colors_info=&#8221;{}&#8221;][\/et_pb_button][et_pb_button button_url=&#8221;https:\/\/uniurb-it.zoom.us\/rec\/share\/HM73FMXo0xrPEsib7V705gVrltmwsCBHX_G_1ktIphzlUvAEfectcFtI3zKPV0Ed.et6Otgclptuu6UOP&#8221; url_new_window=&#8221;on&#8221; button_text=&#8221;GUARDA IL WEBINAR&#8221; _builder_version=&#8221;4.17.2&#8243; _module_preset=&#8221;default&#8221; custom_button=&#8221;on&#8221; button_text_size=&#8221;16px&#8221; button_text_color=&#8221;#005092&#8243; button_border_width=&#8221;2px&#8221; button_border_radius=&#8221;10px&#8221; global_colors_info=&#8221;{}&#8221;][\/et_pb_button][\/et_pb_column_inner][et_pb_column_inner type=&#8221;1_2&#8243; saved_specialty_column_type=&#8221;2_3&#8243; _builder_version=&#8221;4.16&#8243; global_colors_info=&#8221;{}&#8221;][et_pb_text _builder_version=&#8221;4.17.2&#8243; text_font=&#8221;Montserrat|600|||||||&#8221; text_line_height=&#8221;1.6em&#8221; locked=&#8221;off&#8221; global_colors_info=&#8221;{}&#8221;]<\/p>\n<p><span>All&#8217;Open Day dell&#8217;Universit\u00e0 di Urbino potrai partecipare a videochat con i docenti e tutor dei corsi per<strong> fare domande e ottenere risposte personalizzate sui programmi accademici<\/strong>. Non perdere questa opportunit\u00e0!<\/span><\/p>\n<p>[\/et_pb_text][\/et_pb_column_inner][\/et_pb_row_inner][et_pb_row_inner column_structure=&#8221;1_2,1_2&#8243; _builder_version=&#8221;4.17.2&#8243; custom_padding=&#8221;|||30px|false|false&#8221; border_color_all=&#8221;#005092&#8243; border_width_left=&#8221;2px&#8221; global_colors_info=&#8221;{}&#8221;][et_pb_column_inner type=&#8221;1_2&#8243; saved_specialty_column_type=&#8221;2_3&#8243; _builder_version=&#8221;4.16&#8243; global_colors_info=&#8221;{}&#8221;][et_pb_blurb title=&#8221;6 giugno 2023 ore 15:00&#8243; use_icon=&#8221;on&#8221; font_icon=&#8221;&#x5e;||divi||400&#8243; icon_color=&#8221;#005092&#8243; icon_placement=&#8221;left&#8221; image_icon_width=&#8221;40px&#8221; content_max_width=&#8221;100%&#8221; _builder_version=&#8221;4.17.2&#8243; header_level=&#8221;h5&#8243; header_font=&#8221;Montserrat|800||on|||||&#8221; header_text_align=&#8221;left&#8221; header_text_color=&#8221;#005092&#8243; header_line_height=&#8221;1.4em&#8221; body_font=&#8221;Montserrat|700|||||||&#8221; body_text_align=&#8221;left&#8221; body_text_color=&#8221;#000000&#8243; body_font_size=&#8221;18px&#8221; body_line_height=&#8221;1.4em&#8221; custom_margin=&#8221;|||-51px|false|false&#8221; body_font_size_tablet=&#8221;18px&#8221; body_font_size_phone=&#8221;16px&#8221; body_font_size_last_edited=&#8221;on|desktop&#8221; icon_font_size=&#8221;40px&#8221; locked=&#8221;off&#8221; global_colors_info=&#8221;{}&#8221;]<\/p>\n<p><span data-sheets-value=\"{&quot;1&quot;:2,&quot;2&quot;:&quot;Economia e Management (L-18 \/ L-33)&quot;}\" data-sheets-userformat=\"{&quot;2&quot;:513,&quot;3&quot;:{&quot;1&quot;:0},&quot;12&quot;:0}\">Economia e Management (L-18 \/ L-33)<\/span><\/p>\n<p>[\/et_pb_blurb][et_pb_button button_url=&#8221;https:\/\/uniurb-it.zoom.us\/webinar\/register\/WN_3FcjA1SsRWOusade_Ak0UQ&#8221; url_new_window=&#8221;on&#8221; button_text=&#8221;ISCRIVITI IL WEBINAR&#8221; disabled_on=&#8221;on|on|on&#8221; _builder_version=&#8221;4.17.2&#8243; _module_preset=&#8221;default&#8221; custom_button=&#8221;on&#8221; button_text_size=&#8221;16px&#8221; button_text_color=&#8221;#005092&#8243; button_border_width=&#8221;2px&#8221; button_border_radius=&#8221;10px&#8221; disabled=&#8221;on&#8221; global_colors_info=&#8221;{}&#8221;][\/et_pb_button][et_pb_button button_url=&#8221;https:\/\/uniurb-it.zoom.us\/rec\/share\/mr9DrRDjn4zl9PTFciZqLZdExvfz90cSDRcAZQ-CMWY8KDnkaC8PXKhJ2SR7Hy6r.t2eOsK_pl-hLz-t3&#8243; url_new_window=&#8221;on&#8221; button_text=&#8221;GUARDA IL WEBINAR&#8221; _builder_version=&#8221;4.17.2&#8243; _module_preset=&#8221;default&#8221; custom_button=&#8221;on&#8221; button_text_size=&#8221;16px&#8221; button_text_color=&#8221;#005092&#8243; button_border_width=&#8221;2px&#8221; button_border_radius=&#8221;10px&#8221; global_colors_info=&#8221;{}&#8221;][\/et_pb_button][\/et_pb_column_inner][et_pb_column_inner type=&#8221;1_2&#8243; saved_specialty_column_type=&#8221;2_3&#8243; _builder_version=&#8221;4.16&#8243; global_colors_info=&#8221;{}&#8221;][et_pb_text _builder_version=&#8221;4.17.2&#8243; text_font=&#8221;Montserrat|600|||||||&#8221; text_line_height=&#8221;1.6em&#8221; locked=&#8221;off&#8221; global_colors_info=&#8221;{}&#8221;]<\/p>\n<p><span>All&#8217;Open Day dell&#8217;Universit\u00e0 di Urbino potrai partecipare a videochat con i docenti e tutor dei corsi per<strong> fare domande e ottenere risposte personalizzate sui programmi accademici<\/strong>. Non perdere questa opportunit\u00e0!<\/span><\/p>\n<p>[\/et_pb_text][\/et_pb_column_inner][\/et_pb_row_inner][et_pb_row_inner column_structure=&#8221;1_2,1_2&#8243; _builder_version=&#8221;4.17.2&#8243; custom_padding=&#8221;|||30px|false|false&#8221; border_color_all=&#8221;#005092&#8243; border_width_left=&#8221;2px&#8221; global_colors_info=&#8221;{}&#8221;][et_pb_column_inner type=&#8221;1_2&#8243; saved_specialty_column_type=&#8221;2_3&#8243; _builder_version=&#8221;4.16&#8243; global_colors_info=&#8221;{}&#8221;][et_pb_blurb title=&#8221;7 giugno 2023 ore 15:00&#8243; use_icon=&#8221;on&#8221; font_icon=&#8221;&#x5e;||divi||400&#8243; icon_color=&#8221;#005092&#8243; icon_placement=&#8221;left&#8221; image_icon_width=&#8221;40px&#8221; content_max_width=&#8221;100%&#8221; _builder_version=&#8221;4.17.2&#8243; header_level=&#8221;h5&#8243; header_font=&#8221;Montserrat|800||on|||||&#8221; header_text_align=&#8221;left&#8221; header_text_color=&#8221;#005092&#8243; header_line_height=&#8221;1.4em&#8221; body_font=&#8221;Montserrat|700|||||||&#8221; body_text_align=&#8221;left&#8221; body_text_color=&#8221;#000000&#8243; body_font_size=&#8221;18px&#8221; body_line_height=&#8221;1.4em&#8221; custom_margin=&#8221;|||-51px|false|false&#8221; body_font_size_tablet=&#8221;18px&#8221; body_font_size_phone=&#8221;16px&#8221; body_font_size_last_edited=&#8221;on|desktop&#8221; icon_font_size=&#8221;40px&#8221; locked=&#8221;off&#8221; global_colors_info=&#8221;{}&#8221;]<\/p>\n<p><span data-sheets-value=\"{&quot;1&quot;:2,&quot;2&quot;:&quot;Scienza della Nutrizione (L-29)&quot;}\" data-sheets-userformat=\"{&quot;2&quot;:513,&quot;3&quot;:{&quot;1&quot;:0},&quot;12&quot;:0}\">Scienza della Nutrizione (L-29)<\/span><\/p>\n<p>[\/et_pb_blurb][et_pb_button button_url=&#8221;https:\/\/uniurb-it.zoom.us\/webinar\/register\/WN_S1cfMDKWSvWKqZGt5-nHmQ&#8221; url_new_window=&#8221;on&#8221; button_text=&#8221;ISCRIVITI IL WEBINAR&#8221; disabled_on=&#8221;on|on|on&#8221; _builder_version=&#8221;4.17.2&#8243; _module_preset=&#8221;default&#8221; custom_button=&#8221;on&#8221; button_text_size=&#8221;16px&#8221; button_text_color=&#8221;#005092&#8243; button_border_width=&#8221;2px&#8221; button_border_radius=&#8221;10px&#8221; disabled=&#8221;on&#8221; global_colors_info=&#8221;{}&#8221;][\/et_pb_button][et_pb_button button_url=&#8221;https:\/\/uniurb-it.zoom.us\/rec\/share\/Xgb7urCjw_TN5mJv-m-DgivIhP79vzvZT_mBVoqZezOSUsaOG5z2014eUbEk8pk.E0Gs-PrZrd-vvrnn&#8221; url_new_window=&#8221;on&#8221; button_text=&#8221;GUARDA IL WEBINAR&#8221; _builder_version=&#8221;4.17.2&#8243; _module_preset=&#8221;default&#8221; custom_button=&#8221;on&#8221; button_text_size=&#8221;16px&#8221; button_text_color=&#8221;#005092&#8243; button_border_width=&#8221;2px&#8221; button_border_radius=&#8221;10px&#8221; global_colors_info=&#8221;{}&#8221;][\/et_pb_button][\/et_pb_column_inner][et_pb_column_inner type=&#8221;1_2&#8243; saved_specialty_column_type=&#8221;2_3&#8243; _builder_version=&#8221;4.16&#8243; global_colors_info=&#8221;{}&#8221;][et_pb_text _builder_version=&#8221;4.17.2&#8243; text_font=&#8221;Montserrat|600|||||||&#8221; text_line_height=&#8221;1.6em&#8221; locked=&#8221;off&#8221; global_colors_info=&#8221;{}&#8221;]<\/p>\n<p><span>All&#8217;Open Day dell&#8217;Universit\u00e0 di Urbino potrai partecipare a videochat con i docenti e tutor dei corsi per<strong> fare domande e ottenere risposte personalizzate sui programmi accademici<\/strong>. Non perdere questa opportunit\u00e0!<\/span><\/p>\n<p>[\/et_pb_text][\/et_pb_column_inner][\/et_pb_row_inner][et_pb_row_inner column_structure=&#8221;1_2,1_2&#8243; _builder_version=&#8221;4.17.2&#8243; custom_padding=&#8221;|||30px|false|false&#8221; border_color_all=&#8221;#005092&#8243; border_width_left=&#8221;2px&#8221; global_colors_info=&#8221;{}&#8221;][et_pb_column_inner type=&#8221;1_2&#8243; saved_specialty_column_type=&#8221;2_3&#8243; _builder_version=&#8221;4.16&#8243; global_colors_info=&#8221;{}&#8221;][et_pb_blurb title=&#8221;13 giugno 2023 ore 15:00&#8243; use_icon=&#8221;on&#8221; font_icon=&#8221;&#x5e;||divi||400&#8243; icon_color=&#8221;#005092&#8243; icon_placement=&#8221;left&#8221; image_icon_width=&#8221;40px&#8221; content_max_width=&#8221;100%&#8221; _builder_version=&#8221;4.17.2&#8243; header_level=&#8221;h5&#8243; header_font=&#8221;Montserrat|800||on|||||&#8221; header_text_align=&#8221;left&#8221; header_text_color=&#8221;#005092&#8243; header_line_height=&#8221;1.4em&#8221; body_font=&#8221;Montserrat|700|||||||&#8221; body_text_align=&#8221;left&#8221; body_text_color=&#8221;#000000&#8243; body_font_size=&#8221;18px&#8221; body_line_height=&#8221;1.4em&#8221; custom_margin=&#8221;|||-51px|false|false&#8221; body_font_size_tablet=&#8221;18px&#8221; body_font_size_phone=&#8221;16px&#8221; body_font_size_last_edited=&#8221;on|desktop&#8221; icon_font_size=&#8221;40px&#8221; locked=&#8221;off&#8221; global_colors_info=&#8221;{}&#8221;]<\/p>\n<p><span data-sheets-value=\"{&quot;1&quot;:2,&quot;2&quot;:&quot;Scienze e Tecniche Psicologiche (L-24)&quot;}\" data-sheets-userformat=\"{&quot;2&quot;:513,&quot;3&quot;:{&quot;1&quot;:0},&quot;12&quot;:0}\">Scienze e Tecniche Psicologiche (L-24)<\/span><\/p>\n<p>[\/et_pb_blurb][et_pb_button button_url=&#8221;https:\/\/uniurb-it.zoom.us\/webinar\/register\/WN_9emm4vKBQO6ktpob1IBnSg&#8221; url_new_window=&#8221;on&#8221; button_text=&#8221;ISCRIVITI IL WEBINAR&#8221; disabled_on=&#8221;on|on|on&#8221; _builder_version=&#8221;4.17.2&#8243; _module_preset=&#8221;default&#8221; custom_button=&#8221;on&#8221; button_text_size=&#8221;16px&#8221; button_text_color=&#8221;#005092&#8243; button_border_width=&#8221;2px&#8221; button_border_radius=&#8221;10px&#8221; disabled=&#8221;on&#8221; global_colors_info=&#8221;{}&#8221;][\/et_pb_button][et_pb_button button_url=&#8221;https:\/\/uniurb-it.zoom.us\/rec\/share\/rVogt9B0v9GJlGsIoI-4MKyGt6TGx5mv3Xkt5I59qtkFJmfRnSj-IeujnllF8EQh._raOpWvI_m80x0Tl&#8221; url_new_window=&#8221;on&#8221; button_text=&#8221;GUARDA IL WEBINAR&#8221; _builder_version=&#8221;4.17.2&#8243; _module_preset=&#8221;default&#8221; custom_button=&#8221;on&#8221; button_text_size=&#8221;16px&#8221; button_text_color=&#8221;#005092&#8243; button_border_width=&#8221;2px&#8221; button_border_radius=&#8221;10px&#8221; global_colors_info=&#8221;{}&#8221;][\/et_pb_button][\/et_pb_column_inner][et_pb_column_inner type=&#8221;1_2&#8243; saved_specialty_column_type=&#8221;2_3&#8243; _builder_version=&#8221;4.16&#8243; global_colors_info=&#8221;{}&#8221;][et_pb_text _builder_version=&#8221;4.17.2&#8243; text_font=&#8221;Montserrat|600|||||||&#8221; text_line_height=&#8221;1.6em&#8221; locked=&#8221;off&#8221; global_colors_info=&#8221;{}&#8221;]<\/p>\n<p><span>All&#8217;Open Day dell&#8217;Universit\u00e0 di Urbino potrai partecipare a videochat con i docenti e tutor dei corsi per<strong> fare domande e ottenere risposte personalizzate sui programmi accademici<\/strong>. Non perdere questa opportunit\u00e0!<\/span><\/p>\n<p>[\/et_pb_text][\/et_pb_column_inner][\/et_pb_row_inner][et_pb_row_inner column_structure=&#8221;1_2,1_2&#8243; _builder_version=&#8221;4.17.2&#8243; custom_padding=&#8221;|||30px|false|false&#8221; border_color_all=&#8221;#005092&#8243; border_width_left=&#8221;2px&#8221; global_colors_info=&#8221;{}&#8221;][et_pb_column_inner type=&#8221;1_2&#8243; saved_specialty_column_type=&#8221;2_3&#8243; _builder_version=&#8221;4.16&#8243; global_colors_info=&#8221;{}&#8221;][et_pb_blurb title=&#8221;13 giugno 2023 ore 16:30&#8243; use_icon=&#8221;on&#8221; font_icon=&#8221;&#x5e;||divi||400&#8243; icon_color=&#8221;#005092&#8243; icon_placement=&#8221;left&#8221; image_icon_width=&#8221;40px&#8221; content_max_width=&#8221;100%&#8221; _builder_version=&#8221;4.17.2&#8243; header_level=&#8221;h5&#8243; header_font=&#8221;Montserrat|800||on|||||&#8221; header_text_align=&#8221;left&#8221; header_text_color=&#8221;#005092&#8243; header_line_height=&#8221;1.4em&#8221; body_font=&#8221;Montserrat|700|||||||&#8221; body_text_align=&#8221;left&#8221; body_text_color=&#8221;#000000&#8243; body_font_size=&#8221;18px&#8221; body_line_height=&#8221;1.4em&#8221; custom_margin=&#8221;|||-51px|false|false&#8221; body_font_size_tablet=&#8221;18px&#8221; body_font_size_phone=&#8221;16px&#8221; body_font_size_last_edited=&#8221;on|desktop&#8221; icon_font_size=&#8221;40px&#8221; locked=&#8221;off&#8221; global_colors_info=&#8221;{}&#8221;]<\/p>\n<p><span data-sheets-value=\"{&quot;1&quot;:2,&quot;2&quot;:&quot;Ingegneria per la Sostenibilit\u00e0 Industriale (L-9)&quot;}\" data-sheets-userformat=\"{&quot;2&quot;:513,&quot;3&quot;:{&quot;1&quot;:0},&quot;12&quot;:0}\">Ingegneria per la Sostenibilit\u00e0 Industriale (L-9)<\/span><\/p>\n<p>[\/et_pb_blurb][et_pb_button button_url=&#8221;https:\/\/uniurb-it.zoom.us\/webinar\/register\/WN_-v_kSH1IS2mYPDuomAHmww&#8221; url_new_window=&#8221;on&#8221; button_text=&#8221;ISCRIVITI IL WEBINAR&#8221; disabled_on=&#8221;on|on|on&#8221; _builder_version=&#8221;4.17.2&#8243; _module_preset=&#8221;default&#8221; custom_button=&#8221;on&#8221; button_text_size=&#8221;16px&#8221; button_text_color=&#8221;#005092&#8243; button_border_width=&#8221;2px&#8221; button_border_radius=&#8221;10px&#8221; disabled=&#8221;on&#8221; global_colors_info=&#8221;{}&#8221;][\/et_pb_button][et_pb_button button_url=&#8221;https:\/\/uniurb-it.zoom.us\/rec\/share\/sUoUsVPVgCWsxIn9GeGr5_hm6jExt7rxr0wHX8CVZno9F0IfD79zt_EWSuxz2E1_.5AQDdLR2KtnLmR-1&#8243; url_new_window=&#8221;on&#8221; button_text=&#8221;GUARDA IL WEBINAR&#8221; _builder_version=&#8221;4.17.2&#8243; _module_preset=&#8221;default&#8221; custom_button=&#8221;on&#8221; button_text_size=&#8221;16px&#8221; button_text_color=&#8221;#005092&#8243; button_border_width=&#8221;2px&#8221; button_border_radius=&#8221;10px&#8221; global_colors_info=&#8221;{}&#8221;][\/et_pb_button][\/et_pb_column_inner][et_pb_column_inner type=&#8221;1_2&#8243; saved_specialty_column_type=&#8221;2_3&#8243; _builder_version=&#8221;4.16&#8243; global_colors_info=&#8221;{}&#8221;][et_pb_text _builder_version=&#8221;4.17.2&#8243; text_font=&#8221;Montserrat|600|||||||&#8221; text_line_height=&#8221;1.6em&#8221; locked=&#8221;off&#8221; global_colors_info=&#8221;{}&#8221;]<\/p>\n<p><span>All&#8217;Open Day dell&#8217;Universit\u00e0 di Urbino potrai partecipare a videochat con i docenti e tutor dei corsi per<strong> fare domande e ottenere risposte personalizzate sui programmi accademici<\/strong>. Non perdere questa opportunit\u00e0!<\/span><\/p>\n<p>[\/et_pb_text][\/et_pb_column_inner][\/et_pb_row_inner][\/et_pb_column][\/et_pb_section][et_pb_section fb_built=&#8221;1&#8243; specialty=&#8221;on&#8221; admin_label=&#8221;Timeline&#8221; _builder_version=&#8221;4.16&#8243; background_color=&#8221;#005092&#8243; global_colors_info=&#8221;{}&#8221;][et_pb_column type=&#8221;1_3&#8243; _builder_version=&#8221;4.16&#8243; custom_padding=&#8221;|||&#8221; global_colors_info=&#8221;{}&#8221; custom_padding__hover=&#8221;|||&#8221;][et_pb_text _builder_version=&#8221;4.16&#8243; text_font=&#8221;Montserrat|600|||||||&#8221; text_line_height=&#8221;1.8em&#8221; header_font=&#8221;Montserrat|700||on|||||&#8221; header_2_font=&#8221;Montserrat|500||on|||||&#8221; header_2_font_size=&#8221;80px&#8221; header_4_font=&#8221;Montserrat|600|||||||&#8221; header_4_text_color=&#8221;#005092&#8243; header_4_line_height=&#8221;1.4em&#8221; background_layout=&#8221;dark&#8221; header_2_font_size_tablet=&#8221;60px&#8221; header_2_font_size_phone=&#8221;35px&#8221; header_2_font_size_last_edited=&#8221;on|phone&#8221; header_4_font_size_tablet=&#8221;20px&#8221; header_4_font_size_phone=&#8221;14px&#8221; header_4_font_size_last_edited=&#8221;on|phone&#8221; locked=&#8221;off&#8221; global_colors_info=&#8221;{}&#8221;]<\/p>\n<h1><strong>Lauree<\/strong> Magistrali a ciclo unico<\/1><\/p>\n<h3>Quinquennali<\/3>[\/et_pb_text][\/et_pb_column][et_pb_column type=&#8221;2_3&#8243; specialty_columns=&#8221;2&#8243; _builder_version=&#8221;4.16&#8243; custom_padding=&#8221;|||&#8221; global_colors_info=&#8221;{}&#8221; custom_padding__hover=&#8221;|||&#8221;][et_pb_row_inner column_structure=&#8221;1_2,1_2&#8243; _builder_version=&#8221;4.16&#8243; custom_padding=&#8221;|||30px|false|false&#8221; border_color_all=&#8221;#FFFFFF&#8221; border_width_left=&#8221;2px&#8221; global_colors_info=&#8221;{}&#8221;][et_pb_column_inner type=&#8221;1_2&#8243; saved_specialty_column_type=&#8221;2_3&#8243; _builder_version=&#8221;4.16&#8243; global_colors_info=&#8221;{}&#8221;][et_pb_blurb title=&#8221;15 maggio 2023 ore 16:30&#8243; use_icon=&#8221;on&#8221; font_icon=&#8221;&#x5e;||divi||400&#8243; icon_color=&#8221;#FFFFFF&#8221; image_icon_background_color=&#8221;RGBA(255,255,255,0)&#8221; icon_placement=&#8221;left&#8221; image_icon_width=&#8221;40px&#8221; content_max_width=&#8221;100%&#8221; _builder_version=&#8221;4.17.2&#8243; header_level=&#8221;h5&#8243; header_font=&#8221;Montserrat|800||on|||||&#8221; header_text_align=&#8221;left&#8221; header_text_color=&#8221;#FFFFFF&#8221; header_line_height=&#8221;1.4em&#8221; body_font=&#8221;Montserrat|700|||||||&#8221; body_text_align=&#8221;left&#8221; body_text_color=&#8221;#FFFFFF&#8221; body_font_size=&#8221;18px&#8221; body_line_height=&#8221;1.4em&#8221; background_layout=&#8221;dark&#8221; custom_margin=&#8221;|||-51px|false|false&#8221; body_font_size_tablet=&#8221;18px&#8221; body_font_size_phone=&#8221;16px&#8221; body_font_size_last_edited=&#8221;on|desktop&#8221; icon_font_size=&#8221;40px&#8221; locked=&#8221;off&#8221; global_colors_info=&#8221;{}&#8221;]<\/p>\n<p><span data-sheets-value=\"{&quot;1&quot;:2,&quot;2&quot;:&quot;Conservazione e Restauro dei Beni Culturali (LMR\/02)&quot;}\" data-sheets-userformat=\"{&quot;2&quot;:513,&quot;3&quot;:{&quot;1&quot;:0},&quot;12&quot;:0}\">Conservazione e Restauro dei Beni Culturali (LMR\/02)<\/span><\/p>\n<p>[\/et_pb_blurb][et_pb_button button_url=&#8221;https:\/\/uniurb-it.zoom.us\/webinar\/register\/WN_zMWZHvFdQsWy7mORkc8AuA&#8221; url_new_window=&#8221;on&#8221; button_text=&#8221;ISCRIVITI AL WEBINAR&#8221; disabled_on=&#8221;on|on|on&#8221; _builder_version=&#8221;4.17.2&#8243; _module_preset=&#8221;default&#8221; custom_button=&#8221;on&#8221; button_text_size=&#8221;16px&#8221; button_text_color=&#8221;#FFFFFF&#8221; button_border_width=&#8221;2px&#8221; button_border_radius=&#8221;10px&#8221; background_layout=&#8221;dark&#8221; disabled=&#8221;on&#8221; global_colors_info=&#8221;{}&#8221;][\/et_pb_button][et_pb_button button_url=&#8221;https:\/\/uniurb-it.zoom.us\/rec\/share\/m4fGYjBwG8UOr7b4hV_r6lqLWvZf1g91WvPwW-zLgXYKnqjho2GWK3LSEI8xDYYm.Uy0GlotEzdREmYpA&#8221; url_new_window=&#8221;on&#8221; button_text=&#8221;GUARDA IL WEBINAR&#8221; _builder_version=&#8221;4.17.2&#8243; _module_preset=&#8221;default&#8221; custom_button=&#8221;on&#8221; button_text_size=&#8221;16px&#8221; button_text_color=&#8221;#FFFFFF&#8221; button_border_width=&#8221;2px&#8221; button_border_radius=&#8221;10px&#8221; background_layout=&#8221;dark&#8221; global_colors_info=&#8221;{}&#8221;][\/et_pb_button][\/et_pb_column_inner][et_pb_column_inner type=&#8221;1_2&#8243; saved_specialty_column_type=&#8221;2_3&#8243; _builder_version=&#8221;4.16&#8243; global_colors_info=&#8221;{}&#8221;][et_pb_text _builder_version=&#8221;4.16&#8243; text_font=&#8221;Montserrat|600|||||||&#8221; text_line_height=&#8221;1.6em&#8221; background_layout=&#8221;dark&#8221; locked=&#8221;off&#8221; global_colors_info=&#8221;{}&#8221;]<\/p>\n<p><span>All&#8217;Open Day dell&#8217;Universit\u00e0 di Urbino potrai partecipare a videochat con i docenti e tutor dei corsi per<strong> fare domande e ottenere risposte personalizzate sui programmi accademici<\/strong>. Non perdere questa opportunit\u00e0!<\/span><\/p>\n<p>[\/et_pb_text][\/et_pb_column_inner][\/et_pb_row_inner][et_pb_row_inner column_structure=&#8221;1_2,1_2&#8243; _builder_version=&#8221;4.16&#8243; custom_padding=&#8221;|||30px|false|false&#8221; border_color_all=&#8221;#FFFFFF&#8221; border_width_left=&#8221;2px&#8221; global_colors_info=&#8221;{}&#8221;][et_pb_column_inner type=&#8221;1_2&#8243; saved_specialty_column_type=&#8221;2_3&#8243; _builder_version=&#8221;4.16&#8243; global_colors_info=&#8221;{}&#8221;][et_pb_blurb title=&#8221;29 maggio 2023 ore 15:00&#8243; use_icon=&#8221;on&#8221; font_icon=&#8221;&#x5e;||divi||400&#8243; icon_color=&#8221;#FFFFFF&#8221; image_icon_background_color=&#8221;RGBA(255,255,255,0)&#8221; icon_placement=&#8221;left&#8221; image_icon_width=&#8221;40px&#8221; content_max_width=&#8221;100%&#8221; _builder_version=&#8221;4.17.2&#8243; header_level=&#8221;h5&#8243; header_font=&#8221;Montserrat|800||on|||||&#8221; header_text_align=&#8221;left&#8221; header_text_color=&#8221;#FFFFFF&#8221; header_line_height=&#8221;1.4em&#8221; body_font=&#8221;Montserrat|700|||||||&#8221; body_text_align=&#8221;left&#8221; body_text_color=&#8221;#FFFFFF&#8221; body_font_size=&#8221;18px&#8221; body_line_height=&#8221;1.4em&#8221; background_layout=&#8221;dark&#8221; custom_margin=&#8221;|||-51px|false|false&#8221; body_font_size_tablet=&#8221;18px&#8221; body_font_size_phone=&#8221;16px&#8221; body_font_size_last_edited=&#8221;on|desktop&#8221; icon_font_size=&#8221;40px&#8221; locked=&#8221;off&#8221; global_colors_info=&#8221;{}&#8221;]<\/p>\n<p><span data-sheets-value=\"{&quot;1&quot;:2,&quot;2&quot;:&quot;Scienze della Formazione Primaria (LM-85bis)&quot;}\" data-sheets-userformat=\"{&quot;2&quot;:513,&quot;3&quot;:{&quot;1&quot;:0},&quot;12&quot;:0}\">Scienze della Formazione Primaria (LM-85bis)<\/span><\/p>\n<p>[\/et_pb_blurb][et_pb_button button_url=&#8221;https:\/\/uniurb-it.zoom.us\/webinar\/register\/WN_HkDXUXUxTcK64gOEAXYjUg&#8221; url_new_window=&#8221;on&#8221; button_text=&#8221;ISCRIVITI AL WEBINAR&#8221; disabled_on=&#8221;on|on|on&#8221; _builder_version=&#8221;4.17.2&#8243; _module_preset=&#8221;default&#8221; custom_button=&#8221;on&#8221; button_text_size=&#8221;16px&#8221; button_text_color=&#8221;#FFFFFF&#8221; button_border_width=&#8221;2px&#8221; button_border_radius=&#8221;10px&#8221; background_layout=&#8221;dark&#8221; disabled=&#8221;on&#8221; global_colors_info=&#8221;{}&#8221;][\/et_pb_button][et_pb_button button_url=&#8221;https:\/\/uniurb-it.zoom.us\/rec\/share\/BqSDg6Te_zUlS-N-OxZTFiQOLe8eEi3LGm1FSXpZIWdvBvYgT1g74lDAg35Dtbhq.LkEBTPosU39PV6Vw&#8221; url_new_window=&#8221;on&#8221; button_text=&#8221;GUARDA AL WEBINAR&#8221; _builder_version=&#8221;4.17.2&#8243; _module_preset=&#8221;default&#8221; custom_button=&#8221;on&#8221; button_text_size=&#8221;16px&#8221; button_text_color=&#8221;#FFFFFF&#8221; button_border_width=&#8221;2px&#8221; button_border_radius=&#8221;10px&#8221; background_layout=&#8221;dark&#8221; global_colors_info=&#8221;{}&#8221;][\/et_pb_button][\/et_pb_column_inner][et_pb_column_inner type=&#8221;1_2&#8243; saved_specialty_column_type=&#8221;2_3&#8243; _builder_version=&#8221;4.16&#8243; global_colors_info=&#8221;{}&#8221;][et_pb_text _builder_version=&#8221;4.17.2&#8243; text_font=&#8221;Montserrat|600|||||||&#8221; text_line_height=&#8221;1.6em&#8221; background_layout=&#8221;dark&#8221; locked=&#8221;off&#8221; global_colors_info=&#8221;{}&#8221;]<\/p>\n<p><span>All&#8217;Open Day dell&#8217;Universit\u00e0 di Urbino potrai partecipare a videochat con i docenti e tutor dei corsi per<strong> fare domande e ottenere risposte personalizzate sui programmi accademici<\/strong>. Non perdere questa opportunit\u00e0!<\/span><\/p>\n<p>[\/et_pb_text][\/et_pb_column_inner][\/et_pb_row_inner][et_pb_row_inner column_structure=&#8221;1_2,1_2&#8243; _builder_version=&#8221;4.16&#8243; custom_padding=&#8221;|||30px|false|false&#8221; border_color_all=&#8221;#FFFFFF&#8221; border_width_left=&#8221;2px&#8221; global_colors_info=&#8221;{}&#8221;][et_pb_column_inner type=&#8221;1_2&#8243; saved_specialty_column_type=&#8221;2_3&#8243; _builder_version=&#8221;4.16&#8243; global_colors_info=&#8221;{}&#8221;][et_pb_blurb title=&#8221;29 maggio 2023 ore 16:30&#8243; use_icon=&#8221;on&#8221; font_icon=&#8221;&#x5e;||divi||400&#8243; icon_color=&#8221;#FFFFFF&#8221; image_icon_background_color=&#8221;RGBA(255,255,255,0)&#8221; icon_placement=&#8221;left&#8221; image_icon_width=&#8221;40px&#8221; content_max_width=&#8221;100%&#8221; _builder_version=&#8221;4.17.2&#8243; header_level=&#8221;h5&#8243; header_font=&#8221;Montserrat|800||on|||||&#8221; header_text_align=&#8221;left&#8221; header_text_color=&#8221;#FFFFFF&#8221; header_line_height=&#8221;1.4em&#8221; body_font=&#8221;Montserrat|700|||||||&#8221; body_text_align=&#8221;left&#8221; body_text_color=&#8221;#FFFFFF&#8221; body_font_size=&#8221;18px&#8221; body_line_height=&#8221;1.4em&#8221; background_layout=&#8221;dark&#8221; custom_margin=&#8221;|||-51px|false|false&#8221; body_font_size_tablet=&#8221;18px&#8221; body_font_size_phone=&#8221;16px&#8221; body_font_size_last_edited=&#8221;on|desktop&#8221; icon_font_size=&#8221;40px&#8221; locked=&#8221;off&#8221; global_colors_info=&#8221;{}&#8221;]<\/p>\n<p>Giurisprudenza (LMG\/01)<\/p>\n<p>[\/et_pb_blurb][et_pb_button button_url=&#8221;https:\/\/uniurb-it.zoom.us\/webinar\/register\/WN_3OhUJTfGQBeCZlK_9Uo8AA&#8221; url_new_window=&#8221;on&#8221; button_text=&#8221;ISCRIVITI IL WEBINAR&#8221; disabled_on=&#8221;on|on|on&#8221; _builder_version=&#8221;4.17.2&#8243; _module_preset=&#8221;default&#8221; custom_button=&#8221;on&#8221; button_text_size=&#8221;16px&#8221; button_text_color=&#8221;#FFFFFF&#8221; button_border_width=&#8221;2px&#8221; button_border_radius=&#8221;10px&#8221; background_layout=&#8221;dark&#8221; disabled=&#8221;on&#8221; global_colors_info=&#8221;{}&#8221;][\/et_pb_button][et_pb_button button_url=&#8221;https:\/\/uniurb-it.zoom.us\/rec\/share\/vCrXUBolcGUSf8PfLB_9BJ4TT_FNYxN8daCNicFwLoK00mKKX_fWGywAvqghgWtw.kxvhjQj_FnS-mhFl&#8221; url_new_window=&#8221;on&#8221; button_text=&#8221;GUARDA IL WEBINAR&#8221; _builder_version=&#8221;4.17.2&#8243; _module_preset=&#8221;default&#8221; custom_button=&#8221;on&#8221; button_text_size=&#8221;16px&#8221; button_text_color=&#8221;#FFFFFF&#8221; button_border_width=&#8221;2px&#8221; button_border_radius=&#8221;10px&#8221; background_layout=&#8221;dark&#8221; global_colors_info=&#8221;{}&#8221;][\/et_pb_button][\/et_pb_column_inner][et_pb_column_inner type=&#8221;1_2&#8243; saved_specialty_column_type=&#8221;2_3&#8243; _builder_version=&#8221;4.16&#8243; global_colors_info=&#8221;{}&#8221;][et_pb_text _builder_version=&#8221;4.16&#8243; text_font=&#8221;Montserrat|600|||||||&#8221; text_line_height=&#8221;1.6em&#8221; background_layout=&#8221;dark&#8221; locked=&#8221;off&#8221; global_colors_info=&#8221;{}&#8221;]<\/p>\n<p><span>All&#8217;Open Day dell&#8217;Universit\u00e0 di Urbino potrai partecipare a videochat con i docenti e tutor dei corsi per<strong> fare domande e ottenere risposte personalizzate sui programmi accademici<\/strong>. Non perdere questa opportunit\u00e0!<\/span><\/p>\n<p>[\/et_pb_text][\/et_pb_column_inner][\/et_pb_row_inner][et_pb_row_inner column_structure=&#8221;1_2,1_2&#8243; _builder_version=&#8221;4.16&#8243; custom_padding=&#8221;|||30px|false|false&#8221; border_color_all=&#8221;#FFFFFF&#8221; border_width_left=&#8221;2px&#8221; global_colors_info=&#8221;{}&#8221;][et_pb_column_inner type=&#8221;1_2&#8243; saved_specialty_column_type=&#8221;2_3&#8243; _builder_version=&#8221;4.16&#8243; global_colors_info=&#8221;{}&#8221;][et_pb_blurb title=&#8221;12 giugno 2023 ore 15:00&#8243; use_icon=&#8221;on&#8221; font_icon=&#8221;&#x5e;||divi||400&#8243; icon_color=&#8221;#FFFFFF&#8221; image_icon_background_color=&#8221;RGBA(255,255,255,0)&#8221; icon_placement=&#8221;left&#8221; image_icon_width=&#8221;40px&#8221; content_max_width=&#8221;100%&#8221; _builder_version=&#8221;4.17.2&#8243; header_level=&#8221;h5&#8243; header_font=&#8221;Montserrat|800||on|||||&#8221; header_text_align=&#8221;left&#8221; header_text_color=&#8221;#FFFFFF&#8221; header_line_height=&#8221;1.4em&#8221; body_font=&#8221;Montserrat|700|||||||&#8221; body_text_align=&#8221;left&#8221; body_text_color=&#8221;#FFFFFF&#8221; body_font_size=&#8221;18px&#8221; body_line_height=&#8221;1.4em&#8221; background_layout=&#8221;dark&#8221; custom_margin=&#8221;|||-51px|false|false&#8221; body_font_size_tablet=&#8221;18px&#8221; body_font_size_phone=&#8221;16px&#8221; body_font_size_last_edited=&#8221;on|desktop&#8221; icon_font_size=&#8221;40px&#8221; locked=&#8221;off&#8221; global_colors_info=&#8221;{}&#8221;]<\/p>\n<p>Farmacia (LM-13)<\/p>\n<p>[\/et_pb_blurb][et_pb_button button_url=&#8221;https:\/\/uniurb-it.zoom.us\/webinar\/register\/WN_vYhKT7ULQXexB_3IL_aOYw&#8221; url_new_window=&#8221;on&#8221; button_text=&#8221;ISCRIVITI AL WEBINAR&#8221; disabled_on=&#8221;on|on|on&#8221; _builder_version=&#8221;4.17.2&#8243; _module_preset=&#8221;default&#8221; custom_button=&#8221;on&#8221; button_text_size=&#8221;16px&#8221; button_text_color=&#8221;#FFFFFF&#8221; button_border_width=&#8221;2px&#8221; button_border_radius=&#8221;10px&#8221; background_layout=&#8221;dark&#8221; disabled=&#8221;on&#8221; global_colors_info=&#8221;{}&#8221;][\/et_pb_button][et_pb_button button_url=&#8221;https:\/\/uniurb-it.zoom.us\/rec\/share\/ZLafp3De-inSjA2G3mD6SUaMhq26ZQqee38DJi57jhtjpF6KAAXA8R-RnFj2HVps.g2UxpeWRiJI38q5k&#8221; url_new_window=&#8221;on&#8221; button_text=&#8221;GUARDA IL WEBINAR&#8221; _builder_version=&#8221;4.17.2&#8243; _module_preset=&#8221;default&#8221; custom_button=&#8221;on&#8221; button_text_size=&#8221;16px&#8221; button_text_color=&#8221;#FFFFFF&#8221; button_border_width=&#8221;2px&#8221; button_border_radius=&#8221;10px&#8221; background_layout=&#8221;dark&#8221; global_colors_info=&#8221;{}&#8221;][\/et_pb_button][\/et_pb_column_inner][et_pb_column_inner type=&#8221;1_2&#8243; saved_specialty_column_type=&#8221;2_3&#8243; _builder_version=&#8221;4.16&#8243; global_colors_info=&#8221;{}&#8221;][et_pb_text _builder_version=&#8221;4.16&#8243; text_font=&#8221;Montserrat|600|||||||&#8221; text_line_height=&#8221;1.6em&#8221; background_layout=&#8221;dark&#8221; locked=&#8221;off&#8221; global_colors_info=&#8221;{}&#8221;]<\/p>\n<p><span>All&#8217;Open Day dell&#8217;Universit\u00e0 di Urbino potrai partecipare a videochat con i docenti e tutor dei corsi per<strong> fare domande e ottenere risposte personalizzate sui programmi accademici<\/strong>. Non perdere questa opportunit\u00e0!<\/span><\/p>\n<p>[\/et_pb_text][\/et_pb_column_inner][\/et_pb_row_inner][et_pb_row_inner column_structure=&#8221;1_2,1_2&#8243; _builder_version=&#8221;4.16&#8243; custom_padding=&#8221;|||30px|false|false&#8221; border_color_all=&#8221;#FFFFFF&#8221; border_width_left=&#8221;2px&#8221; global_colors_info=&#8221;{}&#8221;][et_pb_column_inner type=&#8221;1_2&#8243; saved_specialty_column_type=&#8221;2_3&#8243; _builder_version=&#8221;4.16&#8243; global_colors_info=&#8221;{}&#8221;][et_pb_blurb title=&#8221;12 giugno 2023 ore 15:00&#8243; use_icon=&#8221;on&#8221; font_icon=&#8221;&#x5e;||divi||400&#8243; icon_color=&#8221;#FFFFFF&#8221; image_icon_background_color=&#8221;RGBA(255,255,255,0)&#8221; icon_placement=&#8221;left&#8221; image_icon_width=&#8221;40px&#8221; content_max_width=&#8221;100%&#8221; _builder_version=&#8221;4.17.2&#8243; header_level=&#8221;h5&#8243; header_font=&#8221;Montserrat|800||on|||||&#8221; header_text_align=&#8221;left&#8221; header_text_color=&#8221;#FFFFFF&#8221; header_line_height=&#8221;1.4em&#8221; body_font=&#8221;Montserrat|700|||||||&#8221; body_text_align=&#8221;left&#8221; body_text_color=&#8221;#FFFFFF&#8221; body_font_size=&#8221;18px&#8221; body_line_height=&#8221;1.4em&#8221; background_layout=&#8221;dark&#8221; custom_margin=&#8221;|||-51px|false|false&#8221; body_font_size_tablet=&#8221;18px&#8221; body_font_size_phone=&#8221;16px&#8221; body_font_size_last_edited=&#8221;on|desktop&#8221; icon_font_size=&#8221;40px&#8221; locked=&#8221;off&#8221; global_colors_info=&#8221;{}&#8221;]<\/p>\n<p>Chimica e Tecnologia Farmaceutiche (LM-13)<\/p>\n<p>[\/et_pb_blurb][et_pb_button button_url=&#8221;https:\/\/uniurb-it.zoom.us\/webinar\/register\/WN_vYhKT7ULQXexB_3IL_aOYw&#8221; url_new_window=&#8221;on&#8221; button_text=&#8221;ISCRIVITI AL WEBINAR&#8221; disabled_on=&#8221;on|on|on&#8221; _builder_version=&#8221;4.17.2&#8243; _module_preset=&#8221;default&#8221; custom_button=&#8221;on&#8221; button_text_size=&#8221;16px&#8221; button_text_color=&#8221;#FFFFFF&#8221; button_border_width=&#8221;2px&#8221; button_border_radius=&#8221;10px&#8221; background_layout=&#8221;dark&#8221; disabled=&#8221;on&#8221; global_colors_info=&#8221;{}&#8221;][\/et_pb_button][et_pb_button button_url=&#8221;https:\/\/uniurb-it.zoom.us\/rec\/share\/ZLafp3De-inSjA2G3mD6SUaMhq26ZQqee38DJi57jhtjpF6KAAXA8R-RnFj2HVps.g2UxpeWRiJI38q5k&#8221; url_new_window=&#8221;on&#8221; button_text=&#8221;GUARDA IL WEBINAR&#8221; _builder_version=&#8221;4.17.2&#8243; _module_preset=&#8221;default&#8221; custom_button=&#8221;on&#8221; button_text_size=&#8221;16px&#8221; button_text_color=&#8221;#FFFFFF&#8221; button_border_width=&#8221;2px&#8221; button_border_radius=&#8221;10px&#8221; background_layout=&#8221;dark&#8221; global_colors_info=&#8221;{}&#8221;][\/et_pb_button][\/et_pb_column_inner][et_pb_column_inner type=&#8221;1_2&#8243; saved_specialty_column_type=&#8221;2_3&#8243; _builder_version=&#8221;4.16&#8243; global_colors_info=&#8221;{}&#8221;][et_pb_text _builder_version=&#8221;4.16&#8243; text_font=&#8221;Montserrat|600|||||||&#8221; text_line_height=&#8221;1.6em&#8221; background_layout=&#8221;dark&#8221; locked=&#8221;off&#8221; global_colors_info=&#8221;{}&#8221;]<\/p>\n<p><span>All&#8217;Open Day dell&#8217;Universit\u00e0 di Urbino potrai partecipare a videochat con i docenti e tutor dei corsi per<strong> fare domande e ottenere risposte personalizzate sui programmi accademici<\/strong>. Non perdere questa opportunit\u00e0!<\/span><\/p>\n<p>[\/et_pb_text][\/et_pb_column_inner][\/et_pb_row_inner][\/et_pb_column][\/et_pb_section][et_pb_section fb_built=&#8221;1&#8243; specialty=&#8221;on&#8221; admin_label=&#8221;Timeline&#8221; _builder_version=&#8221;4.16&#8243; background_color=&#8221;#efefef&#8221; global_colors_info=&#8221;{}&#8221;][et_pb_column type=&#8221;1_3&#8243; _builder_version=&#8221;4.16&#8243; custom_padding=&#8221;|||&#8221; global_colors_info=&#8221;{}&#8221; custom_padding__hover=&#8221;|||&#8221;][et_pb_text _builder_version=&#8221;4.16&#8243; text_font=&#8221;Montserrat|600|||||||&#8221; text_line_height=&#8221;1.8em&#8221; header_font=&#8221;Montserrat|700||on|||||&#8221; header_2_font=&#8221;Montserrat|500||on|||||&#8221; header_2_font_size=&#8221;80px&#8221; header_4_font=&#8221;Montserrat|600|||||||&#8221; header_4_text_color=&#8221;#005092&#8243; header_4_line_height=&#8221;1.4em&#8221; header_2_font_size_tablet=&#8221;60px&#8221; header_2_font_size_phone=&#8221;35px&#8221; header_2_font_size_last_edited=&#8221;on|phone&#8221; header_4_font_size_tablet=&#8221;20px&#8221; header_4_font_size_phone=&#8221;14px&#8221; header_4_font_size_last_edited=&#8221;on|phone&#8221; locked=&#8221;off&#8221; global_colors_info=&#8221;{}&#8221;]<\/p>\n<h1><strong>Lauree Magistrali<\/strong><\/1><\/p>\n<h3>Biennali<\/3>[\/et_pb_text][\/et_pb_column][et_pb_column type=&#8221;2_3&#8243; specialty_columns=&#8221;2&#8243; _builder_version=&#8221;4.16&#8243; custom_padding=&#8221;|||&#8221; global_colors_info=&#8221;{}&#8221; custom_padding__hover=&#8221;|||&#8221;][et_pb_row_inner column_structure=&#8221;1_2,1_2&#8243; _builder_version=&#8221;4.17.2&#8243; custom_padding=&#8221;|||30px|false|false&#8221; border_color_all=&#8221;#005092&#8243; border_width_left=&#8221;2px&#8221; global_colors_info=&#8221;{}&#8221;][et_pb_column_inner type=&#8221;1_2&#8243; saved_specialty_column_type=&#8221;2_3&#8243; _builder_version=&#8221;4.16&#8243; global_colors_info=&#8221;{}&#8221;][et_pb_blurb title=&#8221;20 aprile 2023 ore 16:30&#8243; use_icon=&#8221;on&#8221; font_icon=&#8221;&#x5e;||divi||400&#8243; icon_color=&#8221;#005092&#8243; icon_placement=&#8221;left&#8221; image_icon_width=&#8221;40px&#8221; content_max_width=&#8221;100%&#8221; _builder_version=&#8221;4.17.2&#8243; header_level=&#8221;h5&#8243; header_font=&#8221;Montserrat|800||on|||||&#8221; header_text_align=&#8221;left&#8221; header_text_color=&#8221;#005092&#8243; header_line_height=&#8221;1.4em&#8221; body_font=&#8221;Montserrat|700|||||||&#8221; body_text_align=&#8221;left&#8221; body_text_color=&#8221;#000000&#8243; body_font_size=&#8221;18px&#8221; body_line_height=&#8221;1.4em&#8221; custom_margin=&#8221;|||-51px|false|false&#8221; body_font_size_tablet=&#8221;18px&#8221; body_font_size_phone=&#8221;16px&#8221; body_font_size_last_edited=&#8221;on|desktop&#8221; icon_font_size=&#8221;40px&#8221; locked=&#8221;off&#8221; global_colors_info=&#8221;{}&#8221;]<\/p>\n<p><span data-sheets-value=\"{&quot;1&quot;:2,&quot;2&quot;:&quot;Lettere Classiche e Moderne (LM-14 \/ LM-15)&quot;}\" data-sheets-userformat=\"{&quot;2&quot;:513,&quot;3&quot;:{&quot;1&quot;:0},&quot;12&quot;:0}\">Lettere Classiche e Moderne (LM-14 \/ LM-15)<\/span><\/p>\n<p>[\/et_pb_blurb][et_pb_button button_url=&#8221;https:\/\/uniurb-it.zoom.us\/webinar\/register\/WN_lkxMxR2XStqpj58Y-xfpVQ&#8221; url_new_window=&#8221;on&#8221; button_text=&#8221;ISCRIVITI IL WEBINAR&#8221; disabled_on=&#8221;on|on|on&#8221; _builder_version=&#8221;4.17.2&#8243; _module_preset=&#8221;default&#8221; custom_button=&#8221;on&#8221; button_text_size=&#8221;16px&#8221; button_text_color=&#8221;#005092&#8243; button_border_width=&#8221;2px&#8221; button_border_radius=&#8221;10px&#8221; disabled=&#8221;on&#8221; global_colors_info=&#8221;{}&#8221;][\/et_pb_button][et_pb_button button_url=&#8221;https:\/\/uniurb-it.zoom.us\/rec\/share\/IQazmsBb8YLAfsC0nLcwlIcdkISKBeZvA5dDDSKwhzHkDUNzzQcWnqDmt3yWg8gK.upGJC3i24voHm3X6&#8243; url_new_window=&#8221;on&#8221; button_text=&#8221;GUARDA IL WEBINAR&#8221; _builder_version=&#8221;4.17.2&#8243; _module_preset=&#8221;default&#8221; custom_button=&#8221;on&#8221; button_text_size=&#8221;16px&#8221; button_text_color=&#8221;#005092&#8243; button_border_width=&#8221;2px&#8221; button_border_radius=&#8221;10px&#8221; global_colors_info=&#8221;{}&#8221;][\/et_pb_button][\/et_pb_column_inner][et_pb_column_inner type=&#8221;1_2&#8243; saved_specialty_column_type=&#8221;2_3&#8243; _builder_version=&#8221;4.16&#8243; global_colors_info=&#8221;{}&#8221;][et_pb_text _builder_version=&#8221;4.16&#8243; text_font=&#8221;Montserrat|600|||||||&#8221; text_line_height=&#8221;1.6em&#8221; locked=&#8221;off&#8221; global_colors_info=&#8221;{}&#8221;]<\/p>\n<p><span>All&#8217;Open Day dell&#8217;Universit\u00e0 di Urbino potrai partecipare a videochat con i docenti e tutor dei corsi per<strong> fare domande e ottenere risposte personalizzate sui programmi accademici<\/strong>. Non perdere questa opportunit\u00e0!<\/span><\/p>\n<p>[\/et_pb_text][\/et_pb_column_inner][\/et_pb_row_inner][et_pb_row_inner column_structure=&#8221;1_2,1_2&#8243; _builder_version=&#8221;4.17.2&#8243; custom_padding=&#8221;|||30px|false|false&#8221; border_color_all=&#8221;#005092&#8243; border_width_left=&#8221;2px&#8221; global_colors_info=&#8221;{}&#8221;][et_pb_column_inner type=&#8221;1_2&#8243; saved_specialty_column_type=&#8221;2_3&#8243; _builder_version=&#8221;4.16&#8243; global_colors_info=&#8221;{}&#8221;][et_pb_blurb title=&#8221;20 aprile 2023 ore 16:30&#8243; use_icon=&#8221;on&#8221; font_icon=&#8221;&#x5e;||divi||400&#8243; icon_color=&#8221;#005092&#8243; icon_placement=&#8221;left&#8221; image_icon_width=&#8221;40px&#8221; content_max_width=&#8221;100%&#8221; _builder_version=&#8221;4.17.2&#8243; header_level=&#8221;h5&#8243; header_font=&#8221;Montserrat|800||on|||||&#8221; header_text_align=&#8221;left&#8221; header_text_color=&#8221;#005092&#8243; header_line_height=&#8221;1.4em&#8221; body_font=&#8221;Montserrat|700|||||||&#8221; body_text_align=&#8221;left&#8221; body_text_color=&#8221;#000000&#8243; body_font_size=&#8221;18px&#8221; body_line_height=&#8221;1.4em&#8221; custom_margin=&#8221;|||-51px|false|false&#8221; body_font_size_tablet=&#8221;18px&#8221; body_font_size_phone=&#8221;16px&#8221; body_font_size_last_edited=&#8221;on|desktop&#8221; icon_font_size=&#8221;40px&#8221; locked=&#8221;off&#8221; global_colors_info=&#8221;{}&#8221;]<\/p>\n<p><span data-sheets-value=\"{&quot;1&quot;:2,&quot;2&quot;:&quot;Storia dell'Arte (LM-89)&quot;}\" data-sheets-userformat=\"{&quot;2&quot;:513,&quot;3&quot;:{&quot;1&quot;:0},&quot;12&quot;:0}\">Storia dell&#8217;Arte (LM-89)<\/span><\/p>\n<p>[\/et_pb_blurb][et_pb_button button_url=&#8221;https:\/\/uniurb-it.zoom.us\/webinar\/register\/WN_lkxMxR2XStqpj58Y-xfpVQ&#8221; url_new_window=&#8221;on&#8221; button_text=&#8221;ISCRIVITI IL WEBINAR&#8221; disabled_on=&#8221;on|on|on&#8221; _builder_version=&#8221;4.17.2&#8243; _module_preset=&#8221;default&#8221; custom_button=&#8221;on&#8221; button_text_size=&#8221;16px&#8221; button_text_color=&#8221;#005092&#8243; button_border_width=&#8221;2px&#8221; button_border_radius=&#8221;10px&#8221; disabled=&#8221;on&#8221; global_colors_info=&#8221;{}&#8221;][\/et_pb_button][et_pb_button button_url=&#8221;https:\/\/uniurb-it.zoom.us\/rec\/share\/IQazmsBb8YLAfsC0nLcwlIcdkISKBeZvA5dDDSKwhzHkDUNzzQcWnqDmt3yWg8gK.upGJC3i24voHm3X6&#8243; url_new_window=&#8221;on&#8221; button_text=&#8221;GUARDA IL WEBINAR&#8221; _builder_version=&#8221;4.17.2&#8243; _module_preset=&#8221;default&#8221; custom_button=&#8221;on&#8221; button_text_size=&#8221;16px&#8221; button_text_color=&#8221;#005092&#8243; button_border_width=&#8221;2px&#8221; button_border_radius=&#8221;10px&#8221; global_colors_info=&#8221;{}&#8221;][\/et_pb_button][\/et_pb_column_inner][et_pb_column_inner type=&#8221;1_2&#8243; saved_specialty_column_type=&#8221;2_3&#8243; _builder_version=&#8221;4.16&#8243; global_colors_info=&#8221;{}&#8221;][et_pb_text _builder_version=&#8221;4.16&#8243; text_font=&#8221;Montserrat|600|||||||&#8221; text_line_height=&#8221;1.6em&#8221; locked=&#8221;off&#8221; global_colors_info=&#8221;{}&#8221;]<\/p>\n<p><span>All&#8217;Open Day dell&#8217;Universit\u00e0 di Urbino potrai partecipare a videochat con i docenti e tutor dei corsi per<strong> fare domande e ottenere risposte personalizzate sui programmi accademici<\/strong>. Non perdere questa opportunit\u00e0!<\/span><\/p>\n<p>[\/et_pb_text][\/et_pb_column_inner][\/et_pb_row_inner][et_pb_row_inner column_structure=&#8221;1_2,1_2&#8243; _builder_version=&#8221;4.17.2&#8243; custom_padding=&#8221;|||30px|false|false&#8221; border_color_all=&#8221;#005092&#8243; border_width_left=&#8221;2px&#8221; global_colors_info=&#8221;{}&#8221;][et_pb_column_inner type=&#8221;1_2&#8243; saved_specialty_column_type=&#8221;2_3&#8243; _builder_version=&#8221;4.16&#8243; global_colors_info=&#8221;{}&#8221;][et_pb_blurb title=&#8221;26 aprile 2023 ore 15:00&#8243; use_icon=&#8221;on&#8221; font_icon=&#8221;&#x5e;||divi||400&#8243; icon_color=&#8221;#005092&#8243; icon_placement=&#8221;left&#8221; image_icon_width=&#8221;40px&#8221; content_max_width=&#8221;100%&#8221; _builder_version=&#8221;4.17.2&#8243; header_level=&#8221;h5&#8243; header_font=&#8221;Montserrat|800||on|||||&#8221; header_text_align=&#8221;left&#8221; header_text_color=&#8221;#005092&#8243; header_line_height=&#8221;1.4em&#8221; body_font=&#8221;Montserrat|700|||||||&#8221; body_text_align=&#8221;left&#8221; body_text_color=&#8221;#000000&#8243; body_font_size=&#8221;18px&#8221; body_line_height=&#8221;1.4em&#8221; custom_margin=&#8221;|||-51px|false|false&#8221; body_font_size_tablet=&#8221;18px&#8221; body_font_size_phone=&#8221;16px&#8221; body_font_size_last_edited=&#8221;on|desktop&#8221; icon_font_size=&#8221;40px&#8221; locked=&#8221;off&#8221; global_colors_info=&#8221;{}&#8221;]<\/p>\n<p><span data-sheets-value=\"{&quot;1&quot;:2,&quot;2&quot;:&quot;Filosofia dell'Informazione. Teoria e Gestione della Conoscenza (LM-78)&quot;}\" data-sheets-userformat=\"{&quot;2&quot;:513,&quot;3&quot;:{&quot;1&quot;:0},&quot;12&quot;:0}\">Filosofia dell&#8217;Informazione. Teoria e Gestione della Conoscenza (LM-78)<\/span><\/p>\n<p>[\/et_pb_blurb][et_pb_button button_url=&#8221;https:\/\/uniurb-it.zoom.us\/webinar\/register\/WN__laYn2ewTQiAcF-5uz7RGg&#8221; url_new_window=&#8221;on&#8221; button_text=&#8221;ISCRIVITI IL WEBINAR&#8221; disabled_on=&#8221;on|on|on&#8221; _builder_version=&#8221;4.17.2&#8243; _module_preset=&#8221;default&#8221; custom_button=&#8221;on&#8221; button_text_size=&#8221;16px&#8221; button_text_color=&#8221;#005092&#8243; button_border_width=&#8221;2px&#8221; button_border_radius=&#8221;10px&#8221; disabled=&#8221;on&#8221; global_colors_info=&#8221;{}&#8221;][\/et_pb_button][et_pb_button button_url=&#8221;https:\/\/uniurb-it.zoom.us\/rec\/share\/Vz8nL-kCYGT2k2OH8OUgktmWTuAVTV1ZCNw6wxhdcfap6NUEhxESKYvRV2l4Pz8b.NAUHIlYGWlF2M2gl&#8221; url_new_window=&#8221;on&#8221; button_text=&#8221;GUARDA IL WEBINAR&#8221; _builder_version=&#8221;4.17.2&#8243; _module_preset=&#8221;default&#8221; custom_button=&#8221;on&#8221; button_text_size=&#8221;16px&#8221; button_text_color=&#8221;#005092&#8243; button_border_width=&#8221;2px&#8221; button_border_radius=&#8221;10px&#8221; global_colors_info=&#8221;{}&#8221;][\/et_pb_button][\/et_pb_column_inner][et_pb_column_inner type=&#8221;1_2&#8243; saved_specialty_column_type=&#8221;2_3&#8243; _builder_version=&#8221;4.16&#8243; global_colors_info=&#8221;{}&#8221;][et_pb_text _builder_version=&#8221;4.16&#8243; text_font=&#8221;Montserrat|600|||||||&#8221; text_line_height=&#8221;1.6em&#8221; locked=&#8221;off&#8221; global_colors_info=&#8221;{}&#8221;]<\/p>\n<p><span>All&#8217;Open Day dell&#8217;Universit\u00e0 di Urbino potrai partecipare a videochat con i docenti e tutor dei corsi per<strong> fare domande e ottenere risposte personalizzate sui programmi accademici<\/strong>. Non perdere questa opportunit\u00e0!<\/span><\/p>\n<p>[\/et_pb_text][\/et_pb_column_inner][\/et_pb_row_inner][et_pb_row_inner column_structure=&#8221;1_2,1_2&#8243; _builder_version=&#8221;4.17.2&#8243; custom_padding=&#8221;|||30px|false|false&#8221; border_color_all=&#8221;#005092&#8243; border_width_left=&#8221;2px&#8221; global_colors_info=&#8221;{}&#8221;][et_pb_column_inner type=&#8221;1_2&#8243; saved_specialty_column_type=&#8221;2_3&#8243; _builder_version=&#8221;4.16&#8243; global_colors_info=&#8221;{}&#8221;][et_pb_blurb title=&#8221;8 maggio 2023 ore 16:30&#8243; use_icon=&#8221;on&#8221; font_icon=&#8221;&#x5e;||divi||400&#8243; icon_color=&#8221;#005092&#8243; icon_placement=&#8221;left&#8221; image_icon_width=&#8221;40px&#8221; content_max_width=&#8221;100%&#8221; _builder_version=&#8221;4.17.2&#8243; header_level=&#8221;h5&#8243; header_font=&#8221;Montserrat|800||on|||||&#8221; header_text_align=&#8221;left&#8221; header_text_color=&#8221;#005092&#8243; header_line_height=&#8221;1.4em&#8221; body_font=&#8221;Montserrat|700|||||||&#8221; body_text_align=&#8221;left&#8221; body_text_color=&#8221;#000000&#8243; body_font_size=&#8221;18px&#8221; body_line_height=&#8221;1.4em&#8221; custom_margin=&#8221;|||-51px|false|false&#8221; body_font_size_tablet=&#8221;18px&#8221; body_font_size_phone=&#8221;16px&#8221; body_font_size_last_edited=&#8221;on|desktop&#8221; icon_font_size=&#8221;40px&#8221; locked=&#8221;off&#8221; global_colors_info=&#8221;{}&#8221;]Geologia Ambientale e Gestione del Territorio (LM-74)[\/et_pb_blurb][et_pb_button button_url=&#8221;https:\/\/uniurb-it.zoom.us\/webinar\/register\/WN_WSLDO0ZLTP2A6pVIXmWNCQ&#8221; url_new_window=&#8221;on&#8221; button_text=&#8221;ISCRIVITI IL WEBINAR&#8221; disabled_on=&#8221;on|on|on&#8221; _builder_version=&#8221;4.17.2&#8243; _module_preset=&#8221;default&#8221; custom_button=&#8221;on&#8221; button_text_size=&#8221;16px&#8221; button_text_color=&#8221;#005092&#8243; button_border_width=&#8221;2px&#8221; button_border_radius=&#8221;10px&#8221; disabled=&#8221;on&#8221; global_colors_info=&#8221;{}&#8221;][\/et_pb_button][et_pb_button button_url=&#8221;https:\/\/uniurb-it.zoom.us\/rec\/share\/GE_ek3qpVzA0KFtYLzylfXM_C2WfrxQ7Yd3NOGPIWM6uC2L9x5UnGgh83CyhBbI.fpHaeYuZ4Fs6Voyb&#8221; url_new_window=&#8221;on&#8221; button_text=&#8221;GUARDA IL WEBINAR&#8221; _builder_version=&#8221;4.17.2&#8243; _module_preset=&#8221;default&#8221; custom_button=&#8221;on&#8221; button_text_size=&#8221;16px&#8221; button_text_color=&#8221;#005092&#8243; button_border_width=&#8221;2px&#8221; button_border_radius=&#8221;10px&#8221; global_colors_info=&#8221;{}&#8221;][\/et_pb_button][\/et_pb_column_inner][et_pb_column_inner type=&#8221;1_2&#8243; saved_specialty_column_type=&#8221;2_3&#8243; _builder_version=&#8221;4.16&#8243; global_colors_info=&#8221;{}&#8221;][et_pb_text _builder_version=&#8221;4.16&#8243; text_font=&#8221;Montserrat|600|||||||&#8221; text_line_height=&#8221;1.6em&#8221; locked=&#8221;off&#8221; global_colors_info=&#8221;{}&#8221;]<\/p>\n<p><span>All&#8217;Open Day dell&#8217;Universit\u00e0 di Urbino potrai partecipare a videochat con i docenti e tutor dei corsi per<strong> fare domande e ottenere risposte personalizzate sui programmi accademici<\/strong>. Non perdere questa opportunit\u00e0!<\/span><\/p>\n<p>[\/et_pb_text][\/et_pb_column_inner][\/et_pb_row_inner][et_pb_row_inner column_structure=&#8221;1_2,1_2&#8243; _builder_version=&#8221;4.17.2&#8243; custom_padding=&#8221;|||30px|false|false&#8221; border_color_all=&#8221;#005092&#8243; border_width_left=&#8221;2px&#8221; global_colors_info=&#8221;{}&#8221;][et_pb_column_inner type=&#8221;1_2&#8243; saved_specialty_column_type=&#8221;2_3&#8243; _builder_version=&#8221;4.16&#8243; global_colors_info=&#8221;{}&#8221;][et_pb_blurb title=&#8221;11 maggio 2023 ore 15:00&#8243; use_icon=&#8221;on&#8221; font_icon=&#8221;&#x5e;||divi||400&#8243; icon_color=&#8221;#005092&#8243; icon_placement=&#8221;left&#8221; image_icon_width=&#8221;40px&#8221; content_max_width=&#8221;100%&#8221; _builder_version=&#8221;4.17.2&#8243; header_level=&#8221;h5&#8243; header_font=&#8221;Montserrat|800||on|||||&#8221; header_text_align=&#8221;left&#8221; header_text_color=&#8221;#005092&#8243; header_line_height=&#8221;1.4em&#8221; body_font=&#8221;Montserrat|700|||||||&#8221; body_text_align=&#8221;left&#8221; body_text_color=&#8221;#000000&#8243; body_font_size=&#8221;18px&#8221; body_line_height=&#8221;1.4em&#8221; custom_margin=&#8221;|||-51px|false|false&#8221; body_font_size_tablet=&#8221;18px&#8221; body_font_size_phone=&#8221;16px&#8221; body_font_size_last_edited=&#8221;on|desktop&#8221; icon_font_size=&#8221;40px&#8221; locked=&#8221;off&#8221; global_colors_info=&#8221;{}&#8221;]<\/p>\n<p><span data-sheets-value=\"{&quot;1&quot;:2,&quot;2&quot;:&quot;Biotecnologie mediche per la diagnostica e la terapia (LM-9)&quot;}\" data-sheets-userformat=\"{&quot;2&quot;:513,&quot;3&quot;:{&quot;1&quot;:0},&quot;12&quot;:0}\">Biotecnologie mediche per la diagnostica e la terapia (LM-9)<\/span><\/p>\n<p>[\/et_pb_blurb][et_pb_button button_url=&#8221;https:\/\/uniurb-it.zoom.us\/webinar\/register\/WN_F599lnZ3RwiPc7ax4o8pdQ&#8221; url_new_window=&#8221;on&#8221; button_text=&#8221;ISCRIVITI IL WEBINAR&#8221; disabled_on=&#8221;on|on|on&#8221; _builder_version=&#8221;4.17.2&#8243; _module_preset=&#8221;default&#8221; custom_button=&#8221;on&#8221; button_text_size=&#8221;16px&#8221; button_text_color=&#8221;#005092&#8243; button_border_width=&#8221;2px&#8221; button_border_radius=&#8221;10px&#8221; disabled=&#8221;on&#8221; global_colors_info=&#8221;{}&#8221;][\/et_pb_button][et_pb_button button_url=&#8221;https:\/\/uniurb-it.zoom.us\/rec\/share\/pGrTkvgAFLbkZ_mUG52x52qT5kqT8y8sguzsEsPpGcVNGUkrpzbHmENUdIU43Ynl.lNCFhF3-f8oqjKoK&#8221; url_new_window=&#8221;on&#8221; button_text=&#8221;GUARDA IL WEBINAR&#8221; _builder_version=&#8221;4.17.2&#8243; _module_preset=&#8221;default&#8221; custom_button=&#8221;on&#8221; button_text_size=&#8221;16px&#8221; button_text_color=&#8221;#005092&#8243; button_border_width=&#8221;2px&#8221; button_border_radius=&#8221;10px&#8221; global_colors_info=&#8221;{}&#8221;][\/et_pb_button][\/et_pb_column_inner][et_pb_column_inner type=&#8221;1_2&#8243; saved_specialty_column_type=&#8221;2_3&#8243; _builder_version=&#8221;4.16&#8243; global_colors_info=&#8221;{}&#8221;][et_pb_text _builder_version=&#8221;4.16&#8243; text_font=&#8221;Montserrat|600|||||||&#8221; text_line_height=&#8221;1.6em&#8221; locked=&#8221;off&#8221; global_colors_info=&#8221;{}&#8221;]<\/p>\n<p><span>All&#8217;Open Day dell&#8217;Universit\u00e0 di Urbino potrai partecipare a videochat con i docenti e tutor dei corsi per<strong> fare domande e ottenere risposte personalizzate sui programmi accademici<\/strong>. Non perdere questa opportunit\u00e0!<\/span><\/p>\n<p>[\/et_pb_text][\/et_pb_column_inner][\/et_pb_row_inner][et_pb_row_inner column_structure=&#8221;1_2,1_2&#8243; _builder_version=&#8221;4.17.2&#8243; custom_padding=&#8221;|||30px|false|false&#8221; border_color_all=&#8221;#005092&#8243; border_width_left=&#8221;2px&#8221; global_colors_info=&#8221;{}&#8221;][et_pb_column_inner type=&#8221;1_2&#8243; saved_specialty_column_type=&#8221;2_3&#8243; _builder_version=&#8221;4.16&#8243; global_colors_info=&#8221;{}&#8221;][et_pb_blurb title=&#8221;15 maggio 2023 ore 15:00&#8243; use_icon=&#8221;on&#8221; font_icon=&#8221;&#x5e;||divi||400&#8243; icon_color=&#8221;#005092&#8243; icon_placement=&#8221;left&#8221; image_icon_width=&#8221;40px&#8221; content_max_width=&#8221;100%&#8221; _builder_version=&#8221;4.17.2&#8243; header_level=&#8221;h5&#8243; header_font=&#8221;Montserrat|800||on|||||&#8221; header_text_align=&#8221;left&#8221; header_text_color=&#8221;#005092&#8243; header_line_height=&#8221;1.4em&#8221; body_font=&#8221;Montserrat|700|||||||&#8221; body_text_align=&#8221;left&#8221; body_text_color=&#8221;#000000&#8243; body_font_size=&#8221;18px&#8221; body_line_height=&#8221;1.4em&#8221; custom_margin=&#8221;|||-51px|false|false&#8221; body_font_size_tablet=&#8221;18px&#8221; body_font_size_phone=&#8221;16px&#8221; body_font_size_last_edited=&#8221;on|desktop&#8221; icon_font_size=&#8221;40px&#8221; locked=&#8221;off&#8221; global_colors_info=&#8221;{}&#8221;]<\/p>\n<p><span data-sheets-value=\"{&quot;1&quot;:2,&quot;2&quot;:&quot;Lingue Moderne e Interculturalit\u00e0 (LM-37)&quot;}\" data-sheets-userformat=\"{&quot;2&quot;:513,&quot;3&quot;:{&quot;1&quot;:0},&quot;12&quot;:0}\">Lingue Moderne e Interculturalit\u00e0 (LM-37)<\/span><\/p>\n<p>[\/et_pb_blurb][et_pb_button button_url=&#8221;https:\/\/uniurb-it.zoom.us\/webinar\/register\/WN_qIMyYusgQgKZOLlQAexLVQ&#8221; url_new_window=&#8221;on&#8221; button_text=&#8221;ISCRIVITI IL WEBINAR&#8221; disabled_on=&#8221;on|on|on&#8221; _builder_version=&#8221;4.17.2&#8243; _module_preset=&#8221;default&#8221; custom_button=&#8221;on&#8221; button_text_size=&#8221;16px&#8221; button_text_color=&#8221;#005092&#8243; button_border_width=&#8221;2px&#8221; button_border_radius=&#8221;10px&#8221; disabled=&#8221;on&#8221; global_colors_info=&#8221;{}&#8221;][\/et_pb_button][et_pb_button button_url=&#8221;https:\/\/uniurb-it.zoom.us\/rec\/share\/u_sV6c-2fLG5-Cse9xfq9CwMPF7P7fGTKvitNRiexnG9kb5nM1K2P9MJqEVTjY95.MfvxZfuIfodUIMfY&#8221; url_new_window=&#8221;on&#8221; button_text=&#8221;GUARDA IL WEBINAR&#8221; _builder_version=&#8221;4.17.2&#8243; _module_preset=&#8221;default&#8221; custom_button=&#8221;on&#8221; button_text_size=&#8221;16px&#8221; button_text_color=&#8221;#005092&#8243; button_border_width=&#8221;2px&#8221; button_border_radius=&#8221;10px&#8221; global_colors_info=&#8221;{}&#8221;][\/et_pb_button][\/et_pb_column_inner][et_pb_column_inner type=&#8221;1_2&#8243; saved_specialty_column_type=&#8221;2_3&#8243; _builder_version=&#8221;4.16&#8243; global_colors_info=&#8221;{}&#8221;][et_pb_text _builder_version=&#8221;4.16&#8243; text_font=&#8221;Montserrat|600|||||||&#8221; text_line_height=&#8221;1.6em&#8221; locked=&#8221;off&#8221; global_colors_info=&#8221;{}&#8221;]<\/p>\n<p><span>All&#8217;Open Day dell&#8217;Universit\u00e0 di Urbino potrai partecipare a videochat con i docenti e tutor dei corsi per<strong> fare domande e ottenere risposte personalizzate sui programmi accademici<\/strong>. Non perdere questa opportunit\u00e0!<\/span><\/p>\n<p>[\/et_pb_text][\/et_pb_column_inner][\/et_pb_row_inner][et_pb_row_inner column_structure=&#8221;1_2,1_2&#8243; _builder_version=&#8221;4.17.2&#8243; custom_padding=&#8221;|||30px|false|false&#8221; border_color_all=&#8221;#005092&#8243; border_width_left=&#8221;2px&#8221; global_colors_info=&#8221;{}&#8221;][et_pb_column_inner type=&#8221;1_2&#8243; saved_specialty_column_type=&#8221;2_3&#8243; _builder_version=&#8221;4.16&#8243; global_colors_info=&#8221;{}&#8221;][et_pb_blurb title=&#8221;16 maggio 2023 ore 16:30&#8243; use_icon=&#8221;on&#8221; font_icon=&#8221;&#x5e;||divi||400&#8243; icon_color=&#8221;#005092&#8243; icon_placement=&#8221;left&#8221; image_icon_width=&#8221;40px&#8221; content_max_width=&#8221;100%&#8221; _builder_version=&#8221;4.17.2&#8243; header_level=&#8221;h5&#8243; header_font=&#8221;Montserrat|800||on|||||&#8221; header_text_align=&#8221;left&#8221; header_text_color=&#8221;#005092&#8243; header_line_height=&#8221;1.4em&#8221; body_font=&#8221;Montserrat|700|||||||&#8221; body_text_align=&#8221;left&#8221; body_text_color=&#8221;#000000&#8243; body_font_size=&#8221;18px&#8221; body_line_height=&#8221;1.4em&#8221; custom_margin=&#8221;|||-51px|false|false&#8221; body_font_size_tablet=&#8221;18px&#8221; body_font_size_phone=&#8221;16px&#8221; body_font_size_last_edited=&#8221;on|desktop&#8221; icon_font_size=&#8221;40px&#8221; locked=&#8221;off&#8221; global_colors_info=&#8221;{}&#8221;]<\/p>\n<p><span data-sheets-value=\"{&quot;1&quot;:2,&quot;2&quot;:&quot;Economia e Management (LM-77)&quot;}\" data-sheets-userformat=\"{&quot;2&quot;:513,&quot;3&quot;:{&quot;1&quot;:0},&quot;12&quot;:0}\">Economia, Management e Finanza (LM-77)<\/span><\/p>\n<p>[\/et_pb_blurb][et_pb_button button_url=&#8221;https:\/\/uniurb-it.zoom.us\/webinar\/register\/WN_F_clfydkSF6wOf23unHWxw&#8221; url_new_window=&#8221;on&#8221; button_text=&#8221;ISCRIVITI IL WEBINAR&#8221; disabled_on=&#8221;on|on|on&#8221; _builder_version=&#8221;4.17.2&#8243; _module_preset=&#8221;default&#8221; custom_button=&#8221;on&#8221; button_text_size=&#8221;16px&#8221; button_text_color=&#8221;#005092&#8243; button_border_width=&#8221;2px&#8221; button_border_radius=&#8221;10px&#8221; disabled=&#8221;on&#8221; global_colors_info=&#8221;{}&#8221;][\/et_pb_button][et_pb_button button_url=&#8221;https:\/\/uniurb-it.zoom.us\/rec\/share\/lLflTRd36hBh1cbXEwG1erB82VDvBTzfG-0bjGvW75feUAV7hVFCIOXvpHsZFy97.WT2P8_7rrHGxYh0U?startTime=1684247411000%20Codice%20d\u2019accesso:%20cM28*!+d&#8221; url_new_window=&#8221;on&#8221; button_text=&#8221;GUARDA IL WEBINAR&#8221; _builder_version=&#8221;4.17.2&#8243; _module_preset=&#8221;default&#8221; custom_button=&#8221;on&#8221; button_text_size=&#8221;16px&#8221; button_text_color=&#8221;#005092&#8243; button_border_width=&#8221;2px&#8221; button_border_radius=&#8221;10px&#8221; global_colors_info=&#8221;{}&#8221;][\/et_pb_button][\/et_pb_column_inner][et_pb_column_inner type=&#8221;1_2&#8243; saved_specialty_column_type=&#8221;2_3&#8243; _builder_version=&#8221;4.16&#8243; global_colors_info=&#8221;{}&#8221;][et_pb_text _builder_version=&#8221;4.16&#8243; text_font=&#8221;Montserrat|600|||||||&#8221; text_line_height=&#8221;1.6em&#8221; locked=&#8221;off&#8221; global_colors_info=&#8221;{}&#8221;]<\/p>\n<p><span>All&#8217;Open Day dell&#8217;Universit\u00e0 di Urbino potrai partecipare a videochat con i docenti e tutor dei corsi per<strong> fare domande e ottenere risposte personalizzate sui programmi accademici<\/strong>. Non perdere questa opportunit\u00e0!<\/span><\/p>\n<p>[\/et_pb_text][\/et_pb_column_inner][\/et_pb_row_inner][et_pb_row_inner column_structure=&#8221;1_2,1_2&#8243; _builder_version=&#8221;4.17.2&#8243; custom_padding=&#8221;|||30px|false|false&#8221; border_color_all=&#8221;#005092&#8243; border_width_left=&#8221;2px&#8221; global_colors_info=&#8221;{}&#8221;][et_pb_column_inner type=&#8221;1_2&#8243; saved_specialty_column_type=&#8221;2_3&#8243; _builder_version=&#8221;4.16&#8243; global_colors_info=&#8221;{}&#8221;][et_pb_blurb title=&#8221;17 maggio 2023 ore 16:30&#8243; use_icon=&#8221;on&#8221; font_icon=&#8221;&#x5e;||divi||400&#8243; icon_color=&#8221;#005092&#8243; icon_placement=&#8221;left&#8221; image_icon_width=&#8221;40px&#8221; content_max_width=&#8221;100%&#8221; _builder_version=&#8221;4.17.2&#8243; header_level=&#8221;h5&#8243; header_font=&#8221;Montserrat|800||on|||||&#8221; header_text_align=&#8221;left&#8221; header_text_color=&#8221;#005092&#8243; header_line_height=&#8221;1.4em&#8221; body_font=&#8221;Montserrat|700|||||||&#8221; body_text_align=&#8221;left&#8221; body_text_color=&#8221;#000000&#8243; body_font_size=&#8221;18px&#8221; body_line_height=&#8221;1.4em&#8221; custom_margin=&#8221;|||-51px|false|false&#8221; body_font_size_tablet=&#8221;18px&#8221; body_font_size_phone=&#8221;16px&#8221; body_font_size_last_edited=&#8221;on|desktop&#8221; icon_font_size=&#8221;40px&#8221; locked=&#8221;off&#8221; global_colors_info=&#8221;{}&#8221;]<\/p>\n<p><span data-sheets-value=\"{&quot;1&quot;:2,&quot;2&quot;:&quot;Politica Societ\u00e0 Economia Internazionali (LM-62)&quot;}\" data-sheets-userformat=\"{&quot;2&quot;:513,&quot;3&quot;:{&quot;1&quot;:0},&quot;12&quot;:0}\">Politica Societ\u00e0 Economia Internazionali (LM-62)<\/span><\/p>\n<p>[\/et_pb_blurb][et_pb_button button_url=&#8221;https:\/\/uniurb-it.zoom.us\/webinar\/register\/WN_8DlLDXhyQ-OComEg03_2ZQ&#8221; url_new_window=&#8221;on&#8221; button_text=&#8221;ISCRIVITI IL WEBINAR&#8221; disabled_on=&#8221;on|on|on&#8221; _builder_version=&#8221;4.17.2&#8243; _module_preset=&#8221;default&#8221; custom_button=&#8221;on&#8221; button_text_size=&#8221;16px&#8221; button_text_color=&#8221;#005092&#8243; button_border_width=&#8221;2px&#8221; button_border_radius=&#8221;10px&#8221; disabled=&#8221;on&#8221; global_colors_info=&#8221;{}&#8221;][\/et_pb_button][et_pb_button button_url=&#8221;https:\/\/uniurb-it.zoom.us\/rec\/share\/mi_yE8XZTQ4lfy_mm-AXJXeBQfwXximjXZsld4FJ45pxcArGXnQVhb_0XkRwZUyy.hSzbOPE5bAui1-gu&#8221; url_new_window=&#8221;on&#8221; button_text=&#8221;GUARDA IL WEBINAR&#8221; _builder_version=&#8221;4.17.2&#8243; _module_preset=&#8221;default&#8221; custom_button=&#8221;on&#8221; button_text_size=&#8221;16px&#8221; button_text_color=&#8221;#005092&#8243; button_border_width=&#8221;2px&#8221; button_border_radius=&#8221;10px&#8221; global_colors_info=&#8221;{}&#8221;][\/et_pb_button][\/et_pb_column_inner][et_pb_column_inner type=&#8221;1_2&#8243; saved_specialty_column_type=&#8221;2_3&#8243; _builder_version=&#8221;4.16&#8243; global_colors_info=&#8221;{}&#8221;][et_pb_text _builder_version=&#8221;4.16&#8243; text_font=&#8221;Montserrat|600|||||||&#8221; text_line_height=&#8221;1.6em&#8221; locked=&#8221;off&#8221; global_colors_info=&#8221;{}&#8221;]<\/p>\n<p><span>All&#8217;Open Day dell&#8217;Universit\u00e0 di Urbino potrai partecipare a videochat con i docenti e tutor dei corsi per<strong> fare domande e ottenere risposte personalizzate sui programmi accademici<\/strong>. Non perdere questa opportunit\u00e0!<\/span><\/p>\n<p>[\/et_pb_text][\/et_pb_column_inner][\/et_pb_row_inner][et_pb_row_inner column_structure=&#8221;1_2,1_2&#8243; _builder_version=&#8221;4.17.2&#8243; custom_padding=&#8221;|||30px|false|false&#8221; border_color_all=&#8221;#005092&#8243; border_width_left=&#8221;2px&#8221; global_colors_info=&#8221;{}&#8221;][et_pb_column_inner type=&#8221;1_2&#8243; saved_specialty_column_type=&#8221;2_3&#8243; _builder_version=&#8221;4.16&#8243; global_colors_info=&#8221;{}&#8221;][et_pb_blurb title=&#8221;18 maggio 2023 ore 15:00&#8243; use_icon=&#8221;on&#8221; font_icon=&#8221;&#x5e;||divi||400&#8243; icon_color=&#8221;#005092&#8243; icon_placement=&#8221;left&#8221; image_icon_width=&#8221;40px&#8221; content_max_width=&#8221;100%&#8221; _builder_version=&#8221;4.17.2&#8243; header_level=&#8221;h5&#8243; header_font=&#8221;Montserrat|800||on|||||&#8221; header_text_align=&#8221;left&#8221; header_text_color=&#8221;#005092&#8243; header_line_height=&#8221;1.4em&#8221; body_font=&#8221;Montserrat|700|||||||&#8221; body_text_align=&#8221;left&#8221; body_text_color=&#8221;#000000&#8243; body_font_size=&#8221;18px&#8221; body_line_height=&#8221;1.4em&#8221; custom_margin=&#8221;|||-51px|false|false&#8221; body_font_size_tablet=&#8221;18px&#8221; body_font_size_phone=&#8221;16px&#8221; body_font_size_last_edited=&#8221;on|desktop&#8221; icon_font_size=&#8221;40px&#8221; locked=&#8221;off&#8221; global_colors_info=&#8221;{}&#8221;]<\/p>\n<p><span data-sheets-value=\"{&quot;1&quot;:2,&quot;2&quot;:&quot;Marketing e Comunicazione per le Aziende (LM-77)&quot;}\" data-sheets-userformat=\"{&quot;2&quot;:513,&quot;3&quot;:{&quot;1&quot;:0},&quot;12&quot;:0}\">Marketing e Comunicazione per le Aziende (LM-77)<\/span><\/p>\n<p>[\/et_pb_blurb][et_pb_button button_url=&#8221;https:\/\/uniurb-it.zoom.us\/webinar\/register\/WN_DER16szFQwWsKQvOVPVTYQ&#8221; url_new_window=&#8221;on&#8221; button_text=&#8221;ISCRIVITI IL WEBINAR&#8221; disabled_on=&#8221;on|on|on&#8221; _builder_version=&#8221;4.17.2&#8243; _module_preset=&#8221;default&#8221; custom_button=&#8221;on&#8221; button_text_size=&#8221;16px&#8221; button_text_color=&#8221;#005092&#8243; button_border_width=&#8221;2px&#8221; button_border_radius=&#8221;10px&#8221; disabled=&#8221;on&#8221; global_colors_info=&#8221;{}&#8221;][\/et_pb_button][et_pb_button button_url=&#8221;https:\/\/uniurb-it.zoom.us\/rec\/share\/gx_CsetuFtAj9bBThvL5au6LaNs13FcBDueg7_GSrU8GV_mNzwRuJqmoS6Y32bOl.dkKB8b9nIzcTtwbn&#8221; url_new_window=&#8221;on&#8221; button_text=&#8221;GUARDA IL WEBINAR&#8221; _builder_version=&#8221;4.17.2&#8243; _module_preset=&#8221;default&#8221; custom_button=&#8221;on&#8221; button_text_size=&#8221;16px&#8221; button_text_color=&#8221;#005092&#8243; button_border_width=&#8221;2px&#8221; button_border_radius=&#8221;10px&#8221; global_colors_info=&#8221;{}&#8221;][\/et_pb_button][\/et_pb_column_inner][et_pb_column_inner type=&#8221;1_2&#8243; saved_specialty_column_type=&#8221;2_3&#8243; _builder_version=&#8221;4.16&#8243; global_colors_info=&#8221;{}&#8221;][et_pb_text _builder_version=&#8221;4.16&#8243; text_font=&#8221;Montserrat|600|||||||&#8221; text_line_height=&#8221;1.6em&#8221; locked=&#8221;off&#8221; global_colors_info=&#8221;{}&#8221;]<\/p>\n<p><span>All&#8217;Open Day dell&#8217;Universit\u00e0 di Urbino potrai partecipare a videochat con i docenti e tutor dei corsi per<strong> fare domande e ottenere risposte personalizzate sui programmi accademici<\/strong>. Non perdere questa opportunit\u00e0!<\/span><\/p>\n<p>[\/et_pb_text][\/et_pb_column_inner][\/et_pb_row_inner][et_pb_row_inner column_structure=&#8221;1_2,1_2&#8243; _builder_version=&#8221;4.17.2&#8243; custom_padding=&#8221;|||30px|false|false&#8221; border_color_all=&#8221;#005092&#8243; border_width_left=&#8221;2px&#8221; global_colors_info=&#8221;{}&#8221;][et_pb_column_inner type=&#8221;1_2&#8243; saved_specialty_column_type=&#8221;2_3&#8243; _builder_version=&#8221;4.16&#8243; global_colors_info=&#8221;{}&#8221;][et_pb_blurb title=&#8221;18 maggio 2023 ore 16:30&#8243; use_icon=&#8221;on&#8221; font_icon=&#8221;&#x5e;||divi||400&#8243; icon_color=&#8221;#005092&#8243; icon_placement=&#8221;left&#8221; image_icon_width=&#8221;40px&#8221; content_max_width=&#8221;100%&#8221; _builder_version=&#8221;4.17.2&#8243; header_level=&#8221;h5&#8243; header_font=&#8221;Montserrat|800||on|||||&#8221; header_text_align=&#8221;left&#8221; header_text_color=&#8221;#005092&#8243; header_line_height=&#8221;1.4em&#8221; body_font=&#8221;Montserrat|700|||||||&#8221; body_text_align=&#8221;left&#8221; body_text_color=&#8221;#000000&#8243; body_font_size=&#8221;18px&#8221; body_line_height=&#8221;1.4em&#8221; custom_margin=&#8221;|||-51px|false|false&#8221; body_font_size_tablet=&#8221;18px&#8221; body_font_size_phone=&#8221;16px&#8221; body_font_size_last_edited=&#8221;on|desktop&#8221; icon_font_size=&#8221;40px&#8221; locked=&#8221;off&#8221; global_colors_info=&#8221;{}&#8221;]<\/p>\n<p><span data-sheets-value=\"{&quot;1&quot;:2,&quot;2&quot;:&quot;Green Industrial Engineering (LM-30)&quot;}\" data-sheets-userformat=\"{&quot;2&quot;:513,&quot;3&quot;:{&quot;1&quot;:0},&quot;12&quot;:0}\">Green Industrial Engineering (LM-30)<\/span><\/p>\n<p>[\/et_pb_blurb][et_pb_button button_url=&#8221;https:\/\/uniurb-it.zoom.us\/webinar\/register\/WN_rTQvVHh-R0iStbP5XHwfmg&#8221; url_new_window=&#8221;on&#8221; button_text=&#8221;ISCRIVITI IL WEBINAR&#8221; disabled_on=&#8221;on|on|on&#8221; _builder_version=&#8221;4.17.2&#8243; _module_preset=&#8221;default&#8221; custom_button=&#8221;on&#8221; button_text_size=&#8221;16px&#8221; button_text_color=&#8221;#005092&#8243; button_border_width=&#8221;2px&#8221; button_border_radius=&#8221;10px&#8221; disabled=&#8221;on&#8221; global_colors_info=&#8221;{}&#8221;][\/et_pb_button][et_pb_button button_url=&#8221;https:\/\/uniurb-it.zoom.us\/rec\/share\/qavYdJuDPmND1gKdgFsaaT0oDAPMENApBjxuveuQNqbWyEXn6Jlm390N9TwP2Jbb.bhJgSCGZehseDSl3&#8243; url_new_window=&#8221;on&#8221; button_text=&#8221;GUARDA IL WEBINAR&#8221; _builder_version=&#8221;4.17.2&#8243; _module_preset=&#8221;default&#8221; custom_button=&#8221;on&#8221; button_text_size=&#8221;16px&#8221; button_text_color=&#8221;#005092&#8243; button_border_width=&#8221;2px&#8221; button_border_radius=&#8221;10px&#8221; global_colors_info=&#8221;{}&#8221;][\/et_pb_button][\/et_pb_column_inner][et_pb_column_inner type=&#8221;1_2&#8243; saved_specialty_column_type=&#8221;2_3&#8243; _builder_version=&#8221;4.16&#8243; global_colors_info=&#8221;{}&#8221;][et_pb_text _builder_version=&#8221;4.16&#8243; text_font=&#8221;Montserrat|600|||||||&#8221; text_line_height=&#8221;1.6em&#8221; locked=&#8221;off&#8221; global_colors_info=&#8221;{}&#8221;]<\/p>\n<p><span>All&#8217;Open Day dell&#8217;Universit\u00e0 di Urbino potrai partecipare a videochat con i docenti e tutor dei corsi per<strong> fare domande e ottenere risposte personalizzate sui programmi accademici<\/strong>. Non perdere questa opportunit\u00e0!<\/span><\/p>\n<p>[\/et_pb_text][\/et_pb_column_inner][\/et_pb_row_inner][et_pb_row_inner column_structure=&#8221;1_2,1_2&#8243; _builder_version=&#8221;4.17.2&#8243; custom_padding=&#8221;|||30px|false|false&#8221; border_color_all=&#8221;#005092&#8243; border_width_left=&#8221;2px&#8221; global_colors_info=&#8221;{}&#8221;][et_pb_column_inner type=&#8221;1_2&#8243; saved_specialty_column_type=&#8221;2_3&#8243; _builder_version=&#8221;4.16&#8243; global_colors_info=&#8221;{}&#8221;][et_pb_blurb title=&#8221;22 maggio 2023 ore 16:30&#8243; use_icon=&#8221;on&#8221; font_icon=&#8221;&#x5e;||divi||400&#8243; icon_color=&#8221;#005092&#8243; icon_placement=&#8221;left&#8221; image_icon_width=&#8221;40px&#8221; content_max_width=&#8221;100%&#8221; _builder_version=&#8221;4.17.2&#8243; header_level=&#8221;h5&#8243; header_font=&#8221;Montserrat|800||on|||||&#8221; header_text_align=&#8221;left&#8221; header_text_color=&#8221;#005092&#8243; header_line_height=&#8221;1.4em&#8221; body_font=&#8221;Montserrat|700|||||||&#8221; body_text_align=&#8221;left&#8221; body_text_color=&#8221;#000000&#8243; body_font_size=&#8221;18px&#8221; body_line_height=&#8221;1.4em&#8221; custom_margin=&#8221;|||-51px|false|false&#8221; body_font_size_tablet=&#8221;18px&#8221; body_font_size_phone=&#8221;16px&#8221; body_font_size_last_edited=&#8221;on|desktop&#8221; icon_font_size=&#8221;40px&#8221; locked=&#8221;off&#8221; global_colors_info=&#8221;{}&#8221;]<\/p>\n<p><span data-sheets-value=\"{&quot;1&quot;:2,&quot;2&quot;:&quot;Gestione delle politiche dei servizi sociali e multiculturalit\u00e0 (LM-87)&quot;}\" data-sheets-userformat=\"{&quot;2&quot;:513,&quot;3&quot;:{&quot;1&quot;:0},&quot;12&quot;:0}\">Gestione delle politiche dei servizi sociali e multiculturalit\u00e0 (LM-87)<\/span><\/p>\n<p>[\/et_pb_blurb][et_pb_button button_url=&#8221;https:\/\/uniurb-it.zoom.us\/webinar\/register\/WN_hFgk-DNrTQqSYXcryn3-yQ&#8221; url_new_window=&#8221;on&#8221; button_text=&#8221;ISCRIVITI IL WEBINAR&#8221; disabled_on=&#8221;on|on|on&#8221; _builder_version=&#8221;4.17.2&#8243; _module_preset=&#8221;default&#8221; custom_button=&#8221;on&#8221; button_text_size=&#8221;16px&#8221; button_text_color=&#8221;#005092&#8243; button_border_width=&#8221;2px&#8221; button_border_radius=&#8221;10px&#8221; disabled=&#8221;on&#8221; global_colors_info=&#8221;{}&#8221;][\/et_pb_button][et_pb_button button_url=&#8221;https:\/\/uniurb-it.zoom.us\/rec\/share\/Fl8ke7pTj1egF87xzFPhVJdadUkce-OGCQvWNceGYhWfDnixHPW_5MnTApo9uTAC.Sj_xjQnJ7IeVLLRX&#8221; url_new_window=&#8221;on&#8221; button_text=&#8221;GUARDA IL WEBINAR&#8221; _builder_version=&#8221;4.17.2&#8243; _module_preset=&#8221;default&#8221; custom_button=&#8221;on&#8221; button_text_size=&#8221;16px&#8221; button_text_color=&#8221;#005092&#8243; button_border_width=&#8221;2px&#8221; button_border_radius=&#8221;10px&#8221; global_colors_info=&#8221;{}&#8221;][\/et_pb_button][\/et_pb_column_inner][et_pb_column_inner type=&#8221;1_2&#8243; saved_specialty_column_type=&#8221;2_3&#8243; _builder_version=&#8221;4.16&#8243; global_colors_info=&#8221;{}&#8221;][et_pb_text _builder_version=&#8221;4.16&#8243; text_font=&#8221;Montserrat|600|||||||&#8221; text_line_height=&#8221;1.6em&#8221; locked=&#8221;off&#8221; global_colors_info=&#8221;{}&#8221;]<\/p>\n<p><span>All&#8217;Open Day dell&#8217;Universit\u00e0 di Urbino potrai partecipare a videochat con i docenti e tutor dei corsi per<strong> fare domande e ottenere risposte personalizzate sui programmi accademici<\/strong>. Non perdere questa opportunit\u00e0!<\/span><\/p>\n<p>[\/et_pb_text][\/et_pb_column_inner][\/et_pb_row_inner][et_pb_row_inner column_structure=&#8221;1_2,1_2&#8243; _builder_version=&#8221;4.17.2&#8243; custom_padding=&#8221;|||30px|false|false&#8221; border_color_all=&#8221;#005092&#8243; border_width_left=&#8221;2px&#8221; global_colors_info=&#8221;{}&#8221;][et_pb_column_inner type=&#8221;1_2&#8243; saved_specialty_column_type=&#8221;2_3&#8243; _builder_version=&#8221;4.16&#8243; global_colors_info=&#8221;{}&#8221;][et_pb_blurb title=&#8221;23 maggio 2023 ore 16:30&#8243; use_icon=&#8221;on&#8221; font_icon=&#8221;&#x5e;||divi||400&#8243; icon_color=&#8221;#005092&#8243; icon_placement=&#8221;left&#8221; image_icon_width=&#8221;40px&#8221; content_max_width=&#8221;100%&#8221; _builder_version=&#8221;4.17.2&#8243; header_level=&#8221;h5&#8243; header_font=&#8221;Montserrat|800||on|||||&#8221; header_text_align=&#8221;left&#8221; header_text_color=&#8221;#005092&#8243; header_line_height=&#8221;1.4em&#8221; body_font=&#8221;Montserrat|700|||||||&#8221; body_text_align=&#8221;left&#8221; body_text_color=&#8221;#000000&#8243; body_font_size=&#8221;18px&#8221; body_line_height=&#8221;1.4em&#8221; custom_margin=&#8221;|||-51px|false|false&#8221; body_font_size_tablet=&#8221;18px&#8221; body_font_size_phone=&#8221;16px&#8221; body_font_size_last_edited=&#8221;on|desktop&#8221; icon_font_size=&#8221;40px&#8221; locked=&#8221;off&#8221; global_colors_info=&#8221;{}&#8221;]<\/p>\n<p><span data-sheets-value=\"{&quot;1&quot;:2,&quot;2&quot;:&quot;Comunicazione e Pubblicit\u00e0 per le Organizzazioni (LM-59)&quot;}\" data-sheets-userformat=\"{&quot;2&quot;:513,&quot;3&quot;:{&quot;1&quot;:0},&quot;12&quot;:0}\">Comunicazione e Pubblicit\u00e0 per le Organizzazioni (LM-59)<\/span><\/p>\n<p>[\/et_pb_blurb][et_pb_button button_url=&#8221;https:\/\/uniurb-it.zoom.us\/webinar\/register\/WN_7oHUuHCRT1eqK73quCMglg&#8221; url_new_window=&#8221;on&#8221; button_text=&#8221;ISCRIVITI IL WEBINAR&#8221; disabled_on=&#8221;on|on|on&#8221; _builder_version=&#8221;4.17.2&#8243; _module_preset=&#8221;default&#8221; custom_button=&#8221;on&#8221; button_text_size=&#8221;16px&#8221; button_text_color=&#8221;#005092&#8243; button_border_width=&#8221;2px&#8221; button_border_radius=&#8221;10px&#8221; disabled=&#8221;on&#8221; global_colors_info=&#8221;{}&#8221;][\/et_pb_button][et_pb_button button_url=&#8221;https:\/\/uniurb-it.zoom.us\/rec\/share\/g3TFGoL-H11jIn45XayCyoGadau__L-GdzGC3y_3cJRNT95ZHS2lP2ikZfZpRN_e.tG82iy6SuTd1CiG1&#8243; url_new_window=&#8221;on&#8221; button_text=&#8221;GUARDA IL WEBINAR&#8221; _builder_version=&#8221;4.17.2&#8243; _module_preset=&#8221;default&#8221; custom_button=&#8221;on&#8221; button_text_size=&#8221;16px&#8221; button_text_color=&#8221;#005092&#8243; button_border_width=&#8221;2px&#8221; button_border_radius=&#8221;10px&#8221; global_colors_info=&#8221;{}&#8221;][\/et_pb_button][\/et_pb_column_inner][et_pb_column_inner type=&#8221;1_2&#8243; saved_specialty_column_type=&#8221;2_3&#8243; _builder_version=&#8221;4.16&#8243; global_colors_info=&#8221;{}&#8221;][et_pb_text _builder_version=&#8221;4.16&#8243; text_font=&#8221;Montserrat|600|||||||&#8221; text_line_height=&#8221;1.6em&#8221; locked=&#8221;off&#8221; global_colors_info=&#8221;{}&#8221;]<\/p>\n<p><span>All&#8217;Open Day dell&#8217;Universit\u00e0 di Urbino potrai partecipare a videochat con i docenti e tutor dei corsi per<strong> fare domande e ottenere risposte personalizzate sui programmi accademici<\/strong>. Non perdere questa opportunit\u00e0!<\/span><\/p>\n<p>[\/et_pb_text][\/et_pb_column_inner][\/et_pb_row_inner][et_pb_row_inner column_structure=&#8221;1_2,1_2&#8243; _builder_version=&#8221;4.17.2&#8243; custom_padding=&#8221;|||30px|false|false&#8221; border_color_all=&#8221;#005092&#8243; border_width_left=&#8221;2px&#8221; global_colors_info=&#8221;{}&#8221;][et_pb_column_inner type=&#8221;1_2&#8243; saved_specialty_column_type=&#8221;2_3&#8243; _builder_version=&#8221;4.16&#8243; global_colors_info=&#8221;{}&#8221;][et_pb_blurb title=&#8221;30 maggio 2023 ore 16:30&#8243; use_icon=&#8221;on&#8221; font_icon=&#8221;&#x5e;||divi||400&#8243; icon_color=&#8221;#005092&#8243; icon_placement=&#8221;left&#8221; image_icon_width=&#8221;40px&#8221; content_max_width=&#8221;100%&#8221; _builder_version=&#8221;4.17.2&#8243; header_level=&#8221;h5&#8243; header_font=&#8221;Montserrat|800||on|||||&#8221; header_text_align=&#8221;left&#8221; header_text_color=&#8221;#005092&#8243; header_line_height=&#8221;1.4em&#8221; body_font=&#8221;Montserrat|700|||||||&#8221; body_text_align=&#8221;left&#8221; body_text_color=&#8221;#000000&#8243; body_font_size=&#8221;18px&#8221; body_line_height=&#8221;1.4em&#8221; custom_margin=&#8221;|||-51px|false|false&#8221; body_font_size_tablet=&#8221;18px&#8221; body_font_size_phone=&#8221;16px&#8221; body_font_size_last_edited=&#8221;on|desktop&#8221; icon_font_size=&#8221;40px&#8221; locked=&#8221;off&#8221; global_colors_info=&#8221;{}&#8221;]Scienze dello Sport (LM-68)[\/et_pb_blurb][et_pb_button button_url=&#8221;https:\/\/uniurb-it.zoom.us\/webinar\/register\/WN_KZTHSdP_TKiYjawZCPyq1w&#8221; url_new_window=&#8221;on&#8221; button_text=&#8221;ISCRIVITI IL WEBINAR&#8221; _builder_version=&#8221;4.17.2&#8243; _module_preset=&#8221;default&#8221; custom_button=&#8221;on&#8221; button_text_size=&#8221;16px&#8221; button_text_color=&#8221;#005092&#8243; button_border_width=&#8221;2px&#8221; button_border_radius=&#8221;10px&#8221; global_colors_info=&#8221;{}&#8221;][\/et_pb_button][\/et_pb_column_inner][et_pb_column_inner type=&#8221;1_2&#8243; saved_specialty_column_type=&#8221;2_3&#8243; _builder_version=&#8221;4.16&#8243; global_colors_info=&#8221;{}&#8221;][et_pb_text _builder_version=&#8221;4.16&#8243; text_font=&#8221;Montserrat|600|||||||&#8221; text_line_height=&#8221;1.6em&#8221; locked=&#8221;off&#8221; global_colors_info=&#8221;{}&#8221;]<\/p>\n<p><span>All&#8217;Open Day dell&#8217;Universit\u00e0 di Urbino potrai partecipare a videochat con i docenti e tutor dei corsi per<strong> fare domande e ottenere risposte personalizzate sui programmi accademici<\/strong>. Non perdere questa opportunit\u00e0!<\/span><\/p>\n<p>[\/et_pb_text][\/et_pb_column_inner][\/et_pb_row_inner][et_pb_row_inner column_structure=&#8221;1_2,1_2&#8243; _builder_version=&#8221;4.17.2&#8243; custom_padding=&#8221;|||30px|false|false&#8221; border_color_all=&#8221;#005092&#8243; border_width_left=&#8221;2px&#8221; global_colors_info=&#8221;{}&#8221;][et_pb_column_inner type=&#8221;1_2&#8243; saved_specialty_column_type=&#8221;2_3&#8243; _builder_version=&#8221;4.16&#8243; global_colors_info=&#8221;{}&#8221;][et_pb_blurb title=&#8221;31 maggio 2023 ore 15:00&#8243; use_icon=&#8221;on&#8221; font_icon=&#8221;&#x5e;||divi||400&#8243; icon_color=&#8221;#005092&#8243; icon_placement=&#8221;left&#8221; image_icon_width=&#8221;40px&#8221; content_max_width=&#8221;100%&#8221; _builder_version=&#8221;4.17.2&#8243; header_level=&#8221;h5&#8243; header_font=&#8221;Montserrat|800||on|||||&#8221; header_text_align=&#8221;left&#8221; header_text_color=&#8221;#005092&#8243; header_line_height=&#8221;1.4em&#8221; body_font=&#8221;Montserrat|700|||||||&#8221; body_text_align=&#8221;left&#8221; body_text_color=&#8221;#000000&#8243; body_font_size=&#8221;18px&#8221; body_line_height=&#8221;1.4em&#8221; custom_margin=&#8221;|||-51px|false|false&#8221; body_font_size_tablet=&#8221;18px&#8221; body_font_size_phone=&#8221;16px&#8221; body_font_size_last_edited=&#8221;on|desktop&#8221; icon_font_size=&#8221;40px&#8221; locked=&#8221;off&#8221; global_colors_info=&#8221;{}&#8221;]<\/p>\n<p><span data-sheets-value=\"{&quot;1&quot;:2,&quot;2&quot;:&quot;Pedagogia (LM-85)&quot;}\" data-sheets-userformat=\"{&quot;2&quot;:513,&quot;3&quot;:{&quot;1&quot;:0},&quot;12&quot;:0}\">Pedagogia (LM-85)<\/span><\/p>\n<p>[\/et_pb_blurb][et_pb_button button_url=&#8221;https:\/\/uniurb-it.zoom.us\/webinar\/register\/WN_tYBN0Y1ETUOIDlryOZk1tw&#8221; url_new_window=&#8221;on&#8221; button_text=&#8221;ISCRIVITI IL WEBINAR&#8221; disabled_on=&#8221;on|on|on&#8221; _builder_version=&#8221;4.17.2&#8243; _module_preset=&#8221;default&#8221; custom_button=&#8221;on&#8221; button_text_size=&#8221;16px&#8221; button_text_color=&#8221;#005092&#8243; button_border_width=&#8221;2px&#8221; button_border_radius=&#8221;10px&#8221; disabled=&#8221;on&#8221; global_colors_info=&#8221;{}&#8221;][\/et_pb_button][et_pb_button button_url=&#8221;https:\/\/uniurb-it.zoom.us\/rec\/share\/f-wQttI2DHCQkCT1SQ1s9eev4HRMr65cOpYZ_eFL1iUFmgSusHX7HTGXdyUYAolI.DsY_FXPEvJKQBS6h&#8221; url_new_window=&#8221;on&#8221; button_text=&#8221;GUARDA IL WEBINAR&#8221; _builder_version=&#8221;4.17.2&#8243; _module_preset=&#8221;default&#8221; custom_button=&#8221;on&#8221; button_text_size=&#8221;16px&#8221; button_text_color=&#8221;#005092&#8243; button_border_width=&#8221;2px&#8221; button_border_radius=&#8221;10px&#8221; global_colors_info=&#8221;{}&#8221;][\/et_pb_button][\/et_pb_column_inner][et_pb_column_inner type=&#8221;1_2&#8243; saved_specialty_column_type=&#8221;2_3&#8243; _builder_version=&#8221;4.16&#8243; global_colors_info=&#8221;{}&#8221;][et_pb_text _builder_version=&#8221;4.16&#8243; text_font=&#8221;Montserrat|600|||||||&#8221; text_line_height=&#8221;1.6em&#8221; locked=&#8221;off&#8221; global_colors_info=&#8221;{}&#8221;]<\/p>\n<p><span>All&#8217;Open Day dell&#8217;Universit\u00e0 di Urbino potrai partecipare a videochat con i docenti e tutor dei corsi per<strong> fare domande e ottenere risposte personalizzate sui programmi accademici<\/strong>. Non perdere questa opportunit\u00e0!<\/span><\/p>\n<p>[\/et_pb_text][\/et_pb_column_inner][\/et_pb_row_inner][et_pb_row_inner column_structure=&#8221;1_2,1_2&#8243; _builder_version=&#8221;4.17.2&#8243; custom_padding=&#8221;|||30px|false|false&#8221; border_color_all=&#8221;#005092&#8243; border_width_left=&#8221;2px&#8221; global_colors_info=&#8221;{}&#8221;][et_pb_column_inner type=&#8221;1_2&#8243; saved_specialty_column_type=&#8221;2_3&#8243; _builder_version=&#8221;4.16&#8243; global_colors_info=&#8221;{}&#8221;][et_pb_blurb title=&#8221;7 giugno 2023 ore 15:00&#8243; use_icon=&#8221;on&#8221; font_icon=&#8221;&#x5e;||divi||400&#8243; icon_color=&#8221;#005092&#8243; icon_placement=&#8221;left&#8221; image_icon_width=&#8221;40px&#8221; content_max_width=&#8221;100%&#8221; _builder_version=&#8221;4.17.2&#8243; header_level=&#8221;h5&#8243; header_font=&#8221;Montserrat|800||on|||||&#8221; header_text_align=&#8221;left&#8221; header_text_color=&#8221;#005092&#8243; header_line_height=&#8221;1.4em&#8221; body_font=&#8221;Montserrat|700|||||||&#8221; body_text_align=&#8221;left&#8221; body_text_color=&#8221;#000000&#8243; body_font_size=&#8221;18px&#8221; body_line_height=&#8221;1.4em&#8221; custom_margin=&#8221;|||-51px|false|false&#8221; body_font_size_tablet=&#8221;18px&#8221; body_font_size_phone=&#8221;16px&#8221; body_font_size_last_edited=&#8221;on|desktop&#8221; icon_font_size=&#8221;40px&#8221; locked=&#8221;off&#8221; global_colors_info=&#8221;{}&#8221;]Scienze Motorie per la Prevenzione e la Salute (LM-67)[\/et_pb_blurb][et_pb_button button_url=&#8221;https:\/\/uniurb-it.zoom.us\/webinar\/register\/WN_bGaV5vgJTpGyn9wWEbK36Q&#8221; url_new_window=&#8221;on&#8221; button_text=&#8221;ISCRIVITI IL WEBINAR&#8221; disabled_on=&#8221;on|on|on&#8221; _builder_version=&#8221;4.17.2&#8243; _module_preset=&#8221;default&#8221; custom_button=&#8221;on&#8221; button_text_size=&#8221;16px&#8221; button_text_color=&#8221;#005092&#8243; button_border_width=&#8221;2px&#8221; button_border_radius=&#8221;10px&#8221; disabled=&#8221;on&#8221; global_colors_info=&#8221;{}&#8221;][\/et_pb_button][et_pb_button button_url=&#8221;https:\/\/uniurb-it.zoom.us\/rec\/share\/VuTw3Yk0W-P7tKlXSDilqn8FjwcmlDKgwQMnKnjie-AyKYjJaMz-wRRKWZQXaHJj.OyXtbWmo6Bt6k0zp&#8221; url_new_window=&#8221;on&#8221; button_text=&#8221;GUARDA IL WEBINAR&#8221; _builder_version=&#8221;4.17.2&#8243; _module_preset=&#8221;default&#8221; custom_button=&#8221;on&#8221; button_text_size=&#8221;16px&#8221; button_text_color=&#8221;#005092&#8243; button_border_width=&#8221;2px&#8221; button_border_radius=&#8221;10px&#8221; global_colors_info=&#8221;{}&#8221;][\/et_pb_button][\/et_pb_column_inner][et_pb_column_inner type=&#8221;1_2&#8243; saved_specialty_column_type=&#8221;2_3&#8243; _builder_version=&#8221;4.16&#8243; global_colors_info=&#8221;{}&#8221;][et_pb_text _builder_version=&#8221;4.16&#8243; text_font=&#8221;Montserrat|600|||||||&#8221; text_line_height=&#8221;1.6em&#8221; locked=&#8221;off&#8221; global_colors_info=&#8221;{}&#8221;]<\/p>\n<p><span>All&#8217;Open Day dell&#8217;Universit\u00e0 di Urbino potrai partecipare a videochat con i docenti e tutor dei corsi per<strong> fare domande e ottenere risposte personalizzate sui programmi accademici<\/strong>. Non perdere questa opportunit\u00e0!<\/span><\/p>\n<p>[\/et_pb_text][\/et_pb_column_inner][\/et_pb_row_inner][et_pb_row_inner column_structure=&#8221;1_2,1_2&#8243; _builder_version=&#8221;4.17.2&#8243; custom_padding=&#8221;|||30px|false|false&#8221; border_color_all=&#8221;#005092&#8243; border_width_left=&#8221;2px&#8221; global_colors_info=&#8221;{}&#8221;][et_pb_column_inner type=&#8221;1_2&#8243; saved_specialty_column_type=&#8221;2_3&#8243; _builder_version=&#8221;4.16&#8243; global_colors_info=&#8221;{}&#8221;][et_pb_blurb title=&#8221;8 giugno 2023 ore 15:00&#8243; use_icon=&#8221;on&#8221; font_icon=&#8221;&#x5e;||divi||400&#8243; icon_color=&#8221;#005092&#8243; icon_placement=&#8221;left&#8221; image_icon_width=&#8221;40px&#8221; content_max_width=&#8221;100%&#8221; _builder_version=&#8221;4.17.2&#8243; header_level=&#8221;h5&#8243; header_font=&#8221;Montserrat|800||on|||||&#8221; header_text_align=&#8221;left&#8221; header_text_color=&#8221;#005092&#8243; header_line_height=&#8221;1.4em&#8221; body_font=&#8221;Montserrat|700|||||||&#8221; body_text_align=&#8221;left&#8221; body_text_color=&#8221;#000000&#8243; body_font_size=&#8221;18px&#8221; body_line_height=&#8221;1.4em&#8221; custom_margin=&#8221;|||-51px|false|false&#8221; body_font_size_tablet=&#8221;18px&#8221; body_font_size_phone=&#8221;16px&#8221; body_font_size_last_edited=&#8221;on|desktop&#8221; icon_font_size=&#8221;40px&#8221; locked=&#8221;off&#8221; global_colors_info=&#8221;{}&#8221;]<\/p>\n<p><span data-sheets-value=\"{&quot;1&quot;:2,&quot;2&quot;:&quot;Informatica e Innovazione Digitale (LM-18)&quot;}\" data-sheets-userformat=\"{&quot;2&quot;:513,&quot;3&quot;:{&quot;1&quot;:0},&quot;12&quot;:0}\">Informatica e Innovazione Digitale (LM-18)<\/span><\/p>\n<p>[\/et_pb_blurb][et_pb_button button_url=&#8221;https:\/\/uniurb-it.zoom.us\/webinar\/register\/WN_U0XBZ66KTaqSKBra2f1pew&#8221; url_new_window=&#8221;on&#8221; button_text=&#8221;ISCRIVITI IL WEBINAR&#8221; disabled_on=&#8221;on|on|on&#8221; _builder_version=&#8221;4.17.2&#8243; _module_preset=&#8221;default&#8221; custom_button=&#8221;on&#8221; button_text_size=&#8221;16px&#8221; button_text_color=&#8221;#005092&#8243; button_border_width=&#8221;2px&#8221; button_border_radius=&#8221;10px&#8221; disabled=&#8221;on&#8221; global_colors_info=&#8221;{}&#8221;][\/et_pb_button][et_pb_button button_url=&#8221;https:\/\/uniurb-it.zoom.us\/rec\/share\/4f2bj-IXqNQb4x3L9F-xBrctv2qu3qIERbSGk5E4ncnvjl9ZV43j7546LmXv2qMz.BLp2jZ1EZz5jW9ZW&#8221; url_new_window=&#8221;on&#8221; button_text=&#8221;GUARDA IL WEBINAR&#8221; _builder_version=&#8221;4.17.2&#8243; _module_preset=&#8221;default&#8221; custom_button=&#8221;on&#8221; button_text_size=&#8221;16px&#8221; button_text_color=&#8221;#005092&#8243; button_border_width=&#8221;2px&#8221; button_border_radius=&#8221;10px&#8221; global_colors_info=&#8221;{}&#8221;][\/et_pb_button][\/et_pb_column_inner][et_pb_column_inner type=&#8221;1_2&#8243; saved_specialty_column_type=&#8221;2_3&#8243; _builder_version=&#8221;4.16&#8243; global_colors_info=&#8221;{}&#8221;][et_pb_text _builder_version=&#8221;4.16&#8243; text_font=&#8221;Montserrat|600|||||||&#8221; text_line_height=&#8221;1.6em&#8221; locked=&#8221;off&#8221; global_colors_info=&#8221;{}&#8221;]<\/p>\n<p><span>All&#8217;Open Day dell&#8217;Universit\u00e0 di Urbino potrai partecipare a videochat con i docenti e tutor dei corsi per<strong> fare domande e ottenere risposte personalizzate sui programmi accademici<\/strong>. Non perdere questa opportunit\u00e0!<\/span><\/p>\n<p>[\/et_pb_text][\/et_pb_column_inner][\/et_pb_row_inner][et_pb_row_inner column_structure=&#8221;1_2,1_2&#8243; _builder_version=&#8221;4.17.2&#8243; custom_padding=&#8221;|||30px|false|false&#8221; border_color_all=&#8221;#005092&#8243; border_width_left=&#8221;2px&#8221; global_colors_info=&#8221;{}&#8221;][et_pb_column_inner type=&#8221;1_2&#8243; saved_specialty_column_type=&#8221;2_3&#8243; _builder_version=&#8221;4.16&#8243; global_colors_info=&#8221;{}&#8221;][et_pb_blurb title=&#8221;8 giugno 2023 ore 16:30&#8243; use_icon=&#8221;on&#8221; font_icon=&#8221;&#x5e;||divi||400&#8243; icon_color=&#8221;#005092&#8243; icon_placement=&#8221;left&#8221; image_icon_width=&#8221;40px&#8221; content_max_width=&#8221;100%&#8221; _builder_version=&#8221;4.17.2&#8243; header_level=&#8221;h5&#8243; header_font=&#8221;Montserrat|800||on|||||&#8221; header_text_align=&#8221;left&#8221; header_text_color=&#8221;#005092&#8243; header_line_height=&#8221;1.4em&#8221; body_font=&#8221;Montserrat|700|||||||&#8221; body_text_align=&#8221;left&#8221; body_text_color=&#8221;#000000&#8243; body_font_size=&#8221;18px&#8221; body_line_height=&#8221;1.4em&#8221; custom_margin=&#8221;|||-51px|false|false&#8221; body_font_size_tablet=&#8221;18px&#8221; body_font_size_phone=&#8221;16px&#8221; body_font_size_last_edited=&#8221;on|desktop&#8221; icon_font_size=&#8221;40px&#8221; locked=&#8221;off&#8221; global_colors_info=&#8221;{}&#8221;]<\/p>\n<p><span data-sheets-value=\"{&quot;1&quot;:2,&quot;2&quot;:&quot;Biologia della nutrizione (LM-6)&quot;}\" data-sheets-userformat=\"{&quot;2&quot;:513,&quot;3&quot;:{&quot;1&quot;:0},&quot;12&quot;:0}\">Biologia della nutrizione (LM-6)<\/span><\/p>\n<p>[\/et_pb_blurb][et_pb_button button_url=&#8221;https:\/\/uniurb-it.zoom.us\/webinar\/register\/WN_Pdb1Xvz_TiqSW6JwgCahpQ&#8221; url_new_window=&#8221;on&#8221; button_text=&#8221;ISCRIVITI IL WEBINAR&#8221; disabled_on=&#8221;on|on|on&#8221; _builder_version=&#8221;4.17.2&#8243; _module_preset=&#8221;default&#8221; custom_button=&#8221;on&#8221; button_text_size=&#8221;16px&#8221; button_text_color=&#8221;#005092&#8243; button_border_width=&#8221;2px&#8221; button_border_radius=&#8221;10px&#8221; disabled=&#8221;on&#8221; global_colors_info=&#8221;{}&#8221;][\/et_pb_button][et_pb_button button_url=&#8221;https:\/\/uniurb-it.zoom.us\/rec\/share\/0T9dNoNj3i1nZgXA5HpwIdj7Sw9uqpAXjsEjj9MOBwqgjCvANw2to1U0gytx5JG1.FtNurAjl7XyVFcfg&#8221; url_new_window=&#8221;on&#8221; button_text=&#8221;GUARDA IL WEBINAR&#8221; _builder_version=&#8221;4.17.2&#8243; _module_preset=&#8221;default&#8221; custom_button=&#8221;on&#8221; button_text_size=&#8221;16px&#8221; button_text_color=&#8221;#005092&#8243; button_border_width=&#8221;2px&#8221; button_border_radius=&#8221;10px&#8221; global_colors_info=&#8221;{}&#8221;][\/et_pb_button][\/et_pb_column_inner][et_pb_column_inner type=&#8221;1_2&#8243; saved_specialty_column_type=&#8221;2_3&#8243; _builder_version=&#8221;4.16&#8243; global_colors_info=&#8221;{}&#8221;][et_pb_text _builder_version=&#8221;4.16&#8243; text_font=&#8221;Montserrat|600|||||||&#8221; text_line_height=&#8221;1.6em&#8221; locked=&#8221;off&#8221; global_colors_info=&#8221;{}&#8221;]<\/p>\n<p><span>All&#8217;Open Day dell&#8217;Universit\u00e0 di Urbino potrai partecipare a videochat con i docenti e tutor dei corsi per<strong> fare domande e ottenere risposte personalizzate sui programmi accademici<\/strong>. Non perdere questa opportunit\u00e0!<\/span><\/p>\n<p>[\/et_pb_text][\/et_pb_column_inner][\/et_pb_row_inner][et_pb_row_inner column_structure=&#8221;1_2,1_2&#8243; _builder_version=&#8221;4.17.2&#8243; custom_padding=&#8221;|||30px|false|false&#8221; border_color_all=&#8221;#005092&#8243; border_width_left=&#8221;2px&#8221; global_colors_info=&#8221;{}&#8221;][et_pb_column_inner type=&#8221;1_2&#8243; saved_specialty_column_type=&#8221;2_3&#8243; _builder_version=&#8221;4.16&#8243; global_colors_info=&#8221;{}&#8221;][et_pb_blurb title=&#8221;15 giugno 2023 ore 15:00&#8243; use_icon=&#8221;on&#8221; font_icon=&#8221;&#x5e;||divi||400&#8243; icon_color=&#8221;#005092&#8243; icon_placement=&#8221;left&#8221; image_icon_width=&#8221;40px&#8221; content_max_width=&#8221;100%&#8221; _builder_version=&#8221;4.17.2&#8243; header_level=&#8221;h5&#8243; header_font=&#8221;Montserrat|800||on|||||&#8221; header_text_align=&#8221;left&#8221; header_text_color=&#8221;#005092&#8243; header_line_height=&#8221;1.4em&#8221; body_font=&#8221;Montserrat|700|||||||&#8221; body_text_align=&#8221;left&#8221; body_text_color=&#8221;#000000&#8243; body_font_size=&#8221;18px&#8221; body_line_height=&#8221;1.4em&#8221; custom_margin=&#8221;|||-51px|false|false&#8221; body_font_size_tablet=&#8221;18px&#8221; body_font_size_phone=&#8221;16px&#8221; body_font_size_last_edited=&#8221;on|desktop&#8221; icon_font_size=&#8221;40px&#8221; locked=&#8221;off&#8221; global_colors_info=&#8221;{}&#8221;]<\/p>\n<p><span data-sheets-value=\"{&quot;1&quot;:2,&quot;2&quot;:&quot;Psicologia Clinica (LM-51)&quot;}\" data-sheets-userformat=\"{&quot;2&quot;:513,&quot;3&quot;:{&quot;1&quot;:0},&quot;12&quot;:0}\">Psicologia Clinica (LM-51)<\/span><\/p>\n<p>[\/et_pb_blurb][et_pb_button button_url=&#8221;https:\/\/uniurb-it.zoom.us\/webinar\/register\/WN_e95lmqhmTKOnehanHmhqhw&#8221; url_new_window=&#8221;on&#8221; button_text=&#8221;ISCRIVITI IL WEBINAR&#8221; disabled_on=&#8221;on|on|on&#8221; _builder_version=&#8221;4.17.2&#8243; _module_preset=&#8221;default&#8221; custom_button=&#8221;on&#8221; button_text_size=&#8221;16px&#8221; button_text_color=&#8221;#005092&#8243; button_border_width=&#8221;2px&#8221; button_border_radius=&#8221;10px&#8221; disabled=&#8221;on&#8221; global_colors_info=&#8221;{}&#8221;][\/et_pb_button][et_pb_button button_url=&#8221;https:\/\/uniurb-it.zoom.us\/webinar\/register\/WN_e95lmqhmTKOnehanHmhqhw&#8221; url_new_window=&#8221;on&#8221; button_text=&#8221;GUARDA IL WEBINAR&#8221; _builder_version=&#8221;4.17.2&#8243; _module_preset=&#8221;default&#8221; custom_button=&#8221;on&#8221; button_text_size=&#8221;16px&#8221; button_text_color=&#8221;#005092&#8243; button_border_width=&#8221;2px&#8221; button_border_radius=&#8221;10px&#8221; global_colors_info=&#8221;{}&#8221;][\/et_pb_button][\/et_pb_column_inner][et_pb_column_inner type=&#8221;1_2&#8243; saved_specialty_column_type=&#8221;2_3&#8243; _builder_version=&#8221;4.16&#8243; global_colors_info=&#8221;{}&#8221;][et_pb_text _builder_version=&#8221;4.16&#8243; text_font=&#8221;Montserrat|600|||||||&#8221; text_line_height=&#8221;1.6em&#8221; locked=&#8221;off&#8221; global_colors_info=&#8221;{}&#8221;]<\/p>\n<p><span>All&#8217;Open Day dell&#8217;Universit\u00e0 di Urbino potrai partecipare a videochat con i docenti e tutor dei corsi per<strong> fare domande e ottenere risposte personalizzate sui programmi accademici<\/strong>. Non perdere questa opportunit\u00e0!<\/span><\/p>\n<p>[\/et_pb_text][\/et_pb_column_inner][\/et_pb_row_inner][\/et_pb_column][\/et_pb_section]<\/p>\n","protected":false},"excerpt":{"rendered":"<p>L\u2019incontro con le studentesse e gli studenti delle Scuole secondarie di secondo grado costituisce da venti anni uno degli appuntamenti pi\u00f9 qualificanti dell\u2019Universit\u00e0 degli Studi di Urbino Carlo Bo.<\/p>\n<p>Universit\u00e0 Aperta \u00e8 infatti il momento in cui l\u2019Ateneo \u00e8 chiamato a presentare la propria offerta formativa collaborando all\u2019orientamento alla scelta degli studi universitari.<\/p>\n","protected":false},"author":1,"featured_media":254875,"parent":0,"menu_order":1,"comment_status":"closed","ping_status":"closed","template":"","meta":{"_et_pb_use_builder":"on","_et_pb_old_content":"<!-- wp:paragraph -->\r\n<p>This is an example page. It's different from a blog post because it will stay in one place and will show up in your site navigation (in most themes). Most people start with an About page that introduces them to potential site visitors. It might say something like this:<\/p>\r\n<!-- \/wp:paragraph -->\r\n\r\n<!-- wp:quote -->\r\n<blockquote class=\"wp-block-quote\"><p>Hi there! I'm a bike messenger by day, aspiring actor by night, and this is my website. I live in Los Angeles, have a great dog named Jack, and I like pi\u00f1a coladas. (And gettin' caught in the rain.)<\/p><\/blockquote>\r\n<!-- \/wp:quote -->\r\n\r\n<!-- wp:paragraph -->\r\n<p>...or something like this:<\/p>\r\n<!-- \/wp:paragraph -->\r\n\r\n<!-- wp:quote -->\r\n<blockquote class=\"wp-block-quote\"><p>The XYZ Doohickey Company was founded in 1971, and has been providing quality doohickeys to the public ever since. Located in Gotham City, XYZ employs over 2,000 people and does all kinds of awesome things for the Gotham community.<\/p><\/blockquote>\r\n<!-- \/wp:quote -->\r\n\r\n<!-- wp:paragraph -->\r\n<p>As a new WordPress user, you should go to <a href=\"https:\/\/hello.uniurb.it\/openday\/wp-admin\/\">your dashboard<\/a> to delete this page and create new pages for your content. Have fun!<\/p>\r\n<!-- \/wp:paragraph -->","_et_gb_content_width":"","footnotes":""},"yoast_head":"<!-- This site is optimized with the Yoast SEO plugin v20.12 - https:\/\/yoast.com\/wordpress\/plugins\/seo\/ -->\n<title>Benvenuti - Open Day \u2014 Universit\u00e0 degli Studi di Urbino Carlo Bo<\/title>\n<meta name=\"description\" content=\"L\u2019incontro con le studentesse e gli studenti delle Scuole secondarie di secondo grado costituisce da venti anni uno degli appuntamenti pi\u00f9 qualificanti dell\u2019Universit\u00e0 degli Studi di Urbino Carlo Bo. Universit\u00e0 Aperta \u00e8 infatti il momento in cui l\u2019Ateneo \u00e8 chiamato a presentare la propria offerta formativa collaborando all\u2019orientamento alla scelta degli studi universitari.\" \/>\n<meta name=\"robots\" content=\"index, follow, max-snippet:-1, max-image-preview:large, max-video-preview:-1\" \/>\n<link rel=\"canonical\" href=\"https:\/\/hello.uniurb.it\/openday\/universita-aperta-universita-di-urbino-carlo-bo\/\" \/>\n<meta property=\"og:locale\" content=\"it_IT\" \/>\n<meta property=\"og:type\" content=\"article\" \/>\n<meta property=\"og:title\" content=\"Benvenuti - Open Day \u2014 Universit\u00e0 degli Studi di Urbino Carlo Bo\" \/>\n<meta property=\"og:description\" content=\"L\u2019incontro con le studentesse e gli studenti delle Scuole secondarie di secondo grado costituisce da venti anni uno degli appuntamenti pi\u00f9 qualificanti dell\u2019Universit\u00e0 degli Studi di Urbino Carlo Bo. Universit\u00e0 Aperta \u00e8 infatti il momento in cui l\u2019Ateneo \u00e8 chiamato a presentare la propria offerta formativa collaborando all\u2019orientamento alla scelta degli studi universitari.\" \/>\n<meta property=\"og:url\" content=\"https:\/\/hello.uniurb.it\/openday\/universita-aperta-universita-di-urbino-carlo-bo\/\" \/>\n<meta property=\"og:site_name\" content=\"Open Day \u2014 Universit\u00e0 degli Studi di Urbino Carlo Bo\" \/>\n<meta property=\"article:modified_time\" content=\"2024-04-22T12:42:54+00:00\" \/>\n<meta property=\"og:image\" content=\"https:\/\/hello.uniurb.it\/openday\/wp-content\/uploads\/2020\/12\/w-beautiful-young-teenage-girl-in-the-old-town-P8V4A6S.jpg\" \/>\n\t<meta property=\"og:image:width\" content=\"1920\" \/>\n\t<meta property=\"og:image:height\" content=\"1080\" \/>\n\t<meta property=\"og:image:type\" content=\"image\/jpeg\" \/>\n<meta name=\"twitter:card\" content=\"summary_large_image\" \/>\n<meta name=\"twitter:label1\" content=\"Tempo di lettura stimato\" \/>\n\t<meta name=\"twitter:data1\" content=\"4 minuti\" \/>\n<script type=\"application\/ld+json\" class=\"yoast-schema-graph\">{\"@context\":\"https:\/\/schema.org\",\"@graph\":[{\"@type\":\"WebPage\",\"@id\":\"https:\/\/hello.uniurb.it\/openday\/universita-aperta-universita-di-urbino-carlo-bo\/\",\"url\":\"https:\/\/hello.uniurb.it\/openday\/universita-aperta-universita-di-urbino-carlo-bo\/\",\"name\":\"Benvenuti - Open Day \u2014 Universit\u00e0 degli Studi di Urbino Carlo Bo\",\"isPartOf\":{\"@id\":\"https:\/\/hello.uniurb.it\/openday\/#website\"},\"datePublished\":\"2020-12-15T21:52:52+00:00\",\"dateModified\":\"2024-04-22T12:42:54+00:00\",\"description\":\"L\u2019incontro con le studentesse e gli studenti delle Scuole secondarie di secondo grado costituisce da venti anni uno degli appuntamenti pi\u00f9 qualificanti dell\u2019Universit\u00e0 degli Studi di Urbino Carlo Bo. Universit\u00e0 Aperta \u00e8 infatti il momento in cui l\u2019Ateneo \u00e8 chiamato a presentare la propria offerta formativa collaborando all\u2019orientamento alla scelta degli studi universitari.\",\"breadcrumb\":{\"@id\":\"https:\/\/hello.uniurb.it\/openday\/universita-aperta-universita-di-urbino-carlo-bo\/#breadcrumb\"},\"inLanguage\":\"it-IT\",\"potentialAction\":[{\"@type\":\"ReadAction\",\"target\":[\"https:\/\/hello.uniurb.it\/openday\/universita-aperta-universita-di-urbino-carlo-bo\/\"]}]},{\"@type\":\"BreadcrumbList\",\"@id\":\"https:\/\/hello.uniurb.it\/openday\/universita-aperta-universita-di-urbino-carlo-bo\/#breadcrumb\",\"itemListElement\":[{\"@type\":\"ListItem\",\"position\":1,\"name\":\"Home\",\"item\":\"https:\/\/hello.uniurb.it\/openday\/\"},{\"@type\":\"ListItem\",\"position\":2,\"name\":\"Benvenuti\"}]},{\"@type\":\"WebSite\",\"@id\":\"https:\/\/hello.uniurb.it\/openday\/#website\",\"url\":\"https:\/\/hello.uniurb.it\/openday\/\",\"name\":\"Open Day \u2014 Universit\u00e0 degli Studi di Urbino Carlo Bo\",\"description\":\"L\u2019incontro con le studentesse e gli studenti delle Scuole secondarie di secondo grado costituisce da venti anni uno degli appuntamenti pi\u00f9 qualificanti dell\u2019Universit\u00e0 degli Studi di Urbino Carlo Bo.\",\"potentialAction\":[{\"@type\":\"SearchAction\",\"target\":{\"@type\":\"EntryPoint\",\"urlTemplate\":\"https:\/\/hello.uniurb.it\/openday\/?s={search_term_string}\"},\"query-input\":\"required name=search_term_string\"}],\"inLanguage\":\"it-IT\"}]}<\/script>\n<!-- \/ Yoast SEO plugin. -->","yoast_head_json":{"title":"Benvenuti - Open Day \u2014 Universit\u00e0 degli Studi di Urbino Carlo Bo","description":"L\u2019incontro con le studentesse e gli studenti delle Scuole secondarie di secondo grado costituisce da venti anni uno degli appuntamenti pi\u00f9 qualificanti dell\u2019Universit\u00e0 degli Studi di Urbino Carlo Bo. Universit\u00e0 Aperta \u00e8 infatti il momento in cui l\u2019Ateneo \u00e8 chiamato a presentare la propria offerta formativa collaborando all\u2019orientamento alla scelta degli studi universitari.","robots":{"index":"index","follow":"follow","max-snippet":"max-snippet:-1","max-image-preview":"max-image-preview:large","max-video-preview":"max-video-preview:-1"},"canonical":"https:\/\/hello.uniurb.it\/openday\/universita-aperta-universita-di-urbino-carlo-bo\/","og_locale":"it_IT","og_type":"article","og_title":"Benvenuti - Open Day \u2014 Universit\u00e0 degli Studi di Urbino Carlo Bo","og_description":"L\u2019incontro con le studentesse e gli studenti delle Scuole secondarie di secondo grado costituisce da venti anni uno degli appuntamenti pi\u00f9 qualificanti dell\u2019Universit\u00e0 degli Studi di Urbino Carlo Bo. Universit\u00e0 Aperta \u00e8 infatti il momento in cui l\u2019Ateneo \u00e8 chiamato a presentare la propria offerta formativa collaborando all\u2019orientamento alla scelta degli studi universitari.","og_url":"https:\/\/hello.uniurb.it\/openday\/universita-aperta-universita-di-urbino-carlo-bo\/","og_site_name":"Open Day \u2014 Universit\u00e0 degli Studi di Urbino Carlo Bo","article_modified_time":"2024-04-22T12:42:54+00:00","og_image":[{"width":1920,"height":1080,"url":"https:\/\/hello.uniurb.it\/openday\/wp-content\/uploads\/2020\/12\/w-beautiful-young-teenage-girl-in-the-old-town-P8V4A6S.jpg","type":"image\/jpeg"}],"twitter_card":"summary_large_image","twitter_misc":{"Tempo di lettura stimato":"4 minuti"},"schema":{"@context":"https:\/\/schema.org","@graph":[{"@type":"WebPage","@id":"https:\/\/hello.uniurb.it\/openday\/universita-aperta-universita-di-urbino-carlo-bo\/","url":"https:\/\/hello.uniurb.it\/openday\/universita-aperta-universita-di-urbino-carlo-bo\/","name":"Benvenuti - Open Day \u2014 Universit\u00e0 degli Studi di Urbino Carlo Bo","isPartOf":{"@id":"https:\/\/hello.uniurb.it\/openday\/#website"},"datePublished":"2020-12-15T21:52:52+00:00","dateModified":"2024-04-22T12:42:54+00:00","description":"L\u2019incontro con le studentesse e gli studenti delle Scuole secondarie di secondo grado costituisce da venti anni uno degli appuntamenti pi\u00f9 qualificanti dell\u2019Universit\u00e0 degli Studi di Urbino Carlo Bo. Universit\u00e0 Aperta \u00e8 infatti il momento in cui l\u2019Ateneo \u00e8 chiamato a presentare la propria offerta formativa collaborando all\u2019orientamento alla scelta degli studi universitari.","breadcrumb":{"@id":"https:\/\/hello.uniurb.it\/openday\/universita-aperta-universita-di-urbino-carlo-bo\/#breadcrumb"},"inLanguage":"it-IT","potentialAction":[{"@type":"ReadAction","target":["https:\/\/hello.uniurb.it\/openday\/universita-aperta-universita-di-urbino-carlo-bo\/"]}]},{"@type":"BreadcrumbList","@id":"https:\/\/hello.uniurb.it\/openday\/universita-aperta-universita-di-urbino-carlo-bo\/#breadcrumb","itemListElement":[{"@type":"ListItem","position":1,"name":"Home","item":"https:\/\/hello.uniurb.it\/openday\/"},{"@type":"ListItem","position":2,"name":"Benvenuti"}]},{"@type":"WebSite","@id":"https:\/\/hello.uniurb.it\/openday\/#website","url":"https:\/\/hello.uniurb.it\/openday\/","name":"Open Day \u2014 Universit\u00e0 degli Studi di Urbino Carlo Bo","description":"L\u2019incontro con le studentesse e gli studenti delle Scuole secondarie di secondo grado costituisce da venti anni uno degli appuntamenti pi\u00f9 qualificanti dell\u2019Universit\u00e0 degli Studi di Urbino Carlo Bo.","potentialAction":[{"@type":"SearchAction","target":{"@type":"EntryPoint","urlTemplate":"https:\/\/hello.uniurb.it\/openday\/?s={search_term_string}"},"query-input":"required name=search_term_string"}],"inLanguage":"it-IT"}]}},"_links":{"self":[{"href":"https:\/\/hello.uniurb.it\/openday\/wp-json\/wp\/v2\/pages\/2"}],"collection":[{"href":"https:\/\/hello.uniurb.it\/openday\/wp-json\/wp\/v2\/pages"}],"about":[{"href":"https:\/\/hello.uniurb.it\/openday\/wp-json\/wp\/v2\/types\/page"}],"author":[{"embeddable":true,"href":"https:\/\/hello.uniurb.it\/openday\/wp-json\/wp\/v2\/users\/1"}],"replies":[{"embeddable":true,"href":"https:\/\/hello.uniurb.it\/openday\/wp-json\/wp\/v2\/comments?post=2"}],"version-history":[{"count":203,"href":"https:\/\/hello.uniurb.it\/openday\/wp-json\/wp\/v2\/pages\/2\/revisions"}],"predecessor-version":[{"id":255839,"href":"https:\/\/hello.uniurb.it\/openday\/wp-json\/wp\/v2\/pages\/2\/revisions\/255839"}],"wp:featuredmedia":[{"embeddable":true,"href":"https:\/\/hello.uniurb.it\/openday\/wp-json\/wp\/v2\/media\/254875"}],"wp:attachment":[{"href":"https:\/\/hello.uniurb.it\/openday\/wp-json\/wp\/v2\/media?parent=2"}],"curies":[{"name":"wp","href":"https:\/\/api.w.org\/{rel}","templated":true}]}}