{"id":256922,"date":"2026-04-20T15:36:17","date_gmt":"2026-04-20T15:36:17","guid":{"rendered":"https:\/\/hello.uniurb.it\/careerday\/?page_id=256922"},"modified":"2026-04-28T14:44:05","modified_gmt":"2026-04-28T14:44:05","slug":"career-day-spring-edition-2026","status":"publish","type":"page","link":"https:\/\/hello.uniurb.it\/careerday\/","title":{"rendered":"Career Day * Spring Edition 2026"},"content":{"rendered":"<p>[et_pb_section fb_built=&#8221;1&#8243; _builder_version=&#8221;4.16&#8243; _module_preset=&#8221;default&#8221; global_colors_info=&#8221;{}&#8221;][et_pb_row _builder_version=&#8221;4.16&#8243; _module_preset=&#8221;default&#8221; global_colors_info=&#8221;{}&#8221;][et_pb_column type=&#8221;4_4&#8243; _builder_version=&#8221;4.16&#8243; _module_preset=&#8221;default&#8221; global_colors_info=&#8221;{}&#8221;][et_pb_text _builder_version=&#8221;4.25.0&#8243; _module_preset=&#8221;default&#8221; text_font=&#8221;&#8211;et_global_heading_font|700||on|||||&#8221; text_font_size=&#8221;1.3em&#8221; text_line_height=&#8221;1.2em&#8221; custom_margin=&#8221;||3px|||&#8221; text_font_size_tablet=&#8221;1.2em&#8221; text_font_size_phone=&#8221;1.1em&#8221; text_font_size_last_edited=&#8221;on|phone&#8221; global_colors_info=&#8221;{}&#8221;]<\/p>\n<h1>Benvenute e Benvenuti alla IV edizione<br \/>del Career Day \u2014 Spring Edition<\/h1>\n<p>&nbsp;<\/p>\n<p>[\/et_pb_text][et_pb_text _builder_version=&#8221;4.25.0&#8243; _module_preset=&#8221;default&#8221; text_font=&#8221;||||||||&#8221; text_text_color=&#8221;#474747&#8243; text_font_size=&#8221;1.4em&#8221; text_line_height=&#8221;1.2em&#8221; header_font=&#8221;&#8211;et_global_heading_font|700||on|||||&#8221; header_text_color=&#8221;#474747&#8243; text_font_size_tablet=&#8221;1.2em&#8221; text_font_size_phone=&#8221;1.1em&#8221; text_font_size_last_edited=&#8221;on|phone&#8221; global_colors_info=&#8221;{}&#8221;]<\/p>\n<p><strong>Se studi, hai appena conseguito una laurea, stai svolgendo un dottorato oppure hai gi\u00e0 un titolo di dottore di ricerca e cerchi il modo migliore per entrare nel mondo del lavoro, il Career Day dell\u2019Universit\u00e0 di Urbino \u00e8 qui per guidarti.<\/strong><\/p>\n<p>[\/et_pb_text][et_pb_text _builder_version=&#8221;4.25.0&#8243; _module_preset=&#8221;default&#8221; text_font=&#8221;&#8211;et_global_heading_font||||||||&#8221; text_text_color=&#8221;#474747&#8243; text_font_size=&#8221;1.4em&#8221; text_line_height=&#8221;1.2em&#8221; header_font=&#8221;&#8211;et_global_heading_font|700||on|||||&#8221; header_text_color=&#8221;#474747&#8243; text_font_size_tablet=&#8221;1.2em&#8221; text_font_size_phone=&#8221;1.1em&#8221; text_font_size_last_edited=&#8221;on|phone&#8221; global_colors_info=&#8221;{}&#8221;]<\/p>\n<p data-start=\"240\" data-end=\"659\">Questo evento \u00e8 il luogo ideale per incontrare professionisti e professioniste del settore, partecipare a laboratori interattivi e seminari mirati, e scoprire le opportunit\u00e0 professionali disponibili. In particolare, il Career Day offre alle persone partecipanti gli strumenti necessari per realizzare i propri obiettivi lavorativi e sviluppare una strategia personalizzata per affrontare al meglio il mondo del lavoro.<\/p>\n<p data-start=\"661\" data-end=\"762\" data-is-last-node=\"\" data-is-only-node=\"\">Non perdere l\u2019occasione di decollare verso la tua carriera ideale: <strong>partecipa al Career Day di Uniurb!<\/strong><\/p>\n<p>[\/et_pb_text][\/et_pb_column][\/et_pb_row][\/et_pb_section][et_pb_section fb_built=&#8221;1&#8243; _builder_version=&#8221;4.20.4&#8243; _module_preset=&#8221;default&#8221; background_color=&#8221;#e09900&#8243; background_image=&#8221;https:\/\/hello.uniurb.it\/careerday\/wp-content\/uploads\/2022\/09\/careerday.png&#8221; background_blend=&#8221;luminosity&#8221; background_enable_pattern_style=&#8221;on&#8221; background_pattern_style=&#8221;crosses&#8221; background_pattern_color=&#8221;rgba(224,153,0,0.61)&#8221; background_pattern_transform=&#8221;invert&#8221; background_pattern_blend_mode=&#8221;multiply&#8221; min_height=&#8221;300px&#8221; height=&#8221;200px&#8221; max_height=&#8221;200px&#8221; global_colors_info=&#8221;{}&#8221;][\/et_pb_section][et_pb_section fb_built=&#8221;1&#8243; _builder_version=&#8221;4.16&#8243; _module_preset=&#8221;default&#8221; saved_tabs=&#8221;all&#8221; global_colors_info=&#8221;{}&#8221;][et_pb_row column_structure=&#8221;2_5,3_5&#8243; _builder_version=&#8221;4.16&#8243; _module_preset=&#8221;default&#8221; global_colors_info=&#8221;{}&#8221;][et_pb_column type=&#8221;2_5&#8243; _builder_version=&#8221;4.16&#8243; _module_preset=&#8221;default&#8221; global_colors_info=&#8221;{}&#8221;][et_pb_text _builder_version=&#8221;4.25.0&#8243; _module_preset=&#8221;default&#8221; text_font=&#8221;&#8211;et_global_heading_font||||||||&#8221; text_text_color=&#8221;#E09900&#8243; text_font_size=&#8221;1.3em&#8221; text_line_height=&#8221;1.2em&#8221; header_font=&#8221;|700||on|||||&#8221; header_text_color=&#8221;#E09900&#8243; custom_margin=&#8221;||3px|||&#8221; text_font_size_tablet=&#8221;1.2em&#8221; text_font_size_phone=&#8221;1.1em&#8221; text_font_size_last_edited=&#8221;on|phone&#8221; global_colors_info=&#8221;{}&#8221;]<\/p>\n<h1>Partecipa al Career Day e incontra le aziende<\/h1>\n<p>&nbsp;<\/p>\n<p>[\/et_pb_text][et_pb_blurb title=&#8221;dal 11 al 13 maggio 2026&#8243; image_icon_background_color=&#8221;#E09900&#8243; icon_placement=&#8221;left&#8221; image_icon_width=&#8221;40px&#8221; content_max_width=&#8221;100%&#8221; _builder_version=&#8221;4.25.0&#8243; header_level=&#8221;h3&#8243; header_font=&#8221;|800||on|||||&#8221; header_text_align=&#8221;left&#8221; header_text_color=&#8221;#E09900&#8243; header_line_height=&#8221;1.4em&#8221; body_font=&#8221;|700|||||||&#8221; body_text_align=&#8221;left&#8221; body_font_size=&#8221;16px&#8221; body_line_height=&#8221;1.4em&#8221; custom_margin=&#8221;|||5px|false|false&#8221; custom_padding=&#8221;||0px||false|false&#8221; body_font_size_tablet=&#8221;18px&#8221; body_font_size_phone=&#8221;16px&#8221; body_font_size_last_edited=&#8221;on|desktop&#8221; border_color_all=&#8221;#E09900&#8243; border_width_left=&#8221;2px&#8221; icon_font_size=&#8221;40px&#8221; locked=&#8221;off&#8221; global_colors_info=&#8221;{}&#8221;]<\/p>\n<p>Incontri di preparazione, workshop, lavori di gruppo per partecipare con stile al Career Day<\/p>\n<p>[\/et_pb_blurb][et_pb_blurb title=&#8221;14 maggio 2026 dalle 9:30&#8243; image_icon_background_color=&#8221;#E09900&#8243; icon_placement=&#8221;left&#8221; image_icon_width=&#8221;40px&#8221; content_max_width=&#8221;100%&#8221; _builder_version=&#8221;4.25.0&#8243; header_level=&#8221;h3&#8243; header_font=&#8221;|800||on|||||&#8221; header_text_align=&#8221;left&#8221; header_text_color=&#8221;#E09900&#8243; header_line_height=&#8221;1.4em&#8221; body_font=&#8221;|700|||||||&#8221; body_text_align=&#8221;left&#8221; body_font_size=&#8221;16px&#8221; body_line_height=&#8221;1.4em&#8221; custom_margin=&#8221;|||5px|false|false&#8221; custom_padding=&#8221;||0px||false|false&#8221; body_font_size_tablet=&#8221;18px&#8221; body_font_size_phone=&#8221;16px&#8221; body_font_size_last_edited=&#8221;on|desktop&#8221; border_color_all=&#8221;#E09900&#8243; border_width_left=&#8221;2px&#8221; icon_font_size=&#8221;40px&#8221; locked=&#8221;off&#8221; global_colors_info=&#8221;{}&#8221;]<\/p>\n<p>Incontra le aziende<br \/>e partecipa al Career Day<\/p>\n<p>[\/et_pb_blurb][et_pb_blurb title=&#8221;dal 9 al 10 maggio 2024&#8243; image_icon_background_color=&#8221;#E09900&#8243; icon_placement=&#8221;left&#8221; image_icon_width=&#8221;40px&#8221; content_max_width=&#8221;100%&#8221; disabled_on=&#8221;on|on|on&#8221; _builder_version=&#8221;4.25.0&#8243; header_level=&#8221;h3&#8243; header_font=&#8221;|800||on|||||&#8221; header_text_align=&#8221;left&#8221; header_text_color=&#8221;#E09900&#8243; header_line_height=&#8221;1.4em&#8221; body_font=&#8221;|700|||||||&#8221; body_text_align=&#8221;left&#8221; body_font_size=&#8221;16px&#8221; body_line_height=&#8221;1.4em&#8221; custom_margin=&#8221;|||5px|false|false&#8221; custom_padding=&#8221;||0px||false|false&#8221; body_font_size_tablet=&#8221;18px&#8221; body_font_size_phone=&#8221;16px&#8221; body_font_size_last_edited=&#8221;on|desktop&#8221; border_color_all=&#8221;#E09900&#8243; border_width_left=&#8221;2px&#8221; icon_font_size=&#8221;40px&#8221; disabled=&#8221;on&#8221; locked=&#8221;off&#8221; global_colors_info=&#8221;{}&#8221;]<\/p>\n<p>Presentazioni aziendali online<\/p>\n<p>[\/et_pb_blurb][et_pb_blurb title=&#8221;La ricerca si fa impresa&#8221; image_icon_background_color=&#8221;#E09900&#8243; icon_placement=&#8221;left&#8221; image_icon_width=&#8221;40px&#8221; content_max_width=&#8221;100%&#8221; disabled_on=&#8221;on|on|on&#8221; _builder_version=&#8221;4.25.0&#8243; header_level=&#8221;h3&#8243; header_font=&#8221;|800||on|||||&#8221; header_text_align=&#8221;left&#8221; header_text_color=&#8221;#E09900&#8243; header_line_height=&#8221;1.4em&#8221; body_font=&#8221;|700|||||||&#8221; body_text_align=&#8221;left&#8221; body_font_size=&#8221;16px&#8221; body_line_height=&#8221;1.4em&#8221; custom_margin=&#8221;|||5px|false|false&#8221; custom_padding=&#8221;||0px||false|false&#8221; body_font_size_tablet=&#8221;18px&#8221; body_font_size_phone=&#8221;16px&#8221; body_font_size_last_edited=&#8221;on|desktop&#8221; border_color_all=&#8221;#E09900&#8243; border_width_left=&#8221;2px&#8221; icon_font_size=&#8221;40px&#8221; disabled=&#8221;on&#8221; locked=&#8221;off&#8221; global_colors_info=&#8221;{}&#8221;]<\/p>\n<p>Presentazione delle attivit\u00e0 di ricerca<br \/>svolte dagli Spin-off di ateneo<\/p>\n<p>[\/et_pb_blurb][\/et_pb_column][et_pb_column type=&#8221;3_5&#8243; _builder_version=&#8221;4.16&#8243; _module_preset=&#8221;default&#8221; global_colors_info=&#8221;{}&#8221;][et_pb_text _builder_version=&#8221;4.25.0&#8243; _module_preset=&#8221;default&#8221; text_font=&#8221;|700|||||||&#8221; text_font_size=&#8221;1.4em&#8221; text_line_height=&#8221;1.2em&#8221; text_font_size_tablet=&#8221;1.2em&#8221; text_font_size_phone=&#8221;1.1em&#8221; text_font_size_last_edited=&#8221;on|phone&#8221; global_colors_info=&#8221;{}&#8221;]<\/p>\n<p>Incontrare le aziende, confrontarsi con i loro uffici di recruitment e conoscere i loro progetti professionali per coloro che soddisfano i requisiti \u00e8 un&#8217;esperienza unica e indispensabile per iniziare il proprio percorso nel mondo del lavoro.<\/p>\n<p>[\/et_pb_text][et_pb_text _builder_version=&#8221;4.25.0&#8243; _module_preset=&#8221;default&#8221; text_font=&#8221;||||||||&#8221; text_font_size=&#8221;1.3em&#8221; text_line_height=&#8221;1.2em&#8221; header_font=&#8221;|700||on|||||&#8221; text_font_size_tablet=&#8221;1.2em&#8221; text_font_size_phone=&#8221;1.1em&#8221; text_font_size_last_edited=&#8221;on|phone&#8221; global_colors_info=&#8221;{}&#8221;]<\/p>\n<p>Un colloquio con le aziende aiuta a comprendere le aspettative degli altri e spinge ad analizzare se stessi, a valutare quali competenze professionali valorizzare e quali necessitano di ulteriore approfondimento.<\/p>\n<p>Incontrarsi e confrontarsi con le aziende \u00e8 un investimento per la propria carriera, ma ha anche un valore prezioso per la formazione della personalit\u00e0.<\/p>\n<p>Il <strong>14 <\/strong><strong>maggio 2026<\/strong>\u00a0<strong>ci sar\u00e0 il &#8220;Career Day in presenza&#8221;<\/strong> a Urbino presso il <a href=\"https:\/\/maps.app.goo.gl\/bVszBW4if4CCBn1g8\" target=\"_blank\" rel=\"noopener\" title=\"Collegio Raffaello, Piazza della Repubblica, 13\">Collegio Raffaello, Piazza della Repubblica, 13<\/a> &#8211; dalle 09:30 alle 16:30.<\/p>\n<p>[\/et_pb_text][\/et_pb_column][\/et_pb_row][et_pb_row _builder_version=&#8221;4.20.4&#8243; _module_preset=&#8221;default&#8221; global_colors_info=&#8221;{}&#8221;][et_pb_column type=&#8221;4_4&#8243; _builder_version=&#8221;4.20.4&#8243; _module_preset=&#8221;default&#8221; global_colors_info=&#8221;{}&#8221;][et_pb_icon font_icon=&#8221;&#x22;||divi||400&#8243; icon_color=&#8221;#E09900&#8243; _builder_version=&#8221;4.20.4&#8243; _module_preset=&#8221;default&#8221; global_colors_info=&#8221;{}&#8221;][\/et_pb_icon][\/et_pb_column][\/et_pb_row][\/et_pb_section][et_pb_section fb_built=&#8221;1&#8243; _builder_version=&#8221;4.20.4&#8243; _module_preset=&#8221;default&#8221; global_colors_info=&#8221;{}&#8221;][et_pb_row _builder_version=&#8221;4.20.4&#8243; _module_preset=&#8221;default&#8221; global_colors_info=&#8221;{}&#8221;][et_pb_column type=&#8221;4_4&#8243; _builder_version=&#8221;4.20.4&#8243; _module_preset=&#8221;default&#8221; global_colors_info=&#8221;{}&#8221;][et_pb_text _builder_version=&#8221;4.25.0&#8243; text_font=&#8221;Montserrat|600||on|||||&#8221; text_line_height=&#8221;1.8em&#8221; header_text_color=&#8221;#E09900&#8243; header_2_font=&#8221;Montserrat|500||on|||||&#8221; header_4_font=&#8221;Montserrat|600|||||||&#8221; header_4_text_color=&#8221;#005092&#8243; header_4_line_height=&#8221;1.4em&#8221; header_2_font_size_tablet=&#8221;60px&#8221; header_2_font_size_phone=&#8221;35px&#8221; header_2_font_size_last_edited=&#8221;on|phone&#8221; header_4_font_size_tablet=&#8221;20px&#8221; header_4_font_size_phone=&#8221;14px&#8221; header_4_font_size_last_edited=&#8221;on|phone&#8221; locked=&#8221;off&#8221; global_colors_info=&#8221;{}&#8221;]<\/p>\n<h1>workshop e laboratori<\/h1>\n<p>[\/et_pb_text][et_pb_text _builder_version=&#8221;4.25.0&#8243; _module_preset=&#8221;default&#8221; text_font=&#8221;||||||||&#8221; text_font_size=&#8221;18px&#8221; global_colors_info=&#8221;{}&#8221;]<\/p>\n<p><strong>Il Career Day rappresenta l&#8217;occasione perfetta per mettere a fuoco le tue aspirazioni lavorative e investire nella tua crescita professionale e personale.\u00a0Questo evento ti offre l&#8217;opportunit\u00e0 di incontrare professionisti del settore e confrontarti con loro per comprendere le aspettative del mondo del lavoro e acquisire nuove competenze.<\/strong><\/p>\n<p>[\/et_pb_text][et_pb_text _builder_version=&#8221;4.25.0&#8243; _module_preset=&#8221;default&#8221; text_font=&#8221;||||||||&#8221; text_font_size=&#8221;18px&#8221; global_colors_info=&#8221;{}&#8221;]<\/p>\n<p>Attraverso seminari e laboratori mirati, potrai <strong>approfondire le tue soft skill<\/strong> e <strong>sviluppare nuove capacit\u00e0<\/strong> che ti renderanno un candidato pi\u00f9 appetibile per le aziende. Inoltre, il Career Day ti permette di accedere a molte opportunit\u00e0 di lavoro attraverso incontri di recruiting e presentazioni di aziende che cercano proprio profili come il tuo.<\/p>\n<p>Ma il Career Day non si limita solo alla sfera professionale: grazie agli empowerment workshop, potrai <strong>acquisire una maggiore consapevolezza di te stesso e delle tue potenzialit\u00e0<\/strong>, migliorando la tua autostima e la tua capacit\u00e0 di stare al passo con un mondo del lavoro in continua evoluzione.<\/p>\n<p>[\/et_pb_text][et_pb_accordion open_toggle_text_color=&#8221;#E09900&#8243; toggle_icon=&#8221;&#x47;||divi||400&#8243; icon_color=&#8221;#E09900&#8243; _builder_version=&#8221;4.25.0&#8243; _module_preset=&#8221;default&#8221; toggle_level=&#8221;h4&#8243; toggle_font=&#8221;|700||on|||||&#8221; custom_padding=&#8221;30px||||false|false&#8221; border_color_all=&#8221;RGBA(255,255,255,0)&#8221; border_width_left=&#8221;3px&#8221; border_color_left=&#8221;#E09900&#8243; global_colors_info=&#8221;{}&#8221; toggle_font_size__hover_enabled=&#8221;off|desktop&#8221;][et_pb_accordion_item title=&#8221;11 maggio \u2014 LABORATORIO: CONOSCI DAVVERO IL TUO POTENZIALE? SCOPRI I TUOI PUNTI DI FORZA E ORIENTATI CON FIDUCIA NEL MONDO DEL LAVORO.&#8221; open=&#8221;on&#8221; _builder_version=&#8221;4.25.0&#8243; _module_preset=&#8221;default&#8221; global_colors_info=&#8221;{}&#8221;]<\/p>\n<p><b>Luned\u00ec 11 maggio <\/b><b>Ore 11:00 \u2013 13:00<br \/><\/b><b>Aula D1 &#8211; Area Scientifico &#8211; Didattica Paolo Volponi \u2013 Via Saffi, 15<\/b><\/p>\n<p><strong><a href=\"https:\/\/www.eventbrite.it\/e\/career-day-2026-scopri-i-tuoi-punti-di-forza-e-orientati-nel-lavoro-tickets-1987843971831?aff=oddtdtcreator\" target=\"_blank\" rel=\"noopener\" title=\"Prenota il tuo posto\">[PRENOTA IL TUO POSTO]<\/a><\/strong><\/p>\n<p><b>Relatori:\u00a0<\/b><span style=\"font-weight: 400;\"><br \/><\/span><b><\/b><\/p>\n<ul>\n<li>Davide Alleruzzo: <span style=\"font-weight: 400;\">Responsabile delle Risorse Umane &#8211; FAB Group<\/span><b>\u00a0<\/b><\/li>\n<li>Ciro Santoro: <span style=\"font-weight: 400;\">HR Generalist &#8211; FAB Group<\/span>\n<ul><\/ul>\n<\/li>\n<\/ul>\n<p><b>Descrizione: <\/b><span style=\"font-weight: 400;\">Di fronte a cambiamenti importanti, come la conclusione del percorso universitario, \u00e8 naturale sentirsi incerti e chiedersi: \u201cCosa so fare davvero?\u201d o \u201cRiuscir\u00f2 a trovare il mio spazio nel mondo del lavoro?\u201d. In questi momenti le idee possono apparire confuse e il futuro poco chiaro, generando smarrimento e dubbi sul proprio valore.<br \/><\/span><span style=\"font-weight: 400;\">Ognuno possiede inclinazioni naturali che, se riconosciute e sviluppate, possono trasformarsi in veri vantaggi competitivi. Comprenderle consente di affrontare le sfide con maggiore consapevolezza, orientare in modo pi\u00f9 mirato le proprie scelte e valorizzare ci\u00f2 che rende unici.<br \/><\/span><span style=\"font-weight: 400;\">Il workshop offre uno spazio di confronto e strumenti pratici per esplorare le esperienze, far emergere le competenze personali e sviluppare il proprio potenziale. Coltivare questa consapevolezza significa riconoscere il proprio valore e costruire una fiducia autentica, fondata sulla conoscenza di s\u00e9, essenziale per distinguersi e affrontare con fiducia le sfide future.<\/span><\/p>\n<p>[\/et_pb_accordion_item][et_pb_accordion_item title=&#8221;11 maggio \u2014 WEBINAR: AI E RECRUITING&#8221; _builder_version=&#8221;4.25.0&#8243; _module_preset=&#8221;default&#8221; global_colors_info=&#8221;{}&#8221; open=&#8221;off&#8221;]<\/p>\n<p><b>Luned\u00ec 11 maggio <\/b><b>Ore 15:00 \u2013 17:00<\/b><\/p>\n<p><a href=\"https:\/\/uniurb-it.zoom.us\/webinar\/register\/WN_EoRwOVCVRJuBMEi7I2x9zA\" target=\"_blank\" rel=\"noopener\" title=\"[PARTECIPA AL WEBINAR]\"><b>[PARTECIPA AL WEBINAR]<\/b><\/a><\/p>\n<p><b>Relatori:\u00a0<\/b><\/p>\n<ul>\n<li>Barbara Golinelli, <span style=\"font-weight: 400;\">University Talent Senior Consultant<\/span><\/li>\n<li>Thomas Valmacco, <span style=\"font-weight: 400;\">University Talent Senior Consultant<\/span><\/li>\n<\/ul>\n<p><b>Descrizione: <\/b><span style=\"font-weight: 400;\">Il webinar si focalizzer\u00e0 sull&#8217;importanza di presentare al meglio la propria professionalit\u00e0 in un contesto in cui l&#8217;Intelligenza Artificiale gioca un ruolo sempre pi\u00f9 determinante nei processi di selezione del personale.\u00a0 Approfondiremo come creare un CV ottimizzato per gli ATS e come scrivere prompt efficaci per perfezionare CV e profilo Linkedin facendoci aiutare da alcuni tools.<\/span><\/p>\n<p>[\/et_pb_accordion_item][et_pb_accordion_item title=&#8221;12 maggio \u2014 LABORATORIO: ALLENATI PER IL SUCCESSO: INTERVISTE SIMULATE E ROLE-PLAYING&#8221; _builder_version=&#8221;4.25.0&#8243; _module_preset=&#8221;default&#8221; global_colors_info=&#8221;{}&#8221; open=&#8221;off&#8221;]<\/p>\n<p><b>Marted\u00ec 12 maggio Ore 9:30 &#8211; 11:00<br \/><\/b><b>Sala Consiglio \u2013 Palazzo Battiferri \u2013 Via Saffi, 42<\/b><\/p>\n<p><strong><a href=\"https:\/\/www.eventbrite.it\/e\/career-day-2026-allenati-per-il-successo-tickets-1987844682958?aff=oddtdtcreator\" target=\"_blank\" rel=\"noopener\" title=\"Prenota il tuo posto\">[PRENOTA IL TUO POSTO]<\/a><\/strong><b><\/b><\/p>\n<p><span style=\"font-weight: 400;\"><strong>Relatrici<\/strong>: <\/span><\/p>\n<ul>\n<li><span style=\"font-weight: 400;\">Dott.ssa Beatrice Borghi \u2013 funzionaria Confindustria Job<strong><br \/><\/strong><\/span><\/li>\n<li><span style=\"font-weight: 400;\">Dott.ssa Paola Antonioli \u2013 funzionaria Confindustria Job<br \/><\/span><\/li>\n<\/ul>\n<p><span style=\"font-weight: 400;\"><strong>Descrizione<\/strong>: <\/span><span style=\"font-weight: 400;\">Un laboratorio pratico per affinare le tue capacit\u00e0 di comunicazione e affrontare al meglio un colloquio di lavoro. Attraverso simulazioni reali e role-playing, sperimenterai situazioni concrete e riceverai feedback immediato per migliorare le tue performance.<\/span><\/p>\n<p><span style=\"font-weight: 400;\">Cosa imparerai:<\/span><\/p>\n<ul>\n<li style=\"font-weight: 400;\" aria-level=\"1\">simulazioni di colloquio di lavoro con domande frequenti e imprevisti per allenarti in un ambiente realistico,<\/li>\n<li style=\"font-weight: 400;\" aria-level=\"1\">esercizi di role-playing per sviluppare sicurezza, reattivit\u00e0 e gestione dello stress, strategie di comunicazione efficace, dal linguaggio del corpo alla gestione delle risposte.<\/li>\n<\/ul>\n<p>Un\u2019opportunit\u00e0 unica per metterti alla prova, ricevere consigli personalizzati e affrontare il mondo del lavoro con maggiore sicurezza!<\/p>\n<p>[\/et_pb_accordion_item][et_pb_accordion_item title=&#8221;12 maggio \u2014 WEBINAR: PERSONAL BRANDING &#038; LINKEDIN&#8221; _builder_version=&#8221;4.25.0&#8243; _module_preset=&#8221;default&#8221; global_colors_info=&#8221;{}&#8221; open=&#8221;off&#8221;]<\/p>\n<p><b>Marted\u00ec 12 maggio Ore 15:00 &#8211; 17:00<\/b><\/p>\n<p><strong><a href=\"https:\/\/uniurb-it.zoom.us\/webinar\/register\/WN_sMRL1N6vS_agObeXX7qTwg\" target=\"_blank\" rel=\"noopener\" title=\"Partecipa al webinar\">[PARTECIPA AL WEBINAR]<\/a><\/strong><b><\/b><\/p>\n<p><b>Relatrice:<\/b>Dott.ssa Carmen D\u2019Amico \u2013 Talent Acquisition &amp; Training Manager<\/p>\n<p><span style=\"font-weight: 400;\"><strong>Descrizione:<\/strong>Il webinar sul Personal Branding &amp; LinkedIn offrir\u00e0 preziose informazioni su come costruire e gestire un\u2019identit\u00e0 professionale online. I partecipanti impareranno strategie efficaci per migliorare la loro presenza su LinkedIn e aumentare le opportunit\u00e0 di carriera.<strong><br \/><\/strong><\/span><\/p>\n<p><span style=\"font-weight: 400;\">Cosa scoprirai:<\/span><\/p>\n<ul>\n<li style=\"font-weight: 400;\" aria-level=\"1\"><span style=\"font-weight: 400;\">come creare un personal brand forte e autentico,<\/span><\/li>\n<li style=\"font-weight: 400;\" aria-level=\"1\"><span style=\"font-weight: 400;\">tecniche per ottimizzare il profilo LinkedIn,<\/span><\/li>\n<li style=\"font-weight: 400;\" aria-level=\"1\"><span style=\"font-weight: 400;\">strategie per costruire e mantenere una rete di contatti professionali.<\/span><\/li>\n<li style=\"list-style-type: none;\">\n<ul><\/ul>\n<\/li>\n<\/ul>\n<p>[\/et_pb_accordion_item][et_pb_accordion_item title=&#8221;12 maggio \u2014 CV CHECK SERVICE &#8221; _builder_version=&#8221;4.25.0&#8243; _module_preset=&#8221;default&#8221; global_colors_info=&#8221;{}&#8221; open=&#8221;off&#8221;]<\/p>\n<p><b>Marted\u00ec 12 maggio Ore 10:00 &#8211; 16:30\u00a0 \u2013 <\/b><b>Ingresso Palazzo Battiferri \u2013 Via Saffi, 42\u00a0<\/b><\/p>\n<p><strong>Operatori e operatrici:<\/strong><\/p>\n<ul>\n<li>Domenico Ferrara &#8211; Centro per l\u2019impiego di Pesaro \u2013 referente per il CV Check in italiano<\/li>\n<li>Anastasia Grandis \u2013 Centro per l\u2019impiego di Fano \u2013 referente per il CV Check in inglese<\/li>\n<\/ul>\n<p>Gli operatori e le operatrici esperti dei Centri per l\u2019impiego di Pesaro e Fano, saranno a disposizione per il servizio di CV Check. Attraverso un colloquio individuale si valuteranno la correttezza e l\u2019efficacia del curriculum vitae del\/della candidato\/a e la coerenza rispetto al progetto professionale.<\/p>\n<p><b>Come partecipare:<\/b><span style=\"font-weight: 400;\"> prendere un appuntamento compilando il <\/span><a href=\"https:\/\/docs.google.com\/forms\/d\/e\/1FAIpQLScg4mXWg8sU2EpZI3VZDc6lgkFvzHfJezYMRp6MVTHwFFqvpQ\/viewform?usp=sharing&amp;ouid=101016051788755034830\" target=\"_blank\" rel=\"noopener\" title=\"CV CHECK SERVICE\"><span style=\"font-weight: 400;\">form di adesione<\/span><\/a><\/p>\n<p><span style=\"font-weight: 400;\">Dopo la compilazione del form, riceverai per email la comunicazione dell&#8217;orario dell&#8217;appuntamento.<\/span><\/p>\n<p style=\"text-align: center;\"><span style=\"font-weight: 400;\">***<\/span><\/p>\n<p><span style=\"font-weight: 400;\">The experienced operators of the Job Center of Pesaro and Fano will be available for the CV Check through an individual interview during which they will assess the correctness and effectiveness of the candidate&#8217;s CV.<\/span><\/p>\n<p><span style=\"font-weight: 400;\">You can request your CV to be checked in Italian or English.<\/span><\/p>\n<p><b>How to participate:<\/b><span style=\"font-weight: 400;\"> make an appointment by filling in <\/span><a href=\"https:\/\/docs.google.com\/forms\/d\/e\/1FAIpQLScg4mXWg8sU2EpZI3VZDc6lgkFvzHfJezYMRp6MVTHwFFqvpQ\/viewform?usp=sharing&amp;ouid=101016051788755034830\" target=\"_blank\" rel=\"noopener\" title=\"CV CHECK SERVICE\"><span style=\"font-weight: 400;\">the application form<\/span><\/a><\/p>\n<p><span style=\"font-weight: 400;\">After filling in the form, you will receive an email notifying you of your appointment time.<\/span><\/p>\n<p>[\/et_pb_accordion_item][et_pb_accordion_item title=&#8221;13 maggio \u2014 LABORATORIO: PROGETTA IL TUO FUTURO: COMPETENZE E STRUMENTI PER ENTRARE NEL MONDO DEL LAVORO&#8221; _builder_version=&#8221;4.25.0&#8243; _module_preset=&#8221;default&#8221; global_colors_info=&#8221;{}&#8221; open=&#8221;off&#8221;]<\/p>\n<p><b>Mercoled\u00ec 13 maggio Ore 9:00 &#8211; 11:00<br \/><\/b><strong>Sala Lauree &#8211; Area Scientifico &#8211; Didattica Paolo Volponi \u2013 Via Saffi, 15<\/strong><\/p>\n<p><strong><a href=\"https:\/\/www.eventbrite.it\/e\/career-day-2026-progetta-il-tuo-futuro-competenze-e-strumenti-tickets-1987845106224?aff=oddtdtcreator\" target=\"_blank\" rel=\"noopener\" title=\"[PRENOTA IL TUO POSTO]\">[PRENOTA IL TUO POSTO]<\/a><\/strong><b><\/b><\/p>\n<p><b>Relatrice:<\/b> Ilaria Cambioli \u2013 Centro per l\u2019impiego di Urbino<b><br \/><\/b><\/p>\n<p><b>Descrizione:<\/b>Hai le idee chiare sul tuo futuro? Sai gi\u00e0 come organizzare la tua ricerca di lavoro? Costruiamo insieme il tuo percorso di inserimento nel mercato del lavoro.<br \/>Il mercato del lavoro \u00e8 un &#8220;luogo&#8221; complesso e in continuo cambiamento.<br \/>Cercare lavoro, un lavoro che corrisponda a ci\u00f2 che desideriamo fare ed essere, \u00e8 oggi una grande sfida da cogliere e gestire.<br \/>In questo laboratorio esploreremo insieme il processo che va dalla definizione del proprio obiettivo professionale all&#8217;inserimento lavorativo, approfondendo le competenze maggiormente richieste dalle aziende e i nuovi canali di ricerca di lavoro.<br \/>Attraverso testimonianze dirette capiremo quali sono le modalit\u00e0 di selezione pi\u00f9 diffuse ed utilizzate e i contenuti maggiormente esplorati in un colloquio di lavoro.<br \/>Essere protagonisti attivi della propria ricerca di lavoro \u00e8 una delle chiavi per realizzare se stessi, con coerenza e successo personale.<b><br \/><\/b><\/p>\n<ul><\/ul>\n<p>[\/et_pb_accordion_item][et_pb_accordion_item title=&#8221;13 maggio \u2014 SEMINARIO: ESPLORARE IL MISMATCH: LE PROFESSIONI DEL FUTURO IN UN MERCATO DEL LAVORO IN EVOLUZIONE TRA TECNOLOGIA E SOSTENIBILIT\u00c0. PILLOLE DI APPRENDIMENTO IN MODALIT\u00c0 DUALE&#8221; _builder_version=&#8221;4.25.0&#8243; _module_preset=&#8221;default&#8221; global_colors_info=&#8221;{}&#8221; open=&#8221;off&#8221;]<\/p>\n<p><b>Mercoled\u00ec 13 maggio Ore 14:00 &#8211; 16:00<br \/><\/b><b>Aula D1 &#8211; Area Scientifico &#8211; Didattica Paolo Volponi \u2013 Via Saffi, 15<\/b><\/p>\n<p><strong><a href=\"https:\/\/www.eventbrite.it\/e\/career-day-2026-esplorare-il-mismatch-le-professioni-del-futuro-tickets-1987845270716?aff=oddtdtcreator\" target=\"_blank\" rel=\"noopener\" title=\"[PRENOTA IL TUO POSTO]\">[PRENOTA IL TUO POSTO]<\/a><\/strong><b><\/b><\/p>\n<p><span style=\"font-weight: 400;\"><strong>Relatori:<\/strong> operatori e operatrici di Sviluppo Lavoro Italia<br \/><\/span><\/p>\n<p><span style=\"font-weight: 400;\"><strong>Descrizione:<\/strong> Un breve approfondimento su come il mercato del lavoro si sta evolvendo tra transizione digitale e green, con focus sul mismatch tra domanda e offerta di competenze. Saranno presentati dati su occupazione, previsioni e fabbisogni delle imprese nelle Marche offrendo ai laureandi\/laureati spunti utili per orientarsi alle professioni del futuro e un cenno alle opportunit\u00e0 dell\u2019apprendistato di III livello.<\/span><\/p>\n<p>[\/et_pb_accordion_item][et_pb_accordion_item title=&#8221;14 maggio \u2014 CV CHECK SERVICE &#8221; _builder_version=&#8221;4.25.0&#8243; _module_preset=&#8221;default&#8221; global_colors_info=&#8221;{}&#8221; open=&#8221;off&#8221;]<\/p>\n<p><b>Gioved\u00ec 14 maggio Ore 9:30 &#8211; 16:30\u00a0 \u2013 Collegio Raffaello &#8211; Piazza della Repubblica, 13<\/b><b>\u00a0<\/b><\/p>\n<p><strong>Operatori e operatrici:<\/strong><\/p>\n<ul>\n<li>Martina Sorcinelli &#8211; Centro per l\u2019impiego di Fano \u2013 referente per il CV Check in italiano<\/li>\n<li>Simona Cenci &#8211; Centro per l\u2019impiego di Pesaro \u2013 referente per il CV Check in inglese<\/li>\n<\/ul>\n<p>Gli operatori e le operatrici esperti dei Centri per l\u2019impiego di Pesaro e Fano, saranno a disposizione per il servizio di CV Check. Attraverso un colloquio individuale si valuteranno la correttezza e l\u2019efficacia del curriculum vitae del\/della candidato\/a e la coerenza rispetto al progetto professionale.<\/p>\n<p><b>Come partecipare:<\/b><span style=\"font-weight: 400;\"> prendere un appuntamento compilando il <\/span><a href=\"https:\/\/docs.google.com\/forms\/d\/e\/1FAIpQLScg4mXWg8sU2EpZI3VZDc6lgkFvzHfJezYMRp6MVTHwFFqvpQ\/viewform?usp=sharing&amp;ouid=101016051788755034830\" target=\"_blank\" rel=\"noopener\" title=\"CV CHECK SERVICE\"><span style=\"font-weight: 400;\">form di adesione<\/span><\/a><\/p>\n<p><span style=\"font-weight: 400;\">Dopo la compilazione del form, riceverai per email la comunicazione dell&#8217;orario dell&#8217;appuntamento.<\/span><\/p>\n<p style=\"text-align: center;\"><span style=\"font-weight: 400;\">***<\/span><\/p>\n<p><span style=\"font-weight: 400;\">The experienced operators of the Job Center of Pesaro and Fano will be available for the CV Check through an individual interview during which they will assess the correctness and effectiveness of the candidate&#8217;s CV.<\/span><\/p>\n<p><span style=\"font-weight: 400;\">You can request your CV to be checked in Italian or English.<\/span><\/p>\n<p><b>How to participate:<\/b><span style=\"font-weight: 400;\"> make an appointment by filling in <\/span><a href=\"https:\/\/docs.google.com\/forms\/d\/e\/1FAIpQLScg4mXWg8sU2EpZI3VZDc6lgkFvzHfJezYMRp6MVTHwFFqvpQ\/viewform?usp=sharing&amp;ouid=101016051788755034830\" target=\"_blank\" rel=\"noopener\" title=\"CV CHECK SERVICE\"><span style=\"font-weight: 400;\">the application form<\/span><\/a><\/p>\n<p><span style=\"font-weight: 400;\">After filling in the form, you will receive an email notifying you of your appointment time.<\/span><\/p>\n<p>[\/et_pb_accordion_item][\/et_pb_accordion][et_pb_icon font_icon=&#8221;&#x22;||divi||400&#8243; icon_color=&#8221;#E09900&#8243; _builder_version=&#8221;4.20.4&#8243; _module_preset=&#8221;default&#8221; global_colors_info=&#8221;{}&#8221;][\/et_pb_icon][\/et_pb_column][\/et_pb_row][\/et_pb_section][et_pb_section fb_built=&#8221;1&#8243; _builder_version=&#8221;4.25.0&#8243; _module_preset=&#8221;default&#8221; background_color=&#8221;#e09900&#8243; background_image=&#8221;https:\/\/hello.uniurb.it\/careerday\/wp-content\/uploads\/2022\/09\/business-teamwork-people-with-joined-hands-union-2021-08-29-07-14-29-utc.jpg&#8221; background_blend=&#8221;luminosity&#8221; background_enable_pattern_style=&#8221;on&#8221; background_pattern_style=&#8221;crosses&#8221; background_pattern_color=&#8221;rgba(224,153,0,0.61)&#8221; background_pattern_transform=&#8221;invert&#8221; background_pattern_blend_mode=&#8221;multiply&#8221; min_height=&#8221;400px&#8221; height=&#8221;200px&#8221; max_height=&#8221;300px&#8221; global_colors_info=&#8221;{}&#8221;][\/et_pb_section][et_pb_section fb_built=&#8221;1&#8243; admin_label=&#8221;Footer&#8221; _builder_version=&#8221;4.20.4&#8243; background_color=&#8221;#E09900&#8243; custom_padding=&#8221;0px|0px|0px|0px||&#8221; animation_style=&#8221;zoom&#8221; animation_direction=&#8221;bottom&#8221; animation_intensity_zoom=&#8221;6%&#8221; animation_starting_opacity=&#8221;100%&#8221; box_shadow_style=&#8221;preset6&#8243; saved_tabs=&#8221;all&#8221; locked=&#8221;off&#8221; global_colors_info=&#8221;{}&#8221;][et_pb_row column_structure=&#8221;1_2,1_2&#8243; _builder_version=&#8221;4.25.0&#8243; background_size=&#8221;initial&#8221; background_position=&#8221;top_left&#8221; background_repeat=&#8221;repeat&#8221; custom_padding=&#8221;0px|0px|100px|0px&#8221; global_colors_info=&#8221;{}&#8221;][et_pb_column type=&#8221;1_2&#8243; _builder_version=&#8221;4.16&#8243; custom_padding=&#8221;|||&#8221; global_colors_info=&#8221;{}&#8221; custom_padding__hover=&#8221;|||&#8221;][et_pb_blurb title=&#8221;14 maggio dalle 9:45 alle 11:00&#8243; url_new_window=&#8221;on&#8221; use_icon=&#8221;on&#8221; font_icon=&#8221;&#x5c;||divi||400&#8243; icon_color=&#8221;#E09900&#8243; icon_placement=&#8221;left&#8221; content_max_width=&#8221;1100px&#8221; _builder_version=&#8221;4.25.0&#8243; header_font=&#8221;|700||on|||||&#8221; header_text_color=&#8221;#E09900&#8243; header_font_size=&#8221;20px&#8221; header_line_height=&#8221;1.5em&#8221; body_font=&#8221;||||||||&#8221; background_color=&#8221;#ffffff&#8221; custom_margin=&#8221;-80px|||&#8221; custom_margin_tablet=&#8221;0px|||&#8221; custom_margin_phone=&#8221;0px|||&#8221; custom_margin_last_edited=&#8221;on|phone&#8221; custom_padding=&#8221;30px|40px|30px|40px&#8221; animation_style=&#8221;zoom&#8221; animation_direction=&#8221;bottom&#8221; animation_delay=&#8221;100ms&#8221; animation_intensity_zoom=&#8221;20%&#8221; animation_starting_opacity=&#8221;100%&#8221; link_option_url_new_window=&#8221;on&#8221; box_shadow_style=&#8221;preset1&#8243; box_shadow_horizontal=&#8221;-20px&#8221; box_shadow_vertical=&#8221;-20px&#8221; box_shadow_blur=&#8221;20px&#8221; box_shadow_spread=&#8221;-25px&#8221; box_shadow_color=&#8221;#005092&#8243; locked=&#8221;off&#8221; global_colors_info=&#8221;{}&#8221;]<\/p>\n<p>Per arrivare preparata\/o e conoscere l&#8217;azienda che incontrerai, registrati all\u2019evento Career Day &#8211; Spring Edition e <strong>iscriviti alle<\/strong> <strong>presentazioni aziendali,<\/strong> che si terranno presso la Sala Castellani del Collegio Raffaello.<\/p>\n<p><strong><\/strong><\/p>\n<ul>\n<li>ORE 9:45: <span style=\"font-weight: 400;\">FAB<\/span><\/li>\n<li>ORE 10:00: Museo del Bal\u00ec<\/li>\n<li>ORE 10:15: <span style=\"font-weight: 400;\">ADV MEDIA LAB<\/span><\/li>\n<li>ORE 10:30:\u00a0Italian Exhibition Group<\/li>\n<li>ORE 10:45: Synergie Italia Agenzia per il Lavoro<\/li>\n<li>ORE 11:00: <span style=\"font-weight: 400;\">Elica<\/span><\/li>\n<\/ul>\n<p>[\/et_pb_blurb][et_pb_button button_url=&#8221;https:\/\/placement.uniurb.it\/lau\/eventi\/evento\/1608\/&#8221; url_new_window=&#8221;on&#8221; button_text=&#8221;PRENOTA IL TUO POSTO&#8221; button_alignment=&#8221;center&#8221; _builder_version=&#8221;4.25.0&#8243; _module_preset=&#8221;default&#8221; custom_button=&#8221;on&#8221; button_text_size=&#8221;16px&#8221; button_border_width=&#8221;2px&#8221; button_border_radius=&#8221;10px&#8221; background_layout=&#8221;dark&#8221; background_layout_tablet=&#8221;dark&#8221; background_layout_phone=&#8221;dark&#8221; background_layout_last_edited=&#8221;on|desktop&#8221; global_colors_info=&#8221;{}&#8221;][\/et_pb_button][\/et_pb_column][et_pb_column type=&#8221;1_2&#8243; _builder_version=&#8221;4.16&#8243; custom_padding=&#8221;|||&#8221; global_colors_info=&#8221;{}&#8221; custom_padding__hover=&#8221;|||&#8221;][et_pb_blurb title=&#8221;14 maggio dalle 11:00 alle 12:45&#8243; url_new_window=&#8221;on&#8221; use_icon=&#8221;on&#8221; font_icon=&#8221;&#x5c;||divi||400&#8243; icon_color=&#8221;#E09900&#8243; icon_placement=&#8221;left&#8221; content_max_width=&#8221;1100px&#8221; _builder_version=&#8221;4.25.0&#8243; header_font=&#8221;|700||on|||||&#8221; header_text_color=&#8221;#E09900&#8243; header_font_size=&#8221;20px&#8221; header_line_height=&#8221;1.5em&#8221; body_font=&#8221;||||||||&#8221; background_color=&#8221;#ffffff&#8221; custom_margin=&#8221;-80px|||&#8221; custom_margin_tablet=&#8221;0px|||&#8221; custom_margin_phone=&#8221;0px|||&#8221; custom_margin_last_edited=&#8221;on|phone&#8221; custom_padding=&#8221;30px|40px|30px|40px&#8221; animation_style=&#8221;zoom&#8221; animation_direction=&#8221;bottom&#8221; animation_delay=&#8221;100ms&#8221; animation_intensity_zoom=&#8221;20%&#8221; animation_starting_opacity=&#8221;100%&#8221; link_option_url_new_window=&#8221;on&#8221; box_shadow_style=&#8221;preset1&#8243; box_shadow_horizontal=&#8221;-20px&#8221; box_shadow_vertical=&#8221;-20px&#8221; box_shadow_blur=&#8221;20px&#8221; box_shadow_spread=&#8221;-25px&#8221; box_shadow_color=&#8221;#005092&#8243; locked=&#8221;off&#8221; global_colors_info=&#8221;{}&#8221;]<\/p>\n<p>Per arrivare preparata\/o e conoscere l&#8217;azienda che incontrerai, registrati all\u2019evento Career Day &#8211; Spring Edition e<strong> iscriviti alle presentazioni aziendali, <\/strong>che si terranno presso la Sala Castellani del Collegio Raffaello.<\/p>\n<p><strong><\/strong><\/p>\n<ul>\n<li style=\"list-style-type: none;\">\n<ul>\n<li>ORE 11:15:\u00a0Artigiana Marmi<\/li>\n<li>ORE 11:30: <span style=\"font-weight: 400;\">T.EN Italy Solutions<\/span><\/li>\n<li>ORE 11:45:\u00a0Gruppo Andreani<\/li>\n<li>ORE 12:00:\u00a0Direzione Lavoro Group<\/li>\n<li>ORE 12:15: <span style=\"font-weight: 400;\">Dev4Side Software\u00a0<\/span><\/li>\n<li>ORE 12:30: Itas Mutua Assicurazioni<\/li>\n<\/ul>\n<\/li>\n<\/ul>\n<p>[\/et_pb_blurb][et_pb_button button_url=&#8221;https:\/\/placement.uniurb.it\/lau\/eventi\/evento\/1608\/&#8221; url_new_window=&#8221;on&#8221; button_text=&#8221;PRENOTA IL TUO POSTO&#8221; button_alignment=&#8221;center&#8221; _builder_version=&#8221;4.25.0&#8243; _module_preset=&#8221;default&#8221; custom_button=&#8221;on&#8221; button_text_size=&#8221;16px&#8221; button_border_width=&#8221;2px&#8221; button_border_radius=&#8221;10px&#8221; background_layout=&#8221;dark&#8221; global_colors_info=&#8221;{}&#8221;][\/et_pb_button][\/et_pb_column][\/et_pb_row][\/et_pb_section][et_pb_section fb_built=&#8221;1&#8243; specialty=&#8221;on&#8221; admin_label=&#8221;Timeline&#8221; _builder_version=&#8221;4.20.4&#8243; background_color=&#8221;#8A8A8A&#8221; global_module=&#8221;255914&#8243; saved_tabs=&#8221;all&#8221; global_colors_info=&#8221;{}&#8221;][et_pb_column type=&#8221;1_3&#8243; _builder_version=&#8221;4.16&#8243; custom_padding=&#8221;|||&#8221; global_colors_info=&#8221;{}&#8221; custom_padding__hover=&#8221;|||&#8221;][et_pb_text _builder_version=&#8221;4.25.0&#8243; text_font=&#8221;&#8211;et_global_heading_font|600|||||||&#8221; text_line_height=&#8221;1.8em&#8221; header_font=&#8221;&#8211;et_global_heading_font|700||on|||||&#8221; header_font_size=&#8221;35px&#8221; header_2_font=&#8221;Montserrat|500||on|||||&#8221; header_2_font_size=&#8221;80px&#8221; header_4_font=&#8221;Montserrat|600|||||||&#8221; header_4_text_color=&#8221;#005092&#8243; header_4_line_height=&#8221;1.4em&#8221; background_layout=&#8221;dark&#8221; header_2_font_size_tablet=&#8221;60px&#8221; header_2_font_size_phone=&#8221;35px&#8221; header_2_font_size_last_edited=&#8221;on|phone&#8221; header_4_font_size_tablet=&#8221;20px&#8221; header_4_font_size_phone=&#8221;14px&#8221; header_4_font_size_last_edited=&#8221;on|phone&#8221; locked=&#8221;off&#8221; global_colors_info=&#8221;{}&#8221;]<\/p>\n<h1>Incontra le Aziende<\/h1>\n<p>[\/et_pb_text][et_pb_text _builder_version=&#8221;4.25.0&#8243; _module_preset=&#8221;default&#8221; text_font=&#8221;||||||||&#8221; text_font_size=&#8221;18px&#8221; background_layout=&#8221;dark&#8221; global_colors_info=&#8221;{}&#8221;]<\/p>\n<p>Un colloquio con le aziende <strong>aiuta a comprendere le aspettative degli altri e spinge ad analizzare se stessi<\/strong>, a valutare quali competenze professionali valorizzare e quali necessitano di ulteriore approfondimento.<\/p>\n<p>Incontrarsi e confrontarsi con le aziende <strong>\u00e8 un investimento per la propria carriera<\/strong>, ma ha anche un valore prezioso per la formazione della personalit\u00e0.<\/p>\n<p>[\/et_pb_text][\/et_pb_column][et_pb_column type=&#8221;2_3&#8243; specialty_columns=&#8221;2&#8243; _builder_version=&#8221;4.16&#8243; custom_padding=&#8221;|||&#8221; global_colors_info=&#8221;{}&#8221; custom_padding__hover=&#8221;|||&#8221;][et_pb_row_inner _builder_version=&#8221;4.16&#8243; custom_padding=&#8221;|||30px|false|false&#8221; border_color_all=&#8221;#FFFFFF&#8221; border_width_left=&#8221;2px&#8221; global_colors_info=&#8221;{}&#8221;][et_pb_column_inner saved_specialty_column_type=&#8221;2_3&#8243; _builder_version=&#8221;4.16&#8243; global_colors_info=&#8221;{}&#8221;][et_pb_blurb title=&#8221;14 MAGGIO 2026 DALLE 9:30 ALLE ORE 16:30&#8243; use_icon=&#8221;on&#8221; font_icon=&#8221;&#x5e;||divi||400&#8243; icon_color=&#8221;#FFFFFF&#8221; image_icon_background_color=&#8221;RGBA(255,255,255,0)&#8221; icon_placement=&#8221;left&#8221; image_icon_width=&#8221;40px&#8221; content_max_width=&#8221;100%&#8221; _builder_version=&#8221;4.25.0&#8243; header_level=&#8221;h3&#8243; header_font=&#8221;|800||on|||||&#8221; header_text_align=&#8221;left&#8221; header_text_color=&#8221;#FFFFFF&#8221; header_line_height=&#8221;1.4em&#8221; body_font=&#8221;|700||on|||||&#8221; body_text_align=&#8221;left&#8221; body_text_color=&#8221;#FFFFFF&#8221; body_font_size=&#8221;18px&#8221; body_line_height=&#8221;1.4em&#8221; background_layout=&#8221;dark&#8221; custom_margin=&#8221;|||-51px|false|false&#8221; body_font_size_tablet=&#8221;18px&#8221; body_font_size_phone=&#8221;16px&#8221; body_font_size_last_edited=&#8221;on|desktop&#8221; icon_font_size=&#8221;40px&#8221; locked=&#8221;off&#8221; global_colors_info=&#8221;{}&#8221;][\/et_pb_blurb][et_pb_text _builder_version=&#8221;4.25.0&#8243; _module_preset=&#8221;default&#8221; text_font=&#8221;&#8211;et_global_body_font||||||||&#8221; text_font_size=&#8221;20px&#8221; background_layout=&#8221;dark&#8221; global_colors_info=&#8221;{}&#8221;]<\/p>\n<p><strong>Gioved\u00ec 14 maggio 2026<\/strong>\u00a0potrai incontrare le aziende che parteciperanno al Career Day e sostenere il tuo colloquio presso il <strong>Collegio Raffaello <\/strong>in Piazza della Repubblica, 13 a Urbino.<\/p>\n<p>[\/et_pb_text][et_pb_button button_url=&#8221;https:\/\/placement.uniurb.it\/lau\/eventi\/evento\/1608\/&#8221; url_new_window=&#8221;on&#8221; button_text=&#8221;PARTECIPA E INVIA LA TUA CANDIDATURA&#8221; _builder_version=&#8221;4.25.0&#8243; _module_preset=&#8221;default&#8221; custom_button=&#8221;on&#8221; button_text_size=&#8221;16px&#8221; button_text_color=&#8221;#FFFFFF&#8221; button_border_width=&#8221;2px&#8221; button_border_radius=&#8221;10px&#8221; background_layout=&#8221;dark&#8221; global_colors_info=&#8221;{}&#8221;][\/et_pb_button][et_pb_text disabled_on=&#8221;on|on|on&#8221; _builder_version=&#8221;4.25.0&#8243; _module_preset=&#8221;default&#8221; text_font_size=&#8221;16px&#8221; header_font=&#8221;&#8211;et_global_body_font|700|||||||&#8221; background_color=&#8221;RGBA(255,255,255,0)&#8221; background_layout=&#8221;dark&#8221; link_option_url=&#8221;https:\/\/wom.social\/home&#8221; link_option_url_new_window=&#8221;on&#8221; disabled=&#8221;on&#8221; global_colors_info=&#8221;{}&#8221;]<\/p>\n<p><span style=\"font-weight: 400;\">Guadagna <\/span><b>WOM<\/b><span style=\"font-weight: 400;\"> partecipando al Career Day. Usa l&#8217;APP e raccogli i voucher ad ogni stand aziendale che visiterai. Per informazioni: <span style=\"text-decoration: underline;\"><strong><span style=\"color: #ffffff;\"><a href=\"https:\/\/wom.social\/home\" target=\"_blank\" rel=\"noopener\" title=\"Wom Social \" style=\"color: #ffffff; text-decoration: underline;\">https:\/\/wom.social<\/a><\/span><\/strong><\/span><\/span><\/p>\n<p>[\/et_pb_text][et_pb_text _builder_version=&#8221;4.25.0&#8243; _module_preset=&#8221;default&#8221; text_font=&#8221;&#8211;et_global_heading_font||||||||&#8221; text_font_size=&#8221;18px&#8221; background_color=&#8221;RGBA(255,255,255,0)&#8221; background_layout=&#8221;dark&#8221; link_option_url_new_window=&#8221;on&#8221; global_colors_info=&#8221;{}&#8221;]<\/p>\n<h3><strong>Stand Sala Raffaello<\/strong><\/h3>\n<ul>\n<li style=\"font-weight: 400;\" aria-level=\"1\">AETNA GROUP<\/li>\n<li style=\"font-weight: 400;\" aria-level=\"1\">AMI<\/li>\n<li style=\"font-weight: 400;\" aria-level=\"1\">ARTIGIANA MARMI<\/li>\n<li style=\"font-weight: 400;\" aria-level=\"1\">BIESSE<\/li>\n<li style=\"font-weight: 400;\" aria-level=\"1\">CRAINOX<\/li>\n<li style=\"font-weight: 400;\" aria-level=\"1\">ELICA<\/li>\n<li style=\"font-weight: 400;\" aria-level=\"1\">FAB<\/li>\n<li style=\"font-weight: 400;\" aria-level=\"1\">FARMA ACQUISITION HOLDING<\/li>\n<li style=\"font-weight: 400;\" aria-level=\"1\">GI GROUP<\/li>\n<li style=\"font-weight: 400;\" aria-level=\"1\">GRUPPO ANDREANI<\/li>\n<li style=\"font-weight: 400;\" aria-level=\"1\">GRUPPO BCC ICCREA<\/li>\n<li style=\"font-weight: 400;\" aria-level=\"1\">ITALIAN EXHIBITION GROUP<\/li>\n<li style=\"font-weight: 400;\" aria-level=\"1\">ITAS MUTUA ASSICURAZIONI<\/li>\n<li style=\"font-weight: 400;\" aria-level=\"1\">LAVOROPI\u00d9<\/li>\n<li style=\"font-weight: 400;\" aria-level=\"1\">LC<\/li>\n<li style=\"font-weight: 400;\" aria-level=\"1\">MUSEO DEL BAL\u00cc<\/li>\n<li style=\"font-weight: 400;\" aria-level=\"1\">PLUSERVICE<\/li>\n<li style=\"font-weight: 400;\" aria-level=\"1\">PROFILGLASS<\/li>\n<li style=\"font-weight: 400;\" aria-level=\"1\">RIVACOLD<\/li>\n<li style=\"font-weight: 400;\" aria-level=\"1\">SINERGIA CONSULENZE<\/li>\n<li style=\"font-weight: 400;\" aria-level=\"1\">STE-SANITIZING TECHNOLOGIES AND EQUIPMENTS<\/li>\n<li style=\"font-weight: 400;\" aria-level=\"1\">SYNERGIE ITALIA AGENZIA PER IL LAVORO<\/li>\n<li style=\"font-weight: 400;\" aria-level=\"1\">T.EN ITALY SOLUTIONS<\/li>\n<li style=\"font-weight: 400;\" aria-level=\"1\">UMANA<\/li>\n<li style=\"font-weight: 400;\" aria-level=\"1\">VALMEX<\/li>\n<li style=\"font-weight: 400;\" aria-level=\"1\">WONDERFOOD <\/li>\n<\/ul>\n<h3><strong>Stand Corridoio<\/strong><\/h3>\n<ul>\n<li>SEGRETERIA CAREER DAY<\/li>\n<li>CENTRO DI DOCUMENTAZIONE EUROPEA<\/li>\n<li>CENTRO PER L&#8217;IMPIEGO<\/li>\n<li>DOTTORATI DI RICERCA UNIURB<\/li>\n<li>EURES &#8211; ASSOCIAZIONE VICOLO CORTO<\/li>\n<li>POLIZIA DI STATO<\/li>\n<li>SVILUPPO LAVORO ITALIA<\/li>\n<\/ul>\n<h3><strong>Stand Sala Incisori Urbinati<\/strong><\/h3>\n<ul>\n<li style=\"font-weight: 400;\" aria-level=\"1\">ADV MEDIA LAB<\/li>\n<li style=\"font-weight: 400;\" aria-level=\"1\">AGENZIAPI\u00d9<\/li>\n<li style=\"font-weight: 400;\" aria-level=\"1\">CONFINDUSTRIA JOB<\/li>\n<li style=\"font-weight: 400;\" aria-level=\"1\">DEV4SIDE SOFTWARE<\/li>\n<li style=\"font-weight: 400;\" aria-level=\"1\">DIREZIONE LAVORO<\/li>\n<li style=\"font-weight: 400;\" aria-level=\"1\">GENERALI ASSICURAZIONI<\/li>\n<li style=\"font-weight: 400;\" aria-level=\"1\">IMAB GROUP<\/li>\n<li style=\"font-weight: 400;\" aria-level=\"1\">IT CONSULT <\/li>\n<li style=\"font-weight: 400;\" aria-level=\"1\">OPENJOBMETIS<\/li>\n<li style=\"font-weight: 400;\" aria-level=\"1\">SYSTEM GROUP<\/li>\n<\/ul>\n<p>[\/et_pb_text][\/et_pb_column_inner][\/et_pb_row_inner][\/et_pb_column][\/et_pb_section]<\/p>\n","protected":false},"excerpt":{"rendered":"<p>Il Career Day rappresenta l\u2019occasione perfetta per mettere a fuoco le tue aspirazioni lavorative e investire nella tua crescita professionale e personale. Questo evento ti offre l\u2019opportunit\u00e0 di incontrare professionisti del settore e confrontarti con loro per comprendere le aspettative del mondo del lavoro e acquisire nuove competenze.<\/p>\n","protected":false},"author":4,"featured_media":0,"parent":0,"menu_order":0,"comment_status":"closed","ping_status":"closed","template":"","meta":{"_et_pb_use_builder":"on","_et_pb_old_content":"","_et_gb_content_width":"","footnotes":""},"class_list":["post-256922","page","type-page","status-publish","hentry"],"yoast_head":"<!-- This site is optimized with the Yoast SEO plugin v20.5 - https:\/\/yoast.com\/wordpress\/plugins\/seo\/ -->\n<title>Career Day * Spring Edition 2026 - Career Day \u2014 Universit\u00e0 degli Studi di Urbino Carlo Bo<\/title>\n<meta name=\"description\" content=\"Il Career Day rappresenta l\u2019occasione perfetta per mettere a fuoco le tue aspirazioni lavorative e investire nella tua crescita professionale e personale. Questo evento ti offre l\u2019opportunit\u00e0 di incontrare professionisti del settore e confrontarti con loro per comprendere le aspettative del mondo del lavoro e acquisire nuove competenze.\" \/>\n<meta name=\"robots\" content=\"index, follow, max-snippet:-1, max-image-preview:large, max-video-preview:-1\" \/>\n<link rel=\"canonical\" href=\"https:\/\/hello.uniurb.it\/careerday\/\" \/>\n<meta property=\"og:locale\" content=\"it_IT\" \/>\n<meta property=\"og:type\" content=\"article\" \/>\n<meta property=\"og:title\" content=\"Career Day | Spring Edition | dal 9 al 16 maggio\" \/>\n<meta property=\"og:description\" content=\"Il Career Day rappresenta l\u2019occasione perfetta per mettere a fuoco le tue aspirazioni lavorative e investire nella tua crescita professionale e personale. Questo evento ti offre l\u2019opportunit\u00e0 di incontrare professionisti del settore e confrontarti con loro per comprendere le aspettative del mondo del lavoro e acquisire nuove competenze.\" \/>\n<meta property=\"og:url\" content=\"https:\/\/hello.uniurb.it\/careerday\/\" \/>\n<meta property=\"og:site_name\" content=\"Career Day \u2014 Universit\u00e0 degli Studi di Urbino Carlo Bo\" \/>\n<meta property=\"article:modified_time\" content=\"2026-04-28T14:44:05+00:00\" \/>\n<meta property=\"og:image\" content=\"https:\/\/hello.uniurb.it\/careerday\/wp-content\/uploads\/2022\/09\/careerday.jpg\" \/>\n\t<meta property=\"og:image:width\" content=\"1920\" \/>\n\t<meta property=\"og:image:height\" content=\"1280\" \/>\n\t<meta property=\"og:image:type\" content=\"image\/jpeg\" \/>\n<meta name=\"twitter:card\" content=\"summary_large_image\" \/>\n<meta name=\"twitter:title\" content=\"Career Day | Spring Edition | dal 9 al 16 maggio\" \/>\n<meta name=\"twitter:description\" content=\"Il Career Day rappresenta l\u2019occasione perfetta per mettere a fuoco le tue aspirazioni lavorative e investire nella tua crescita professionale e personale. Questo evento ti offre l\u2019opportunit\u00e0 di incontrare professionisti del settore e confrontarti con loro per comprendere le aspettative del mondo del lavoro e acquisire nuove competenze.\" \/>\n<meta name=\"twitter:image\" content=\"https:\/\/hello.uniurb.it\/careerday\/wp-content\/uploads\/2022\/09\/careerday.jpg\" \/>\n<meta name=\"twitter:label1\" content=\"Tempo di lettura stimato\" \/>\n\t<meta name=\"twitter:data1\" content=\"14 minuti\" \/>\n<script type=\"application\/ld+json\" class=\"yoast-schema-graph\">{\"@context\":\"https:\/\/schema.org\",\"@graph\":[{\"@type\":\"WebPage\",\"@id\":\"https:\/\/hello.uniurb.it\/careerday\/\",\"url\":\"https:\/\/hello.uniurb.it\/careerday\/\",\"name\":\"Career Day * Spring Edition 2026 - Career Day \u2014 Universit\u00e0 degli Studi di Urbino Carlo Bo\",\"isPartOf\":{\"@id\":\"https:\/\/hello.uniurb.it\/careerday\/#website\"},\"datePublished\":\"2026-04-20T15:36:17+00:00\",\"dateModified\":\"2026-04-28T14:44:05+00:00\",\"description\":\"Il Career Day rappresenta l\u2019occasione perfetta per mettere a fuoco le tue aspirazioni lavorative e investire nella tua crescita professionale e personale. Questo evento ti offre l\u2019opportunit\u00e0 di incontrare professionisti del settore e confrontarti con loro per comprendere le aspettative del mondo del lavoro e acquisire nuove competenze.\",\"breadcrumb\":{\"@id\":\"https:\/\/hello.uniurb.it\/careerday\/#breadcrumb\"},\"inLanguage\":\"it-IT\",\"potentialAction\":[{\"@type\":\"ReadAction\",\"target\":[\"https:\/\/hello.uniurb.it\/careerday\/\"]}]},{\"@type\":\"BreadcrumbList\",\"@id\":\"https:\/\/hello.uniurb.it\/careerday\/#breadcrumb\",\"itemListElement\":[{\"@type\":\"ListItem\",\"position\":1,\"name\":\"Home\",\"item\":\"https:\/\/hello.uniurb.it\/careerday\/\"},{\"@type\":\"ListItem\",\"position\":2,\"name\":\"Career Day * Spring Edition 2026\"}]},{\"@type\":\"WebSite\",\"@id\":\"https:\/\/hello.uniurb.it\/careerday\/#website\",\"url\":\"https:\/\/hello.uniurb.it\/careerday\/\",\"name\":\"Career Day \u2014 Universit\u00e0 degli Studi di Urbino Carlo Bo\",\"description\":\"Il Career Day \u00e8 il pi\u00f9 importante momento d\u2019incontro tra l\u2019Universit\u00e0 di Urbino e il mondo del lavoro.\",\"potentialAction\":[{\"@type\":\"SearchAction\",\"target\":{\"@type\":\"EntryPoint\",\"urlTemplate\":\"https:\/\/hello.uniurb.it\/careerday\/?s={search_term_string}\"},\"query-input\":\"required name=search_term_string\"}],\"inLanguage\":\"it-IT\"}]}<\/script>\n<!-- \/ Yoast SEO plugin. -->","yoast_head_json":{"title":"Career Day * Spring Edition 2026 - Career Day \u2014 Universit\u00e0 degli Studi di Urbino Carlo Bo","description":"Il Career Day rappresenta l\u2019occasione perfetta per mettere a fuoco le tue aspirazioni lavorative e investire nella tua crescita professionale e personale. Questo evento ti offre l\u2019opportunit\u00e0 di incontrare professionisti del settore e confrontarti con loro per comprendere le aspettative del mondo del lavoro e acquisire nuove competenze.","robots":{"index":"index","follow":"follow","max-snippet":"max-snippet:-1","max-image-preview":"max-image-preview:large","max-video-preview":"max-video-preview:-1"},"canonical":"https:\/\/hello.uniurb.it\/careerday\/","og_locale":"it_IT","og_type":"article","og_title":"Career Day | Spring Edition | dal 9 al 16 maggio","og_description":"Il Career Day rappresenta l\u2019occasione perfetta per mettere a fuoco le tue aspirazioni lavorative e investire nella tua crescita professionale e personale. Questo evento ti offre l\u2019opportunit\u00e0 di incontrare professionisti del settore e confrontarti con loro per comprendere le aspettative del mondo del lavoro e acquisire nuove competenze.","og_url":"https:\/\/hello.uniurb.it\/careerday\/","og_site_name":"Career Day \u2014 Universit\u00e0 degli Studi di Urbino Carlo Bo","article_modified_time":"2026-04-28T14:44:05+00:00","og_image":[{"width":1920,"height":1280,"url":"https:\/\/hello.uniurb.it\/careerday\/wp-content\/uploads\/2022\/09\/careerday.jpg","type":"image\/jpeg"}],"twitter_card":"summary_large_image","twitter_title":"Career Day | Spring Edition | dal 9 al 16 maggio","twitter_description":"Il Career Day rappresenta l\u2019occasione perfetta per mettere a fuoco le tue aspirazioni lavorative e investire nella tua crescita professionale e personale. Questo evento ti offre l\u2019opportunit\u00e0 di incontrare professionisti del settore e confrontarti con loro per comprendere le aspettative del mondo del lavoro e acquisire nuove competenze.","twitter_image":"https:\/\/hello.uniurb.it\/careerday\/wp-content\/uploads\/2022\/09\/careerday.jpg","twitter_misc":{"Tempo di lettura stimato":"14 minuti"},"schema":{"@context":"https:\/\/schema.org","@graph":[{"@type":"WebPage","@id":"https:\/\/hello.uniurb.it\/careerday\/","url":"https:\/\/hello.uniurb.it\/careerday\/","name":"Career Day * Spring Edition 2026 - Career Day \u2014 Universit\u00e0 degli Studi di Urbino Carlo Bo","isPartOf":{"@id":"https:\/\/hello.uniurb.it\/careerday\/#website"},"datePublished":"2026-04-20T15:36:17+00:00","dateModified":"2026-04-28T14:44:05+00:00","description":"Il Career Day rappresenta l\u2019occasione perfetta per mettere a fuoco le tue aspirazioni lavorative e investire nella tua crescita professionale e personale. Questo evento ti offre l\u2019opportunit\u00e0 di incontrare professionisti del settore e confrontarti con loro per comprendere le aspettative del mondo del lavoro e acquisire nuove competenze.","breadcrumb":{"@id":"https:\/\/hello.uniurb.it\/careerday\/#breadcrumb"},"inLanguage":"it-IT","potentialAction":[{"@type":"ReadAction","target":["https:\/\/hello.uniurb.it\/careerday\/"]}]},{"@type":"BreadcrumbList","@id":"https:\/\/hello.uniurb.it\/careerday\/#breadcrumb","itemListElement":[{"@type":"ListItem","position":1,"name":"Home","item":"https:\/\/hello.uniurb.it\/careerday\/"},{"@type":"ListItem","position":2,"name":"Career Day * Spring Edition 2026"}]},{"@type":"WebSite","@id":"https:\/\/hello.uniurb.it\/careerday\/#website","url":"https:\/\/hello.uniurb.it\/careerday\/","name":"Career Day \u2014 Universit\u00e0 degli Studi di Urbino Carlo Bo","description":"Il Career Day \u00e8 il pi\u00f9 importante momento d\u2019incontro tra l\u2019Universit\u00e0 di Urbino e il mondo del lavoro.","potentialAction":[{"@type":"SearchAction","target":{"@type":"EntryPoint","urlTemplate":"https:\/\/hello.uniurb.it\/careerday\/?s={search_term_string}"},"query-input":"required name=search_term_string"}],"inLanguage":"it-IT"}]}},"_links":{"self":[{"href":"https:\/\/hello.uniurb.it\/careerday\/wp-json\/wp\/v2\/pages\/256922","targetHints":{"allow":["GET"]}}],"collection":[{"href":"https:\/\/hello.uniurb.it\/careerday\/wp-json\/wp\/v2\/pages"}],"about":[{"href":"https:\/\/hello.uniurb.it\/careerday\/wp-json\/wp\/v2\/types\/page"}],"author":[{"embeddable":true,"href":"https:\/\/hello.uniurb.it\/careerday\/wp-json\/wp\/v2\/users\/4"}],"replies":[{"embeddable":true,"href":"https:\/\/hello.uniurb.it\/careerday\/wp-json\/wp\/v2\/comments?post=256922"}],"version-history":[{"count":9,"href":"https:\/\/hello.uniurb.it\/careerday\/wp-json\/wp\/v2\/pages\/256922\/revisions"}],"predecessor-version":[{"id":256941,"href":"https:\/\/hello.uniurb.it\/careerday\/wp-json\/wp\/v2\/pages\/256922\/revisions\/256941"}],"wp:attachment":[{"href":"https:\/\/hello.uniurb.it\/careerday\/wp-json\/wp\/v2\/media?parent=256922"}],"curies":[{"name":"wp","href":"https:\/\/api.w.org\/{rel}","templated":true}]}}