{"id":256813,"date":"2025-04-18T14:09:31","date_gmt":"2025-04-18T14:09:31","guid":{"rendered":"https:\/\/hello.uniurb.it\/careerday\/?page_id=256813"},"modified":"2025-04-29T08:32:54","modified_gmt":"2025-04-29T08:32:54","slug":"career-day-spring-edition-2025","status":"publish","type":"page","link":"https:\/\/hello.uniurb.it\/careerday\/career-day-spring-edition-2025\/","title":{"rendered":"Career Day * Spring Edition 2025"},"content":{"rendered":"<p>[et_pb_section fb_built=&#8221;1&#8243; _builder_version=&#8221;4.16&#8243; _module_preset=&#8221;default&#8221; global_colors_info=&#8221;{}&#8221;][et_pb_row _builder_version=&#8221;4.16&#8243; _module_preset=&#8221;default&#8221; global_colors_info=&#8221;{}&#8221;][et_pb_column type=&#8221;4_4&#8243; _builder_version=&#8221;4.16&#8243; _module_preset=&#8221;default&#8221; global_colors_info=&#8221;{}&#8221;][et_pb_text _builder_version=&#8221;4.25.0&#8243; _module_preset=&#8221;default&#8221; text_font=&#8221;&#8211;et_global_heading_font|700||on|||||&#8221; text_font_size=&#8221;1.3em&#8221; text_line_height=&#8221;1.2em&#8221; custom_margin=&#8221;||3px|||&#8221; text_font_size_tablet=&#8221;1.2em&#8221; text_font_size_phone=&#8221;1.1em&#8221; text_font_size_last_edited=&#8221;on|phone&#8221; global_colors_info=&#8221;{}&#8221;]<\/p>\n<h1>Benvenute e Benvenuti alla III edizione<br \/>del Career Day \u2014 Spring Edition<\/h1>\n<p>&nbsp;<\/p>\n<p>[\/et_pb_text][et_pb_text _builder_version=&#8221;4.25.0&#8243; _module_preset=&#8221;default&#8221; text_font=&#8221;||||||||&#8221; text_text_color=&#8221;#474747&#8243; text_font_size=&#8221;1.4em&#8221; text_line_height=&#8221;1.2em&#8221; header_font=&#8221;&#8211;et_global_heading_font|700||on|||||&#8221; header_text_color=&#8221;#474747&#8243; text_font_size_tablet=&#8221;1.2em&#8221; text_font_size_phone=&#8221;1.1em&#8221; text_font_size_last_edited=&#8221;on|phone&#8221; global_colors_info=&#8221;{}&#8221;]<\/p>\n<p><strong>Sei un giovane studente, neolaureato, dottorando o dottore di ricerca che cerca il modo migliore per fare il proprio ingresso nel mondo del lavoro? Bene, non cercare oltre: il Career Day dell&#8217;Universit\u00e0 di Urbino \u00e8 qui per guidarti!<\/strong><\/p>\n<p>[\/et_pb_text][et_pb_text _builder_version=&#8221;4.25.0&#8243; _module_preset=&#8221;default&#8221; text_font=&#8221;&#8211;et_global_heading_font||||||||&#8221; text_text_color=&#8221;#474747&#8243; text_font_size=&#8221;1.4em&#8221; text_line_height=&#8221;1.2em&#8221; header_font=&#8221;&#8211;et_global_heading_font|700||on|||||&#8221; header_text_color=&#8221;#474747&#8243; hover_enabled=&#8221;0&#8243; text_font_size_tablet=&#8221;1.2em&#8221; text_font_size_phone=&#8221;1.1em&#8221; text_font_size_last_edited=&#8221;on|phone&#8221; global_colors_info=&#8221;{}&#8221; sticky_enabled=&#8221;0&#8243;]<\/p>\n<p>Questo evento \u00e8 il luogo ideale per incontrare professionisti del settore, partecipare a laboratori interattivi e seminari mirati, e scoprire le opportunit\u00e0 professionali disponibili per te. In particolare, il Career Day mira a fornire ai partecipanti gli strumenti necessari per realizzare i propri obiettivi lavorativi e sviluppare una strategia personalizzata per affrontare al meglio il mondo del lavoro.<\/p>\n<p>Non perdere l&#8217;occasione di decollare verso la tua carriera ideale: <strong>partecipa al Career Day di Uniurb!<\/strong><\/p>\n<p>[\/et_pb_text][\/et_pb_column][\/et_pb_row][\/et_pb_section][et_pb_section fb_built=&#8221;1&#8243; _builder_version=&#8221;4.20.4&#8243; _module_preset=&#8221;default&#8221; background_color=&#8221;#e09900&#8243; background_image=&#8221;https:\/\/hello.uniurb.it\/careerday\/wp-content\/uploads\/2022\/09\/careerday.png&#8221; background_blend=&#8221;luminosity&#8221; background_enable_pattern_style=&#8221;on&#8221; background_pattern_style=&#8221;crosses&#8221; background_pattern_color=&#8221;rgba(224,153,0,0.61)&#8221; background_pattern_transform=&#8221;invert&#8221; background_pattern_blend_mode=&#8221;multiply&#8221; min_height=&#8221;300px&#8221; height=&#8221;200px&#8221; max_height=&#8221;200px&#8221; global_colors_info=&#8221;{}&#8221;][\/et_pb_section][et_pb_section fb_built=&#8221;1&#8243; _builder_version=&#8221;4.16&#8243; _module_preset=&#8221;default&#8221; saved_tabs=&#8221;all&#8221; global_colors_info=&#8221;{}&#8221;][et_pb_row column_structure=&#8221;2_5,3_5&#8243; _builder_version=&#8221;4.16&#8243; _module_preset=&#8221;default&#8221; global_colors_info=&#8221;{}&#8221;][et_pb_column type=&#8221;2_5&#8243; _builder_version=&#8221;4.16&#8243; _module_preset=&#8221;default&#8221; global_colors_info=&#8221;{}&#8221;][et_pb_text _builder_version=&#8221;4.25.0&#8243; _module_preset=&#8221;default&#8221; text_font=&#8221;&#8211;et_global_heading_font||||||||&#8221; text_text_color=&#8221;#E09900&#8243; text_font_size=&#8221;1.3em&#8221; text_line_height=&#8221;1.2em&#8221; header_font=&#8221;|700||on|||||&#8221; header_text_color=&#8221;#E09900&#8243; custom_margin=&#8221;||3px|||&#8221; text_font_size_tablet=&#8221;1.2em&#8221; text_font_size_phone=&#8221;1.1em&#8221; text_font_size_last_edited=&#8221;on|phone&#8221; global_colors_info=&#8221;{}&#8221;]<\/p>\n<h1>Partecipa al Career Day e incontra le aziende<\/h1>\n<p>&nbsp;<\/p>\n<p>[\/et_pb_text][et_pb_blurb title=&#8221;dal 12 al 14 maggio 2025&#8243; image_icon_background_color=&#8221;#E09900&#8243; icon_placement=&#8221;left&#8221; image_icon_width=&#8221;40px&#8221; content_max_width=&#8221;100%&#8221; _builder_version=&#8221;4.25.0&#8243; header_level=&#8221;h3&#8243; header_font=&#8221;|800||on|||||&#8221; header_text_align=&#8221;left&#8221; header_text_color=&#8221;#E09900&#8243; header_line_height=&#8221;1.4em&#8221; body_font=&#8221;|700|||||||&#8221; body_text_align=&#8221;left&#8221; body_font_size=&#8221;16px&#8221; body_line_height=&#8221;1.4em&#8221; custom_margin=&#8221;|||5px|false|false&#8221; custom_padding=&#8221;||0px||false|false&#8221; body_font_size_tablet=&#8221;18px&#8221; body_font_size_phone=&#8221;16px&#8221; body_font_size_last_edited=&#8221;on|desktop&#8221; border_color_all=&#8221;#E09900&#8243; border_width_left=&#8221;2px&#8221; icon_font_size=&#8221;40px&#8221; locked=&#8221;off&#8221; global_colors_info=&#8221;{}&#8221;]<\/p>\n<p>Incontri di preparazione, workshop, lavori di gruppo per partecipare con stile al Career Day<\/p>\n<p>[\/et_pb_blurb][et_pb_blurb title=&#8221;15 maggio dalle 9:30 2025&#8243; image_icon_background_color=&#8221;#E09900&#8243; icon_placement=&#8221;left&#8221; image_icon_width=&#8221;40px&#8221; content_max_width=&#8221;100%&#8221; _builder_version=&#8221;4.25.0&#8243; header_level=&#8221;h3&#8243; header_font=&#8221;|800||on|||||&#8221; header_text_align=&#8221;left&#8221; header_text_color=&#8221;#E09900&#8243; header_line_height=&#8221;1.4em&#8221; body_font=&#8221;|700|||||||&#8221; body_text_align=&#8221;left&#8221; body_font_size=&#8221;16px&#8221; body_line_height=&#8221;1.4em&#8221; custom_margin=&#8221;|||5px|false|false&#8221; custom_padding=&#8221;||0px||false|false&#8221; body_font_size_tablet=&#8221;18px&#8221; body_font_size_phone=&#8221;16px&#8221; body_font_size_last_edited=&#8221;on|desktop&#8221; border_color_all=&#8221;#E09900&#8243; border_width_left=&#8221;2px&#8221; icon_font_size=&#8221;40px&#8221; locked=&#8221;off&#8221; global_colors_info=&#8221;{}&#8221;]<\/p>\n<p>Incontra le aziende<br \/>e partecipa al Career Day<\/p>\n<p>[\/et_pb_blurb][et_pb_blurb title=&#8221;dal 9 al 10 maggio 2024&#8243; image_icon_background_color=&#8221;#E09900&#8243; icon_placement=&#8221;left&#8221; image_icon_width=&#8221;40px&#8221; content_max_width=&#8221;100%&#8221; disabled_on=&#8221;on|on|on&#8221; _builder_version=&#8221;4.25.0&#8243; header_level=&#8221;h3&#8243; header_font=&#8221;|800||on|||||&#8221; header_text_align=&#8221;left&#8221; header_text_color=&#8221;#E09900&#8243; header_line_height=&#8221;1.4em&#8221; body_font=&#8221;|700|||||||&#8221; body_text_align=&#8221;left&#8221; body_font_size=&#8221;16px&#8221; body_line_height=&#8221;1.4em&#8221; custom_margin=&#8221;|||5px|false|false&#8221; custom_padding=&#8221;||0px||false|false&#8221; body_font_size_tablet=&#8221;18px&#8221; body_font_size_phone=&#8221;16px&#8221; body_font_size_last_edited=&#8221;on|desktop&#8221; border_color_all=&#8221;#E09900&#8243; border_width_left=&#8221;2px&#8221; icon_font_size=&#8221;40px&#8221; disabled=&#8221;on&#8221; locked=&#8221;off&#8221; global_colors_info=&#8221;{}&#8221;]<\/p>\n<p>Presentazioni aziendali online<\/p>\n<p>[\/et_pb_blurb][et_pb_blurb title=&#8221;La ricerca si fa impresa&#8221; image_icon_background_color=&#8221;#E09900&#8243; icon_placement=&#8221;left&#8221; image_icon_width=&#8221;40px&#8221; content_max_width=&#8221;100%&#8221; disabled_on=&#8221;on|on|on&#8221; _builder_version=&#8221;4.25.0&#8243; header_level=&#8221;h3&#8243; header_font=&#8221;|800||on|||||&#8221; header_text_align=&#8221;left&#8221; header_text_color=&#8221;#E09900&#8243; header_line_height=&#8221;1.4em&#8221; body_font=&#8221;|700|||||||&#8221; body_text_align=&#8221;left&#8221; body_font_size=&#8221;16px&#8221; body_line_height=&#8221;1.4em&#8221; custom_margin=&#8221;|||5px|false|false&#8221; custom_padding=&#8221;||0px||false|false&#8221; body_font_size_tablet=&#8221;18px&#8221; body_font_size_phone=&#8221;16px&#8221; body_font_size_last_edited=&#8221;on|desktop&#8221; border_color_all=&#8221;#E09900&#8243; border_width_left=&#8221;2px&#8221; icon_font_size=&#8221;40px&#8221; disabled=&#8221;on&#8221; locked=&#8221;off&#8221; global_colors_info=&#8221;{}&#8221;]<\/p>\n<p>Presentazione delle attivit\u00e0 di ricerca<br \/>svolte dagli Spin-off di ateneo<\/p>\n<p>[\/et_pb_blurb][\/et_pb_column][et_pb_column type=&#8221;3_5&#8243; _builder_version=&#8221;4.16&#8243; _module_preset=&#8221;default&#8221; global_colors_info=&#8221;{}&#8221;][et_pb_text _builder_version=&#8221;4.25.0&#8243; _module_preset=&#8221;default&#8221; text_font=&#8221;|700|||||||&#8221; text_font_size=&#8221;1.4em&#8221; text_line_height=&#8221;1.2em&#8221; text_font_size_tablet=&#8221;1.2em&#8221; text_font_size_phone=&#8221;1.1em&#8221; text_font_size_last_edited=&#8221;on|phone&#8221; global_colors_info=&#8221;{}&#8221;]<\/p>\n<p>Incontrare le aziende, confrontarsi con i loro uffici di recruitment e conoscere i loro progetti professionali per coloro che soddisfano i requisiti \u00e8 un&#8217;esperienza unica e indispensabile per iniziare il proprio percorso nel mondo del lavoro.<\/p>\n<p>[\/et_pb_text][et_pb_text _builder_version=&#8221;4.25.0&#8243; _module_preset=&#8221;default&#8221; text_font=&#8221;||||||||&#8221; text_font_size=&#8221;1.3em&#8221; text_line_height=&#8221;1.2em&#8221; header_font=&#8221;|700||on|||||&#8221; text_font_size_tablet=&#8221;1.2em&#8221; text_font_size_phone=&#8221;1.1em&#8221; text_font_size_last_edited=&#8221;on|phone&#8221; global_colors_info=&#8221;{}&#8221;]<\/p>\n<p>Un colloquio con le aziende aiuta a comprendere le aspettative degli altri e spinge ad analizzare se stessi, a valutare quali competenze professionali valorizzare e quali necessitano di ulteriore approfondimento.<\/p>\n<p>Incontrarsi e confrontarsi con le aziende \u00e8 un investimento per la propria carriera, ma ha anche un valore prezioso per la formazione della personalit\u00e0.<\/p>\n<p>Il <strong>15 <\/strong><strong>maggio 2025<\/strong>\u00a0<strong>ci sar\u00e0 il &#8220;Career Day in presenza&#8221;<\/strong> a Urbino presso il <a href=\"https:\/\/maps.app.goo.gl\/bVszBW4if4CCBn1g8\" target=\"_blank\" rel=\"noopener\" title=\"Collegio Raffaello, Piazza della Repubblica, 13\">Collegio Raffaello, Piazza della Repubblica, 13<\/a> &#8211; dalle 09:30 alle 17:30.<\/p>\n<p>[\/et_pb_text][\/et_pb_column][\/et_pb_row][et_pb_row _builder_version=&#8221;4.20.4&#8243; _module_preset=&#8221;default&#8221; global_colors_info=&#8221;{}&#8221;][et_pb_column type=&#8221;4_4&#8243; _builder_version=&#8221;4.20.4&#8243; _module_preset=&#8221;default&#8221; global_colors_info=&#8221;{}&#8221;][et_pb_icon font_icon=&#8221;&#x22;||divi||400&#8243; icon_color=&#8221;#E09900&#8243; _builder_version=&#8221;4.20.4&#8243; _module_preset=&#8221;default&#8221; global_colors_info=&#8221;{}&#8221;][\/et_pb_icon][\/et_pb_column][\/et_pb_row][\/et_pb_section][et_pb_section fb_built=&#8221;1&#8243; _builder_version=&#8221;4.25.0&#8243; _module_preset=&#8221;default&#8221; background_color=&#8221;#e09900&#8243; background_image=&#8221;https:\/\/hello.uniurb.it\/careerday\/wp-content\/uploads\/2022\/09\/business-teamwork-people-with-joined-hands-union-2021-08-29-07-14-29-utc.jpg&#8221; background_blend=&#8221;luminosity&#8221; background_enable_pattern_style=&#8221;on&#8221; background_pattern_style=&#8221;crosses&#8221; background_pattern_color=&#8221;rgba(224,153,0,0.61)&#8221; background_pattern_transform=&#8221;invert&#8221; background_pattern_blend_mode=&#8221;multiply&#8221; min_height=&#8221;400px&#8221; height=&#8221;200px&#8221; max_height=&#8221;300px&#8221; global_colors_info=&#8221;{}&#8221;][\/et_pb_section][et_pb_section fb_built=&#8221;1&#8243; admin_label=&#8221;Footer&#8221; _builder_version=&#8221;4.20.4&#8243; background_color=&#8221;#E09900&#8243; custom_padding=&#8221;0px|0px|0px|0px||&#8221; animation_style=&#8221;zoom&#8221; animation_direction=&#8221;bottom&#8221; animation_intensity_zoom=&#8221;6%&#8221; animation_starting_opacity=&#8221;100%&#8221; box_shadow_style=&#8221;preset6&#8243; saved_tabs=&#8221;all&#8221; locked=&#8221;off&#8221; global_colors_info=&#8221;{}&#8221;][et_pb_row column_structure=&#8221;1_2,1_2&#8243; _builder_version=&#8221;4.25.0&#8243; background_size=&#8221;initial&#8221; background_position=&#8221;top_left&#8221; background_repeat=&#8221;repeat&#8221; custom_padding=&#8221;0px|0px|100px|0px&#8221; global_colors_info=&#8221;{}&#8221;][et_pb_column type=&#8221;1_2&#8243; _builder_version=&#8221;4.16&#8243; custom_padding=&#8221;|||&#8221; global_colors_info=&#8221;{}&#8221; custom_padding__hover=&#8221;|||&#8221;][et_pb_blurb title=&#8221;15 maggio dalle 10:00 alle 12:30&#8243; url_new_window=&#8221;on&#8221; use_icon=&#8221;on&#8221; font_icon=&#8221;&#x5c;||divi||400&#8243; icon_color=&#8221;#E09900&#8243; icon_placement=&#8221;left&#8221; content_max_width=&#8221;1100px&#8221; _builder_version=&#8221;4.25.0&#8243; header_font=&#8221;|700||on|||||&#8221; header_text_color=&#8221;#E09900&#8243; header_font_size=&#8221;20px&#8221; header_line_height=&#8221;1.5em&#8221; body_font=&#8221;||||||||&#8221; background_color=&#8221;#ffffff&#8221; custom_margin=&#8221;-80px|||&#8221; custom_margin_tablet=&#8221;0px|||&#8221; custom_margin_phone=&#8221;0px|||&#8221; custom_margin_last_edited=&#8221;on|phone&#8221; custom_padding=&#8221;30px|40px|30px|40px&#8221; animation_style=&#8221;zoom&#8221; animation_direction=&#8221;bottom&#8221; animation_delay=&#8221;100ms&#8221; animation_intensity_zoom=&#8221;20%&#8221; animation_starting_opacity=&#8221;100%&#8221; link_option_url_new_window=&#8221;on&#8221; box_shadow_style=&#8221;preset1&#8243; box_shadow_horizontal=&#8221;-20px&#8221; box_shadow_vertical=&#8221;-20px&#8221; box_shadow_blur=&#8221;20px&#8221; box_shadow_spread=&#8221;-25px&#8221; box_shadow_color=&#8221;#005092&#8243; locked=&#8221;off&#8221; global_colors_info=&#8221;{}&#8221;]<\/p>\n<p>Per arrivare preparata\/o e conoscere l&#8217;azienda che incontrerai, registrati all\u2019evento Career Day &#8211; Spring Edition e <strong>iscriviti alle<\/strong> <strong>presentazioni aziendali,<\/strong> che si terranno presso la Sala Castellani del Collegio Raffaello.<\/p>\n<p><strong><\/strong><\/p>\n<ul>\n<li>ORE 10:00: <span style=\"font-weight: 400;\">Aetna Group (ROBOPAC)<\/span><\/li>\n<li>ORE 10:15: Kemon<\/li>\n<li>ORE 10:30: T.EN Italy Solutions<\/li>\n<li>ORE 10:45: Clementoni<\/li>\n<li>ORE 11:00: Imar<\/li>\n<li>ORE 11:15: Schnell<\/li>\n<li>ORE 11:30: Teddy Group<\/li>\n<li>ORE 11:45: Passepartout<\/li>\n<li>ORE 12:00: Benelli<\/li>\n<li>ORE 12:15: Renco<\/li>\n<li>ORE 12:30: <span style=\"font-weight: 400;\">Dev4side Software<\/span><\/li>\n<\/ul>\n<p>[\/et_pb_blurb][et_pb_button button_url=&#8221;https:\/\/placement.uniurb.it\/lau\/eventi\/evento\/1399\/&#8221; url_new_window=&#8221;on&#8221; button_text=&#8221;PRENOTA IL TUO POSTO&#8221; button_alignment=&#8221;center&#8221; _builder_version=&#8221;4.25.0&#8243; _module_preset=&#8221;default&#8221; custom_button=&#8221;on&#8221; button_text_size=&#8221;16px&#8221; button_border_width=&#8221;2px&#8221; button_border_radius=&#8221;10px&#8221; background_layout=&#8221;dark&#8221; background_layout_tablet=&#8221;dark&#8221; background_layout_phone=&#8221;dark&#8221; background_layout_last_edited=&#8221;on|desktop&#8221; global_colors_info=&#8221;{}&#8221;][\/et_pb_button][\/et_pb_column][et_pb_column type=&#8221;1_2&#8243; _builder_version=&#8221;4.16&#8243; custom_padding=&#8221;|||&#8221; global_colors_info=&#8221;{}&#8221; custom_padding__hover=&#8221;|||&#8221;][et_pb_blurb title=&#8221;15 maggio dalle 14:30 alle 16:00&#8243; url_new_window=&#8221;on&#8221; use_icon=&#8221;on&#8221; font_icon=&#8221;&#x5c;||divi||400&#8243; icon_color=&#8221;#E09900&#8243; icon_placement=&#8221;left&#8221; content_max_width=&#8221;1100px&#8221; _builder_version=&#8221;4.25.0&#8243; header_font=&#8221;|700||on|||||&#8221; header_text_color=&#8221;#E09900&#8243; header_font_size=&#8221;20px&#8221; header_line_height=&#8221;1.5em&#8221; body_font=&#8221;||||||||&#8221; background_color=&#8221;#ffffff&#8221; custom_margin=&#8221;-80px|||&#8221; custom_margin_tablet=&#8221;0px|||&#8221; custom_margin_phone=&#8221;0px|||&#8221; custom_margin_last_edited=&#8221;on|phone&#8221; custom_padding=&#8221;30px|40px|30px|40px&#8221; animation_style=&#8221;zoom&#8221; animation_direction=&#8221;bottom&#8221; animation_delay=&#8221;100ms&#8221; animation_intensity_zoom=&#8221;20%&#8221; animation_starting_opacity=&#8221;100%&#8221; link_option_url_new_window=&#8221;on&#8221; box_shadow_style=&#8221;preset1&#8243; box_shadow_horizontal=&#8221;-20px&#8221; box_shadow_vertical=&#8221;-20px&#8221; box_shadow_blur=&#8221;20px&#8221; box_shadow_spread=&#8221;-25px&#8221; box_shadow_color=&#8221;#005092&#8243; locked=&#8221;off&#8221; global_colors_info=&#8221;{}&#8221;]<\/p>\n<p>Per arrivare preparata\/o e conoscere l&#8217;azienda che incontrerai, registrati all\u2019evento Career Day &#8211; Spring Edition e<strong> iscriviti alle presentazioni aziendali, <\/strong>che si terranno presso la Sala Castellani del Collegio Raffaello.<\/p>\n<p><strong><\/strong><\/p>\n<ul>\n<li style=\"list-style-type: none;\">\n<ul>\n<li>ORE 14:30: LC<\/li>\n<li>ORE 14:45: System Group<\/li>\n<li>ORE 15:00: Sinergia Consulenze<\/li>\n<li>ORE 15:15: Manpower<\/li>\n<li>ORE 15:30: Itas Mutua Assicurazioni<\/li>\n<li>ORE 15:45: Gi Group<\/li>\n<li>ORE 16:00: F<span style=\"font-weight: 400;\">ideuram Private Banker<\/span><\/li>\n<\/ul>\n<\/li>\n<\/ul>\n<p>[\/et_pb_blurb][et_pb_button button_url=&#8221;https:\/\/placement.uniurb.it\/lau\/eventi\/evento\/1399\/&#8221; url_new_window=&#8221;on&#8221; button_text=&#8221;PRENOTA IL TUO POSTO&#8221; button_alignment=&#8221;center&#8221; _builder_version=&#8221;4.25.0&#8243; _module_preset=&#8221;default&#8221; custom_button=&#8221;on&#8221; button_text_size=&#8221;16px&#8221; button_border_width=&#8221;2px&#8221; button_border_radius=&#8221;10px&#8221; background_layout=&#8221;dark&#8221; global_colors_info=&#8221;{}&#8221;][\/et_pb_button][\/et_pb_column][\/et_pb_row][\/et_pb_section][et_pb_section fb_built=&#8221;1&#8243; _builder_version=&#8221;4.20.4&#8243; _module_preset=&#8221;default&#8221; global_colors_info=&#8221;{}&#8221;][et_pb_row _builder_version=&#8221;4.20.4&#8243; _module_preset=&#8221;default&#8221; global_colors_info=&#8221;{}&#8221;][et_pb_column type=&#8221;4_4&#8243; _builder_version=&#8221;4.20.4&#8243; _module_preset=&#8221;default&#8221; global_colors_info=&#8221;{}&#8221;][et_pb_text _builder_version=&#8221;4.25.0&#8243; text_font=&#8221;Montserrat|600||on|||||&#8221; text_line_height=&#8221;1.8em&#8221; header_text_color=&#8221;#E09900&#8243; header_2_font=&#8221;Montserrat|500||on|||||&#8221; header_4_font=&#8221;Montserrat|600|||||||&#8221; header_4_text_color=&#8221;#005092&#8243; header_4_line_height=&#8221;1.4em&#8221; header_2_font_size_tablet=&#8221;60px&#8221; header_2_font_size_phone=&#8221;35px&#8221; header_2_font_size_last_edited=&#8221;on|phone&#8221; header_4_font_size_tablet=&#8221;20px&#8221; header_4_font_size_phone=&#8221;14px&#8221; header_4_font_size_last_edited=&#8221;on|phone&#8221; locked=&#8221;off&#8221; global_colors_info=&#8221;{}&#8221;]<\/p>\n<h1>workshop e laboratori<\/h1>\n<p>[\/et_pb_text][et_pb_text _builder_version=&#8221;4.25.0&#8243; _module_preset=&#8221;default&#8221; text_font=&#8221;||||||||&#8221; text_font_size=&#8221;18px&#8221; global_colors_info=&#8221;{}&#8221;]<\/p>\n<p><strong>Il Career Day rappresenta l&#8217;occasione perfetta per mettere a fuoco le tue aspirazioni lavorative e investire nella tua crescita professionale e personale.\u00a0Questo evento ti offre l&#8217;opportunit\u00e0 di incontrare professionisti del settore e confrontarti con loro per comprendere le aspettative del mondo del lavoro e acquisire nuove competenze.<\/strong><\/p>\n<p>[\/et_pb_text][et_pb_text _builder_version=&#8221;4.25.0&#8243; _module_preset=&#8221;default&#8221; text_font=&#8221;||||||||&#8221; text_font_size=&#8221;18px&#8221; global_colors_info=&#8221;{}&#8221;]<\/p>\n<p>Attraverso seminari e laboratori mirati, potrai <strong>approfondire le tue soft skill<\/strong> e <strong>sviluppare nuove capacit\u00e0<\/strong> che ti renderanno un candidato pi\u00f9 appetibile per le aziende. Inoltre, il Career Day ti permette di accedere a molte opportunit\u00e0 di lavoro attraverso incontri di recruiting e presentazioni di aziende che cercano proprio profili come il tuo.<\/p>\n<p>Ma il Career Day non si limita solo alla sfera professionale: grazie agli empowerment workshop, potrai <strong>acquisire una maggiore consapevolezza di te stesso e delle tue potenzialit\u00e0<\/strong>, migliorando la tua autostima e la tua capacit\u00e0 di stare al passo con un mondo del lavoro in continua evoluzione.<\/p>\n<p>[\/et_pb_text][et_pb_accordion open_toggle_text_color=&#8221;#E09900&#8243; toggle_icon=&#8221;&#x47;||divi||400&#8243; icon_color=&#8221;#E09900&#8243; _builder_version=&#8221;4.25.0&#8243; _module_preset=&#8221;default&#8221; toggle_level=&#8221;h4&#8243; toggle_font=&#8221;|700||on|||||&#8221; custom_padding=&#8221;30px||||false|false&#8221; border_color_all=&#8221;RGBA(255,255,255,0)&#8221; border_width_left=&#8221;3px&#8221; border_color_left=&#8221;#E09900&#8243; global_colors_info=&#8221;{}&#8221; toggle_font_size__hover_enabled=&#8221;off|desktop&#8221;][et_pb_accordion_item title=&#8221;12 maggio \u2014 LABORATORIO: IL GIUSTO MINDSET PER IL SUCCESSO PERSONALE E PROFESSIONALE&#8221; _builder_version=&#8221;4.25.0&#8243; _module_preset=&#8221;default&#8221; global_colors_info=&#8221;{}&#8221; open=&#8221;on&#8221;]<\/p>\n<p><b>Luned\u00ec 12 maggio <\/b><b>Ore 11:00 \u2013 13:00<br \/><\/b><b>Aula<\/b><strong>\u00a0B2 Area Scientifico &#8211; Didattica Paolo Volponi &#8211; Via Saffi, 15<\/strong><\/p>\n<p><strong><a href=\"https:\/\/www.eventbrite.it\/e\/career-day-il-giusto-mindset-per-il-successo-personale-e-professionale-tickets-1330716090649\" target=\"_blank\" rel=\"noopener\" title=\"Prenota il tuo posto\">[PRENOTA IL TUO POSTO]<\/a><\/strong><\/p>\n<p><b>Relatrice: <\/b><span style=\"font-weight: 400;\">Dott.ssa Federica Ugolini \u2013 Psicologa del Lavoro, Psicoterapeuta, orientatrice e consulente aziendale<\/span><span style=\"font-weight: 400;\"><br \/><\/span><b><\/b><\/p>\n<p><b>Descrizione: <\/b><span style=\"font-weight: 400;\">Il mindset gioca un ruolo cruciale nel determinare il nostro successo, sia a livello personale che professionale. Questo laboratorio offre un&#8217;opportunit\u00e0 unica per esplorare le caratteristiche di un mindset vincente e come queste possano essere coltivate per affrontare le sfide quotidiane.<\/span><\/p>\n<p><span style=\"font-weight: 400;\">Cosa scoprirai:<\/span><\/p>\n<ul>\n<li style=\"font-weight: 400;\" aria-level=\"1\"><span style=\"font-weight: 400;\">come sviluppare una mentalit\u00e0 orientata alla crescita,<\/span><\/li>\n<li style=\"font-weight: 400;\" aria-level=\"1\"><span style=\"font-weight: 400;\">come superare le paure e le limitazioni autoimposte e adottare strategie efficaci per raggiungere i propri obiettivi,<\/span><\/li>\n<li style=\"font-weight: 400;\" aria-level=\"1\">come trasformare le tue aspirazioni in realt\u00e0, promuovendo un approccio positivo e resiliente alla vita e al lavoro.<\/li>\n<\/ul>\n<p>[\/et_pb_accordion_item][et_pb_accordion_item title=&#8221;12 maggio \u2014 LABORATORIO: ALLENATI PER IL SUCCESSO: INTERVISTE SIMULATE E ROLE-PLAYING&#8221; open=&#8221;off&#8221; _builder_version=&#8221;4.25.0&#8243; _module_preset=&#8221;default&#8221; global_colors_info=&#8221;{}&#8221;]<\/p>\n<p><b>Luned\u00ec 12 maggio <\/b><b>Ore 15:00 \u2013 17:00<br \/><\/b><b>Aula 03 &#8211;<\/b> <strong>Palazzo Battiferri &#8211; Via Saffi, 42<\/strong><\/p>\n<p><a href=\"https:\/\/www.eventbrite.it\/e\/career-day-allenati-per-il-successo-interviste-simulate-e-role-playing-tickets-1330723733509\" target=\"_blank\" rel=\"noopener\" title=\"[PRENOTA IL TUO POSTO]\"><b>[PRENOTA IL TUO POSTO]<\/b><\/a><\/p>\n<p><b>Relatrici:\u00a0<\/b><\/p>\n<ul>\n<li><span style=\"font-weight: 400;\">Dott.ssa Beatrice Borghi &#8211; funzionaria Confindustria Job<\/span><\/li>\n<li>Dott.ssa Paola Antonioli &#8211; funzionaria Confindustria Job<\/li>\n<\/ul>\n<p><b>Descrizione: <\/b><span style=\"font-weight: 400;\">Un laboratorio pratico per affinare le tue capacit\u00e0 di comunicazione e affrontare al meglio un colloquio di lavoro. Attraverso simulazioni reali e role-playing, sperimenterai situazioni concrete e riceverai feedback immediato per migliorare le tue performance.<\/span><\/p>\n<p><span style=\"font-weight: 400;\">Cosa farai:<\/span><\/p>\n<ul>\n<li style=\"font-weight: 400;\" aria-level=\"1\"><span style=\"font-weight: 400;\">simulazioni di colloquio di lavoro con domande frequenti e imprevisti per allenarti in un ambiente realistico,<\/span><\/li>\n<li style=\"font-weight: 400;\" aria-level=\"1\"><span style=\"font-weight: 400;\">esercizi di role-playing per sviluppare sicurezza, reattivit\u00e0 e gestione dello stress,<\/span><\/li>\n<li style=\"font-weight: 400;\" aria-level=\"1\"><span style=\"font-weight: 400;\">strategie di comunicazione efficace, dal linguaggio del corpo alla gestione delle risposte.<\/span><\/li>\n<\/ul>\n<p><span style=\"font-weight: 400;\">Un&#8217;opportunit\u00e0 unica per metterti alla prova, ricevere consigli personalizzati e affrontare il mondo del lavoro con maggiore sicurezza!<\/span><span style=\"font-weight: 400;\"><\/span><\/p>\n<p>[\/et_pb_accordion_item][et_pb_accordion_item title=&#8221;13 maggio \u2014 CV CHECK SERVICE &#8221; _builder_version=&#8221;4.25.0&#8243; _module_preset=&#8221;default&#8221; global_colors_info=&#8221;{}&#8221; open=&#8221;off&#8221;]<\/p>\n<p><b>Ore 10:00 &#8211; 16:30\u00a0 \u2013\u00a0Sala Spettacolo Luigi Chiarini Complesso San Girolamo<\/b><\/p>\n<p><span style=\"font-weight: 400;\">Gli operatori e le operatrici esperti dei Centri per l\u2019impiego di Pesaro e Fano, saranno a disposizione per il servizio di CV Check. Attraverso un colloquio individuale si valuteranno la correttezza e l\u2019efficacia del curriculum vitae del\/della candidato\/a e la coerenza rispetto al progetto professionale.<\/span><\/p>\n<p><b>Come partecipare:<\/b><span style=\"font-weight: 400;\"> prendere un appuntamento compilando il <\/span><a href=\"https:\/\/forms.gle\/Bq4AgN6ExASYzBr66\" target=\"_blank\" rel=\"noopener\" title=\"CV CHECK SERVICE\"><span style=\"font-weight: 400;\">form di adesione<\/span><\/a><\/p>\n<p><span style=\"font-weight: 400;\">Dopo la compilazione del form, riceverai per email la comunicazione dell&#8217;orario dell&#8217;appuntamento.<\/span><\/p>\n<p style=\"text-align: center;\"><span style=\"font-weight: 400;\">***<\/span><\/p>\n<p><span style=\"font-weight: 400;\">The experienced operators of the Job Center of Pesaro and Fano will be available for the CV Check through an individual interview during which they will assess the correctness and effectiveness of the candidate&#8217;s CV.<\/span><\/p>\n<p><span style=\"font-weight: 400;\">You can request your CV to be checked in Italian or English.<\/span><\/p>\n<p><b>How to participate:<\/b><span style=\"font-weight: 400;\"> make an appointment by filling in <\/span><a href=\"https:\/\/forms.gle\/Bq4AgN6ExASYzBr66\" target=\"_blank\" rel=\"noopener\" title=\"CV CHECK SERVICE\"><span style=\"font-weight: 400;\">the application form<\/span><\/a><\/p>\n<p><span style=\"font-weight: 400;\">After filling in the form, you will receive an email notifying you of your appointment time.<\/span><\/p>\n<p><b>Operatori\/Operatrici:<\/b><\/p>\n<p><span style=\"font-weight: 400;\">Centro per l\u2019impiego di Pesaro (Job Center Pesaro):<\/span><\/p>\n<ul>\n<li style=\"font-weight: 400;\" aria-level=\"1\"><span style=\"font-weight: 400;\">Dott. Gustavo Ramon Berino\u00a0<\/span><\/li>\n<li style=\"font-weight: 400;\" aria-level=\"1\"><span style=\"font-weight: 400;\">Dott.ssa Cinzia Ciabotti<\/span><\/li>\n<\/ul>\n<p><span style=\"font-weight: 400;\">Centro per l\u2019impiego di Fano (Job Center Fano):<\/span><\/p>\n<ul>\n<li style=\"font-weight: 400;\" aria-level=\"1\"><span style=\"font-weight: 400;\">Dott.ssa Alessandra Bacchiocchi\u00a0<\/span><\/li>\n<li style=\"font-weight: 400;\" aria-level=\"1\"><span style=\"font-weight: 400;\">Dott. Giacomo Pietrucci<\/span><\/li>\n<\/ul>\n<p>[\/et_pb_accordion_item][et_pb_accordion_item title=&#8221;13 maggio \u2014 LABORATORIO CENTRO PER L\u2019IMPIEGO \u2013 DAL PROGETTO PROFESSIONALE IDEALE A QUELLO REALE &#8221; _builder_version=&#8221;4.25.0&#8243; _module_preset=&#8221;default&#8221; global_colors_info=&#8221;{}&#8221; open=&#8221;off&#8221;]<\/p>\n<p><b>Ore 11:00 &#8211; 13:00<br \/><\/b><b>Aula C3 &#8211; Area Scientifico &#8211; Didattica Paolo Volponi &#8211; Via Saffi, 15 <\/b><\/p>\n<p><strong><a href=\"https:\/\/www.eventbrite.it\/e\/biglietti-career-day-dal-progetto-ideale-a-quello-reale-per-costruire-il-progetto-1330735909929\" target=\"_blank\" rel=\"noopener\" title=\"Prenota il tuo posto\">[PRENOTA IL TUO POSTO]<\/a><\/strong><b><\/b><\/p>\n<p><span style=\"font-weight: 400;\"><strong>Relatrice<\/strong>: Dott.ssa Romina Pierantoni \u2013 Centro per l\u2019impiego di Urbino<\/span><\/p>\n<p><span style=\"font-weight: 400;\"><strong>Descrizione<\/strong>: <\/span><span style=\"font-weight: 400;\">Definire il progetto professionale \u00e8 un passaggio fondamentale per chi si sta affacciando al mondo del lavoro e sta costruendo il proprio futuro, poich\u00e9 aiuta a definire obiettivi e strategie per realizzarli. Verr\u00e0 presentata la testimonianza di chi ha saputo tradurre in azione il passaggio da un progetto ideale a quello reale, spesso anche cambiandolo in corso d\u2019opera, ma arrivando al proprio successo personale.<\/span><\/p>\n<p><span style=\"font-weight: 400;\">Cosa imparerai:<\/span><\/p>\n<ul>\n<li style=\"font-weight: 400;\" aria-level=\"1\"><span style=\"font-weight: 400;\">a indentificare il tipo di lavoro desiderato, il settore e il tempo necessario per raggiungerlo,<\/span><\/li>\n<li style=\"font-weight: 400;\" aria-level=\"1\"><span style=\"font-weight: 400;\">a essere aperto\/a a nuove idee e ad approcci innovativi per costruire il tuo futuro professionale,<\/span><\/li>\n<li style=\"font-weight: 400;\" aria-level=\"1\"><span style=\"font-weight: 400;\">a costruire una strategia di ricerca del lavoro in relazione al tuo progetto professionale.<\/span><\/li>\n<\/ul>\n<p>[\/et_pb_accordion_item][et_pb_accordion_item title=&#8221;13 maggio \u2014 LABORATORIO CENTRO PER L\u2019IMPIEGO &#8211; PERCORSI DI SELEZIONE DEL PERSONALE: COME PREPARARSI AL MEGLIO&#8221; _builder_version=&#8221;4.25.0&#8243; _module_preset=&#8221;default&#8221; global_colors_info=&#8221;{}&#8221; open=&#8221;off&#8221;]<\/p>\n<p><b>Ore 15:00 &#8211; 17:00<br \/><\/b><b>Aula 03 \u2013 Palazzo Battiferri &#8211; Via Saffi, 42<\/b><\/p>\n<p><strong><a href=\"https:\/\/www.eventbrite.it\/e\/biglietti-career-day-percorsi-di-selezione-del-personale-come-prepararsi-al-meglio-1330740343189\" target=\"_blank\" rel=\"noopener\" title=\"Prenota il tuo posto\">[PRENOTA IL TUO POSTO]<\/a><\/strong><b><\/b><\/p>\n<p><b>Relatrice: <\/b><span style=\"font-weight: 400;\">Dott.ssa Ilaria Cambioli \u2013 Centro per l\u2019impiego di Urbino<\/span><\/p>\n<p><span style=\"font-weight: 400;\"><strong>Descrizione: <\/strong><\/span><span style=\"font-weight: 400;\">Questo laboratorio analizzer\u00e0 le fasi della selezione nelle aziende, a partire dal curriculum vitae, alla creazione di un\u2019autopresentazione che metta in evidenza le competenze del\/della candidato\/a, i suoi punti di forza, gli obiettivi professionali e la motivazione. Verranno inoltre esplorate anche le modalit\u00e0 di selezione emergenti: talent show, assessment, talent acquisition.<\/span><\/p>\n<p><span style=\"font-weight: 400;\">Cosa scoprirai:<\/span><\/p>\n<ul>\n<li><span style=\"font-weight: 400;\">come creare la tua presentazione,<\/span><\/li>\n<li><span style=\"font-weight: 400;\">come valorizzarti al meglio,<\/span><\/li>\n<li><span style=\"font-weight: 400;\">quali sono le modalit\u00e0 di selezione emergenti.<\/span><span style=\"font-weight: 400;\"><\/span><\/li>\n<li style=\"list-style-type: none;\">\n<ul><\/ul>\n<\/li>\n<\/ul>\n<p>[\/et_pb_accordion_item][et_pb_accordion_item title=&#8221;14 maggio \u2014 WORKSHOP: LA LEADERSHIP NELL&#8217;ERA DIGITALE. IL RUOLO DELLA COMUNICAZIONE&#8221; _builder_version=&#8221;4.25.0&#8243; _module_preset=&#8221;default&#8221; global_colors_info=&#8221;{}&#8221; open=&#8221;off&#8221;]<\/p>\n<p><b>Ore 11:00 &#8211; 13:00<br \/><\/b><b>Sala Consiglio \u2013 Palazzo Battiferri &#8211; Via Saffi, 42<\/b><\/p>\n<p><strong><a href=\"https:\/\/www.eventbrite.it\/e\/biglietti-career-day-leadership-nellera-del-digitale-il-ruolo-della-comunicazione-1330741015199\" target=\"_blank\" rel=\"noopener\" title=\"[PRENOTA IL TUO POSTO]\">[PRENOTA IL TUO POSTO]<\/a><\/strong><b><\/b><\/p>\n<p><b>Introduce:\u00a0 <\/b><span style=\"font-weight: 400;\">Prof. Tonino Pencarelli \u2013 Professore ordinario di Economia e Gestione delle imprese Universit\u00e0 di Urbino<\/span><\/p>\n<p><b>Relatori: <\/b><\/p>\n<ul>\n<li><span style=\"font-weight: 400;\">Dott. Manuel Reitano \u2013 Formatore e consulente aziendale, esperto di Comunicazione interpersonale, Public Speaking, Negoziazione, Leadership e Branding.<\/span><\/li>\n<li>Dott. Dario Turrini &#8211; Consulente e Formatore sulla Comunicazione, Attore e Regista Teatrale.<\/li>\n<\/ul>\n<p><b>Descrizione: <\/b><span style=\"font-weight: 400;\">Nel contesto globale attuale, segnato da rapidi cambiamenti tecnologici e da una crescente interconnessione, la leadership deve adattarsi per affrontare le nuove sfide e opportunit\u00e0. Questo workshop si propone di analizzare come i leader di successo del presente e del futuro saranno coloro che sapranno integrare efficacemente gli strumenti di comunicazione tradizionali con quelli digitali.<\/span><\/p>\n<p><span style=\"font-weight: 400;\">Cosa scoprirai:<\/span><\/p>\n<ul>\n<li style=\"font-weight: 400;\" aria-level=\"1\"><span style=\"font-weight: 400;\">strategie per gestire una comunicazione chiara ed efficace,<\/span><\/li>\n<li style=\"font-weight: 400;\" aria-level=\"1\"><span style=\"font-weight: 400;\">come gestire un team e promuovere una cultura organizzativa inclusiva e innovativa,<\/span><\/li>\n<li style=\"font-weight: 400;\" aria-level=\"1\"><span style=\"font-weight: 400;\">come integrare strumenti di comunicazione tradizionale e digitale.<\/span><\/li>\n<\/ul>\n<ul><\/ul>\n<p>[\/et_pb_accordion_item][et_pb_accordion_item title=&#8221;14 maggio \u2014 LABORATORIO: PERSONAL BRANDING &#038; LINKEDIN&#8221; _builder_version=&#8221;4.25.0&#8243; _module_preset=&#8221;default&#8221; global_colors_info=&#8221;{}&#8221; open=&#8221;off&#8221;]<\/p>\n<p><b>Ore 15:00 &#8211; 17:00<br \/><\/b><b>Sala Consiglio \u2013 Palazzo Battiferri &#8211; Via Saffi, 42<\/b><\/p>\n<p><strong><a href=\"https:\/\/www.eventbrite.it\/e\/biglietti-career-day-personal-branding-linkedin-1330741958019\" target=\"_blank\" rel=\"noopener\" title=\"[PRENOTA IL TUO POSTO]\">[PRENOTA IL TUO POSTO]<\/a><\/strong><b><\/b><\/p>\n<p><span style=\"font-weight: 400;\"><strong>Relatrice:<\/strong> Dott.ssa Carmen D\u2019Amico \u2013 Talent Acquisition &amp; Training Manager<\/span><\/p>\n<p><span style=\"font-weight: 400;\"><strong>Descrizione:<\/strong> <\/span><span style=\"font-weight: 400;\">Il workshop sul Personal Branding &amp; LinkedIn offrir\u00e0 preziose informazioni su come costruire e gestire un\u2019identit\u00e0 professionale online. I partecipanti impareranno strategie efficaci per migliorare la loro <\/span><span style=\"font-weight: 400;\">presenza su LinkedIn e aumentare le opportunit\u00e0 di carriera.<\/span><\/p>\n<p><span style=\"font-weight: 400;\">Cosa scoprirai:<\/span><\/p>\n<ul>\n<li><span style=\"font-weight: 400;\">come creare un personal brand forte e autentico,<\/span><\/li>\n<li style=\"font-weight: 400;\" aria-level=\"1\"><span style=\"font-weight: 400;\">tecniche per ottimizzare il profilo LinkedIn,<\/span><\/li>\n<li style=\"font-weight: 400;\" aria-level=\"1\"><span style=\"font-weight: 400;\">strategie per costruire e mantenere una rete di contatti professionali.<\/span><\/li>\n<\/ul>\n<p>[\/et_pb_accordion_item][\/et_pb_accordion][et_pb_icon font_icon=&#8221;&#x22;||divi||400&#8243; icon_color=&#8221;#E09900&#8243; _builder_version=&#8221;4.20.4&#8243; _module_preset=&#8221;default&#8221; global_colors_info=&#8221;{}&#8221;][\/et_pb_icon][\/et_pb_column][\/et_pb_row][\/et_pb_section][et_pb_section fb_built=&#8221;1&#8243; specialty=&#8221;on&#8221; admin_label=&#8221;Timeline&#8221; _builder_version=&#8221;4.20.4&#8243; background_color=&#8221;#8A8A8A&#8221; global_module=&#8221;255914&#8243; saved_tabs=&#8221;all&#8221; global_colors_info=&#8221;{}&#8221;][et_pb_column type=&#8221;1_3&#8243; _builder_version=&#8221;4.16&#8243; custom_padding=&#8221;|||&#8221; global_colors_info=&#8221;{}&#8221; custom_padding__hover=&#8221;|||&#8221;][et_pb_text _builder_version=&#8221;4.25.0&#8243; text_font=&#8221;&#8211;et_global_heading_font|600|||||||&#8221; text_line_height=&#8221;1.8em&#8221; header_font=&#8221;&#8211;et_global_heading_font|700||on|||||&#8221; header_font_size=&#8221;35px&#8221; header_2_font=&#8221;Montserrat|500||on|||||&#8221; header_2_font_size=&#8221;80px&#8221; header_4_font=&#8221;Montserrat|600|||||||&#8221; header_4_text_color=&#8221;#005092&#8243; header_4_line_height=&#8221;1.4em&#8221; background_layout=&#8221;dark&#8221; header_2_font_size_tablet=&#8221;60px&#8221; header_2_font_size_phone=&#8221;35px&#8221; header_2_font_size_last_edited=&#8221;on|phone&#8221; header_4_font_size_tablet=&#8221;20px&#8221; header_4_font_size_phone=&#8221;14px&#8221; header_4_font_size_last_edited=&#8221;on|phone&#8221; locked=&#8221;off&#8221; global_colors_info=&#8221;{}&#8221;]<\/p>\n<h1>Incontra le Aziende<\/h1>\n<p>[\/et_pb_text][et_pb_text _builder_version=&#8221;4.25.0&#8243; _module_preset=&#8221;default&#8221; text_font=&#8221;||||||||&#8221; text_font_size=&#8221;18px&#8221; background_layout=&#8221;dark&#8221; global_colors_info=&#8221;{}&#8221;]<\/p>\n<p>Un colloquio con le aziende <strong>aiuta a comprendere le aspettative degli altri e spinge ad analizzare se stessi<\/strong>, a valutare quali competenze professionali valorizzare e quali necessitano di ulteriore approfondimento.<\/p>\n<p>Incontrarsi e confrontarsi con le aziende <strong>\u00e8 un investimento per la propria carriera<\/strong>, ma ha anche un valore prezioso per la formazione della personalit\u00e0.<\/p>\n<p>[\/et_pb_text][\/et_pb_column][et_pb_column type=&#8221;2_3&#8243; specialty_columns=&#8221;2&#8243; _builder_version=&#8221;4.16&#8243; custom_padding=&#8221;|||&#8221; global_colors_info=&#8221;{}&#8221; custom_padding__hover=&#8221;|||&#8221;][et_pb_row_inner _builder_version=&#8221;4.16&#8243; custom_padding=&#8221;|||30px|false|false&#8221; border_color_all=&#8221;#FFFFFF&#8221; border_width_left=&#8221;2px&#8221; global_colors_info=&#8221;{}&#8221;][et_pb_column_inner saved_specialty_column_type=&#8221;2_3&#8243; _builder_version=&#8221;4.16&#8243; global_colors_info=&#8221;{}&#8221;][et_pb_blurb title=&#8221;15 MAGGIO 2025 DALLE 9:30 ALLE ORE 17:30&#8243; use_icon=&#8221;on&#8221; font_icon=&#8221;&#x5e;||divi||400&#8243; icon_color=&#8221;#FFFFFF&#8221; image_icon_background_color=&#8221;RGBA(255,255,255,0)&#8221; icon_placement=&#8221;left&#8221; image_icon_width=&#8221;40px&#8221; content_max_width=&#8221;100%&#8221; _builder_version=&#8221;4.25.0&#8243; header_level=&#8221;h3&#8243; header_font=&#8221;|800||on|||||&#8221; header_text_align=&#8221;left&#8221; header_text_color=&#8221;#FFFFFF&#8221; header_line_height=&#8221;1.4em&#8221; body_font=&#8221;|700||on|||||&#8221; body_text_align=&#8221;left&#8221; body_text_color=&#8221;#FFFFFF&#8221; body_font_size=&#8221;18px&#8221; body_line_height=&#8221;1.4em&#8221; background_layout=&#8221;dark&#8221; custom_margin=&#8221;|||-51px|false|false&#8221; body_font_size_tablet=&#8221;18px&#8221; body_font_size_phone=&#8221;16px&#8221; body_font_size_last_edited=&#8221;on|desktop&#8221; icon_font_size=&#8221;40px&#8221; locked=&#8221;off&#8221; global_colors_info=&#8221;{}&#8221;][\/et_pb_blurb][et_pb_text _builder_version=&#8221;4.25.0&#8243; _module_preset=&#8221;default&#8221; text_font=&#8221;&#8211;et_global_body_font||||||||&#8221; text_font_size=&#8221;20px&#8221; background_layout=&#8221;dark&#8221; global_colors_info=&#8221;{}&#8221;]<\/p>\n<p><strong>Gioved\u00ec 15 maggio 2025<\/strong>\u00a0potrai incontrare le aziende che parteciperanno al Career Day e sostenere il tuo colloquio presso il <strong>Collegio Raffaello <\/strong>in Piazza della Repubblica, 13 a Urbino.<\/p>\n<p>[\/et_pb_text][et_pb_button button_url=&#8221;https:\/\/placement.uniurb.it\/lau\/eventi\/evento\/1399\/&#8221; url_new_window=&#8221;on&#8221; button_text=&#8221;PARTECIPA E INVIA LA TUA CANDIDATURA&#8221; _builder_version=&#8221;4.25.0&#8243; _module_preset=&#8221;default&#8221; custom_button=&#8221;on&#8221; button_text_size=&#8221;16px&#8221; button_text_color=&#8221;#FFFFFF&#8221; button_border_width=&#8221;2px&#8221; button_border_radius=&#8221;10px&#8221; background_layout=&#8221;dark&#8221; global_colors_info=&#8221;{}&#8221;][\/et_pb_button][et_pb_text disabled_on=&#8221;on|on|on&#8221; _builder_version=&#8221;4.25.0&#8243; _module_preset=&#8221;default&#8221; text_font_size=&#8221;16px&#8221; header_font=&#8221;&#8211;et_global_body_font|700|||||||&#8221; background_color=&#8221;RGBA(255,255,255,0)&#8221; background_layout=&#8221;dark&#8221; link_option_url=&#8221;https:\/\/wom.social\/home&#8221; link_option_url_new_window=&#8221;on&#8221; disabled=&#8221;on&#8221; global_colors_info=&#8221;{}&#8221;]<\/p>\n<p><span style=\"font-weight: 400;\">Guadagna <\/span><b>WOM<\/b><span style=\"font-weight: 400;\"> partecipando al Career Day. Usa l&#8217;APP e raccogli i voucher ad ogni stand aziendale che visiterai. Per informazioni: <span style=\"text-decoration: underline;\"><strong><span style=\"color: #ffffff;\"><a href=\"https:\/\/wom.social\/home\" target=\"_blank\" rel=\"noopener\" title=\"Wom Social \" style=\"color: #ffffff; text-decoration: underline;\">https:\/\/wom.social<\/a><\/span><\/strong><\/span><\/span><\/p>\n<p>[\/et_pb_text][et_pb_text _builder_version=&#8221;4.25.0&#8243; _module_preset=&#8221;default&#8221; text_font=&#8221;&#8211;et_global_heading_font||||||||&#8221; text_font_size=&#8221;18px&#8221; background_color=&#8221;RGBA(255,255,255,0)&#8221; background_layout=&#8221;dark&#8221; link_option_url=&#8221;https:\/\/wom.social\/home&#8221; link_option_url_new_window=&#8221;on&#8221; global_colors_info=&#8221;{}&#8221;]<\/p>\n<h3><strong>Stand Sala Raffaello<\/strong><\/h3>\n<ul>\n<li style=\"font-weight: 400;\" aria-level=\"1\"><span style=\"font-weight: 400;\">AETNA GROUP\u00a0<\/span><\/li>\n<li style=\"font-weight: 400;\" aria-level=\"1\"><span style=\"font-weight: 400;\">BENELLI ARMI\u00a0<\/span><\/li>\n<li style=\"font-weight: 400;\" aria-level=\"1\"><span style=\"font-weight: 400;\">BIESSE<\/span><\/li>\n<li style=\"font-weight: 400;\" aria-level=\"1\"><span style=\"font-weight: 400;\">CLEMENTONI\u00a0<\/span><\/li>\n<li style=\"font-weight: 400;\" aria-level=\"1\"><span style=\"font-weight: 400;\">DEV4SIDE SOFTWARE<\/span><\/li>\n<li style=\"font-weight: 400;\" aria-level=\"1\"><span style=\"font-weight: 400;\">FAB<\/span><\/li>\n<li style=\"font-weight: 400;\" aria-level=\"1\"><span style=\"font-weight: 400;\">GI GROUP<\/span><\/li>\n<li style=\"font-weight: 400;\" aria-level=\"1\"><span style=\"font-weight: 400;\">GRUPPO ANDREANI<\/span><\/li>\n<li style=\"font-weight: 400;\" aria-level=\"1\"><span style=\"font-weight: 400;\">GRUPPO BCC ICCREA<\/span><\/li>\n<li style=\"font-weight: 400;\" aria-level=\"1\"><span style=\"font-weight: 400;\">GRUPPO TEDDY<\/span><\/li>\n<li style=\"font-weight: 400;\" aria-level=\"1\"><span style=\"font-weight: 400;\">IFI<\/span><\/li>\n<li style=\"font-weight: 400;\" aria-level=\"1\"><span style=\"font-weight: 400;\">IMAB\u00a0<\/span><\/li>\n<li style=\"font-weight: 400;\" aria-level=\"1\"><span style=\"font-weight: 400;\">IMAR<\/span><\/li>\n<li style=\"font-weight: 400;\" aria-level=\"1\"><span style=\"font-weight: 400;\">IT CONSULT<\/span><\/li>\n<li style=\"font-weight: 400;\" aria-level=\"1\"><span style=\"font-weight: 400;\">KEMON\u00a0<\/span><\/li>\n<li style=\"font-weight: 400;\" aria-level=\"1\"><span style=\"font-weight: 400;\">PASSEPARTOUT\u00a0<\/span><\/li>\n<li style=\"font-weight: 400;\" aria-level=\"1\"><span style=\"font-weight: 400;\">PLUSERVICE\u00a0<\/span><\/li>\n<li style=\"font-weight: 400;\" aria-level=\"1\"><span style=\"font-weight: 400;\">PROFILGLASS<\/span><\/li>\n<li style=\"font-weight: 400;\" aria-level=\"1\"><span style=\"font-weight: 400;\">RENCO\u00a0<\/span><\/li>\n<li style=\"font-weight: 400;\" aria-level=\"1\"><span style=\"font-weight: 400;\">RIVACOLD<\/span><\/li>\n<li style=\"font-weight: 400;\" aria-level=\"1\"><span style=\"font-weight: 400;\">SAIPEM<\/span><\/li>\n<li style=\"font-weight: 400;\" aria-level=\"1\"><span style=\"font-weight: 400;\">SCHNELL<\/span><\/li>\n<li style=\"font-weight: 400;\" aria-level=\"1\"><span style=\"font-weight: 400;\">SINERGIA CONSULENZE &#8211; SINERGIA EPC\u00a0<\/span><\/li>\n<li style=\"font-weight: 400;\" aria-level=\"1\"><span style=\"font-weight: 400;\">SYSTEM GROUP<\/span><\/li>\n<li style=\"font-weight: 400;\" aria-level=\"1\"><span style=\"font-weight: 400;\">T.EN ITALY SOLUTIONS\u00a0<\/span><\/li>\n<li style=\"font-weight: 400;\" aria-level=\"1\"><span style=\"font-weight: 400;\">UMANA<\/span><\/li>\n<li style=\"font-weight: 400;\" aria-level=\"1\"><span style=\"font-weight: 400;\">VALMEX <\/span><\/li>\n<\/ul>\n<h3><strong>Stand Corridoio<\/strong><\/h3>\n<ul>\n<li style=\"font-weight: 400;\" aria-level=\"1\"><span style=\"font-weight: 400;\">SEGRETERIA CAREER DAY<\/span><\/li>\n<li style=\"font-weight: 400;\" aria-level=\"1\"><span style=\"font-weight: 400;\">CDE &#8211; EUROPE DIRECT REGIONE MARCHE<\/span><\/li>\n<li style=\"font-weight: 400;\" aria-level=\"1\"><span style=\"font-weight: 400;\">CENTRO PER L&#8217;IMPIEGO<\/span><\/li>\n<li style=\"font-weight: 400;\" aria-level=\"1\"><span style=\"font-weight: 400;\">DOTTORATI DI RICERCA UNIURB<\/span><\/li>\n<li style=\"font-weight: 400;\" aria-level=\"1\"><span style=\"font-weight: 400;\">EURES &#8211; ASSOCIAZIONE VICOLO CORTO<\/span><\/li>\n<li style=\"font-weight: 400;\" aria-level=\"1\"><span style=\"font-weight: 400;\">POLIZIA DI STATO<\/span><\/li>\n<\/ul>\n<h3><strong>Stand Sala Incisori Urbinati<\/strong><\/h3>\n<ul>\n<li style=\"font-weight: 400;\" aria-level=\"1\"><span style=\"font-weight: 400;\">ADV MEDIA LAB\u00a0<\/span><\/li>\n<li style=\"font-weight: 400;\" aria-level=\"1\"><span style=\"font-weight: 400;\">ALI<\/span><\/li>\n<li style=\"font-weight: 400;\" aria-level=\"1\"><span style=\"font-weight: 400;\">CENTRALGARAGE<\/span><\/li>\n<li style=\"font-weight: 400;\" aria-level=\"1\"><span style=\"font-weight: 400;\">CONFINDUSTRIA JOB<\/span><\/li>\n<li style=\"font-weight: 400;\" aria-level=\"1\"><span style=\"font-weight: 400;\">CRAINOX<\/span><\/li>\n<li style=\"font-weight: 400;\" aria-level=\"1\"><span style=\"font-weight: 400;\">FIDEURAM PRIVATE BANKER<\/span><\/li>\n<li style=\"font-weight: 400;\" aria-level=\"1\"><span style=\"font-weight: 400;\">GENERALI ASSICURAZIONI<\/span><\/li>\n<li style=\"font-weight: 400;\" aria-level=\"1\"><span style=\"font-weight: 400;\">ITAS MUTUA ASSICURAZIONI<\/span><\/li>\n<li style=\"font-weight: 400;\" aria-level=\"1\"><span style=\"font-weight: 400;\">LC\u00a0<\/span><\/li>\n<li style=\"font-weight: 400;\" aria-level=\"1\"><span style=\"font-weight: 400;\">MANPOWER\u00a0<\/span><\/li>\n<li style=\"font-weight: 400;\" aria-level=\"1\"><span style=\"font-weight: 400;\">PHOTOS\u00cc\u00a0<\/span><\/li>\n<li style=\"font-weight: 400;\" aria-level=\"1\"><span style=\"font-weight: 400;\">STE &#8211; SANITIZING TECHNOLOGIES AND EQUIPMENTS<\/span><\/li>\n<\/ul>\n<p>[\/et_pb_text][\/et_pb_column_inner][\/et_pb_row_inner][\/et_pb_column][\/et_pb_section]<\/p>\n","protected":false},"excerpt":{"rendered":"<p>Il Career Day rappresenta l\u2019occasione perfetta per mettere a fuoco le tue aspirazioni lavorative e investire nella tua crescita professionale e personale. Questo evento ti offre l\u2019opportunit\u00e0 di incontrare professionisti del settore e confrontarti con loro per comprendere le aspettative del mondo del lavoro e acquisire nuove competenze.<\/p>\n","protected":false},"author":1,"featured_media":0,"parent":0,"menu_order":0,"comment_status":"closed","ping_status":"closed","template":"","meta":{"_et_pb_use_builder":"on","_et_pb_old_content":"","_et_gb_content_width":"","footnotes":""},"class_list":["post-256813","page","type-page","status-publish","hentry"],"yoast_head":"<!-- This site is optimized with the Yoast SEO plugin v20.5 - https:\/\/yoast.com\/wordpress\/plugins\/seo\/ -->\n<title>Career Day * Spring Edition 2025 - Career Day \u2014 Universit\u00e0 degli Studi di Urbino Carlo Bo<\/title>\n<meta name=\"description\" content=\"Il Career Day rappresenta l\u2019occasione perfetta per mettere a fuoco le tue aspirazioni lavorative e investire nella tua crescita professionale e personale. Questo evento ti offre l\u2019opportunit\u00e0 di incontrare professionisti del settore e confrontarti con loro per comprendere le aspettative del mondo del lavoro e acquisire nuove competenze.\" \/>\n<meta name=\"robots\" content=\"index, follow, max-snippet:-1, max-image-preview:large, max-video-preview:-1\" \/>\n<link rel=\"canonical\" href=\"https:\/\/hello.uniurb.it\/careerday\/career-day-spring-edition-2025\/\" \/>\n<meta property=\"og:locale\" content=\"it_IT\" \/>\n<meta property=\"og:type\" content=\"article\" \/>\n<meta property=\"og:title\" content=\"Career Day | Spring Edition | dal 9 al 16 maggio\" \/>\n<meta property=\"og:description\" content=\"Il Career Day rappresenta l\u2019occasione perfetta per mettere a fuoco le tue aspirazioni lavorative e investire nella tua crescita professionale e personale. Questo evento ti offre l\u2019opportunit\u00e0 di incontrare professionisti del settore e confrontarti con loro per comprendere le aspettative del mondo del lavoro e acquisire nuove competenze.\" \/>\n<meta property=\"og:url\" content=\"https:\/\/hello.uniurb.it\/careerday\/career-day-spring-edition-2025\/\" \/>\n<meta property=\"og:site_name\" content=\"Career Day \u2014 Universit\u00e0 degli Studi di Urbino Carlo Bo\" \/>\n<meta property=\"article:modified_time\" content=\"2025-04-29T08:32:54+00:00\" \/>\n<meta property=\"og:image\" content=\"https:\/\/hello.uniurb.it\/careerday\/wp-content\/uploads\/2022\/09\/careerday.jpg\" \/>\n\t<meta property=\"og:image:width\" content=\"1920\" \/>\n\t<meta property=\"og:image:height\" content=\"1280\" \/>\n\t<meta property=\"og:image:type\" content=\"image\/jpeg\" \/>\n<meta name=\"twitter:card\" content=\"summary_large_image\" \/>\n<meta name=\"twitter:title\" content=\"Career Day | Spring Edition | dal 9 al 16 maggio\" \/>\n<meta name=\"twitter:description\" content=\"Il Career Day rappresenta l\u2019occasione perfetta per mettere a fuoco le tue aspirazioni lavorative e investire nella tua crescita professionale e personale. Questo evento ti offre l\u2019opportunit\u00e0 di incontrare professionisti del settore e confrontarti con loro per comprendere le aspettative del mondo del lavoro e acquisire nuove competenze.\" \/>\n<meta name=\"twitter:image\" content=\"https:\/\/hello.uniurb.it\/careerday\/wp-content\/uploads\/2022\/09\/careerday.jpg\" \/>\n<meta name=\"twitter:label1\" content=\"Tempo di lettura stimato\" \/>\n\t<meta name=\"twitter:data1\" content=\"16 minuti\" \/>\n<script type=\"application\/ld+json\" class=\"yoast-schema-graph\">{\"@context\":\"https:\/\/schema.org\",\"@graph\":[{\"@type\":\"WebPage\",\"@id\":\"https:\/\/hello.uniurb.it\/careerday\/career-day-spring-edition-2025\/\",\"url\":\"https:\/\/hello.uniurb.it\/careerday\/career-day-spring-edition-2025\/\",\"name\":\"Career Day * Spring Edition 2025 - Career Day \u2014 Universit\u00e0 degli Studi di Urbino Carlo Bo\",\"isPartOf\":{\"@id\":\"https:\/\/hello.uniurb.it\/careerday\/#website\"},\"datePublished\":\"2025-04-18T14:09:31+00:00\",\"dateModified\":\"2025-04-29T08:32:54+00:00\",\"description\":\"Il Career Day rappresenta l\u2019occasione perfetta per mettere a fuoco le tue aspirazioni lavorative e investire nella tua crescita professionale e personale. Questo evento ti offre l\u2019opportunit\u00e0 di incontrare professionisti del settore e confrontarti con loro per comprendere le aspettative del mondo del lavoro e acquisire nuove competenze.\",\"breadcrumb\":{\"@id\":\"https:\/\/hello.uniurb.it\/careerday\/career-day-spring-edition-2025\/#breadcrumb\"},\"inLanguage\":\"it-IT\",\"potentialAction\":[{\"@type\":\"ReadAction\",\"target\":[\"https:\/\/hello.uniurb.it\/careerday\/career-day-spring-edition-2025\/\"]}]},{\"@type\":\"BreadcrumbList\",\"@id\":\"https:\/\/hello.uniurb.it\/careerday\/career-day-spring-edition-2025\/#breadcrumb\",\"itemListElement\":[{\"@type\":\"ListItem\",\"position\":1,\"name\":\"Home\",\"item\":\"https:\/\/hello.uniurb.it\/careerday\/\"},{\"@type\":\"ListItem\",\"position\":2,\"name\":\"Career Day * Spring Edition 2025\"}]},{\"@type\":\"WebSite\",\"@id\":\"https:\/\/hello.uniurb.it\/careerday\/#website\",\"url\":\"https:\/\/hello.uniurb.it\/careerday\/\",\"name\":\"Career Day \u2014 Universit\u00e0 degli Studi di Urbino Carlo Bo\",\"description\":\"Il Career Day \u00e8 il pi\u00f9 importante momento d\u2019incontro tra l\u2019Universit\u00e0 di Urbino e il mondo del lavoro.\",\"potentialAction\":[{\"@type\":\"SearchAction\",\"target\":{\"@type\":\"EntryPoint\",\"urlTemplate\":\"https:\/\/hello.uniurb.it\/careerday\/?s={search_term_string}\"},\"query-input\":\"required name=search_term_string\"}],\"inLanguage\":\"it-IT\"}]}<\/script>\n<!-- \/ Yoast SEO plugin. -->","yoast_head_json":{"title":"Career Day * Spring Edition 2025 - Career Day \u2014 Universit\u00e0 degli Studi di Urbino Carlo Bo","description":"Il Career Day rappresenta l\u2019occasione perfetta per mettere a fuoco le tue aspirazioni lavorative e investire nella tua crescita professionale e personale. Questo evento ti offre l\u2019opportunit\u00e0 di incontrare professionisti del settore e confrontarti con loro per comprendere le aspettative del mondo del lavoro e acquisire nuove competenze.","robots":{"index":"index","follow":"follow","max-snippet":"max-snippet:-1","max-image-preview":"max-image-preview:large","max-video-preview":"max-video-preview:-1"},"canonical":"https:\/\/hello.uniurb.it\/careerday\/career-day-spring-edition-2025\/","og_locale":"it_IT","og_type":"article","og_title":"Career Day | Spring Edition | dal 9 al 16 maggio","og_description":"Il Career Day rappresenta l\u2019occasione perfetta per mettere a fuoco le tue aspirazioni lavorative e investire nella tua crescita professionale e personale. Questo evento ti offre l\u2019opportunit\u00e0 di incontrare professionisti del settore e confrontarti con loro per comprendere le aspettative del mondo del lavoro e acquisire nuove competenze.","og_url":"https:\/\/hello.uniurb.it\/careerday\/career-day-spring-edition-2025\/","og_site_name":"Career Day \u2014 Universit\u00e0 degli Studi di Urbino Carlo Bo","article_modified_time":"2025-04-29T08:32:54+00:00","og_image":[{"width":1920,"height":1280,"url":"https:\/\/hello.uniurb.it\/careerday\/wp-content\/uploads\/2022\/09\/careerday.jpg","type":"image\/jpeg"}],"twitter_card":"summary_large_image","twitter_title":"Career Day | Spring Edition | dal 9 al 16 maggio","twitter_description":"Il Career Day rappresenta l\u2019occasione perfetta per mettere a fuoco le tue aspirazioni lavorative e investire nella tua crescita professionale e personale. Questo evento ti offre l\u2019opportunit\u00e0 di incontrare professionisti del settore e confrontarti con loro per comprendere le aspettative del mondo del lavoro e acquisire nuove competenze.","twitter_image":"https:\/\/hello.uniurb.it\/careerday\/wp-content\/uploads\/2022\/09\/careerday.jpg","twitter_misc":{"Tempo di lettura stimato":"16 minuti"},"schema":{"@context":"https:\/\/schema.org","@graph":[{"@type":"WebPage","@id":"https:\/\/hello.uniurb.it\/careerday\/career-day-spring-edition-2025\/","url":"https:\/\/hello.uniurb.it\/careerday\/career-day-spring-edition-2025\/","name":"Career Day * Spring Edition 2025 - Career Day \u2014 Universit\u00e0 degli Studi di Urbino Carlo Bo","isPartOf":{"@id":"https:\/\/hello.uniurb.it\/careerday\/#website"},"datePublished":"2025-04-18T14:09:31+00:00","dateModified":"2025-04-29T08:32:54+00:00","description":"Il Career Day rappresenta l\u2019occasione perfetta per mettere a fuoco le tue aspirazioni lavorative e investire nella tua crescita professionale e personale. Questo evento ti offre l\u2019opportunit\u00e0 di incontrare professionisti del settore e confrontarti con loro per comprendere le aspettative del mondo del lavoro e acquisire nuove competenze.","breadcrumb":{"@id":"https:\/\/hello.uniurb.it\/careerday\/career-day-spring-edition-2025\/#breadcrumb"},"inLanguage":"it-IT","potentialAction":[{"@type":"ReadAction","target":["https:\/\/hello.uniurb.it\/careerday\/career-day-spring-edition-2025\/"]}]},{"@type":"BreadcrumbList","@id":"https:\/\/hello.uniurb.it\/careerday\/career-day-spring-edition-2025\/#breadcrumb","itemListElement":[{"@type":"ListItem","position":1,"name":"Home","item":"https:\/\/hello.uniurb.it\/careerday\/"},{"@type":"ListItem","position":2,"name":"Career Day * Spring Edition 2025"}]},{"@type":"WebSite","@id":"https:\/\/hello.uniurb.it\/careerday\/#website","url":"https:\/\/hello.uniurb.it\/careerday\/","name":"Career Day \u2014 Universit\u00e0 degli Studi di Urbino Carlo Bo","description":"Il Career Day \u00e8 il pi\u00f9 importante momento d\u2019incontro tra l\u2019Universit\u00e0 di Urbino e il mondo del lavoro.","potentialAction":[{"@type":"SearchAction","target":{"@type":"EntryPoint","urlTemplate":"https:\/\/hello.uniurb.it\/careerday\/?s={search_term_string}"},"query-input":"required name=search_term_string"}],"inLanguage":"it-IT"}]}},"_links":{"self":[{"href":"https:\/\/hello.uniurb.it\/careerday\/wp-json\/wp\/v2\/pages\/256813","targetHints":{"allow":["GET"]}}],"collection":[{"href":"https:\/\/hello.uniurb.it\/careerday\/wp-json\/wp\/v2\/pages"}],"about":[{"href":"https:\/\/hello.uniurb.it\/careerday\/wp-json\/wp\/v2\/types\/page"}],"author":[{"embeddable":true,"href":"https:\/\/hello.uniurb.it\/careerday\/wp-json\/wp\/v2\/users\/1"}],"replies":[{"embeddable":true,"href":"https:\/\/hello.uniurb.it\/careerday\/wp-json\/wp\/v2\/comments?post=256813"}],"version-history":[{"count":7,"href":"https:\/\/hello.uniurb.it\/careerday\/wp-json\/wp\/v2\/pages\/256813\/revisions"}],"predecessor-version":[{"id":256843,"href":"https:\/\/hello.uniurb.it\/careerday\/wp-json\/wp\/v2\/pages\/256813\/revisions\/256843"}],"wp:attachment":[{"href":"https:\/\/hello.uniurb.it\/careerday\/wp-json\/wp\/v2\/media?parent=256813"}],"curies":[{"name":"wp","href":"https:\/\/api.w.org\/{rel}","templated":true}]}}